{"id":33839,"date":"2026-05-26T14:05:42","date_gmt":"2026-05-26T12:05:42","guid":{"rendered":"https:\/\/calviadeportes.com\/evento\/junior-challenge-mallorca\/"},"modified":"2026-08-18T10:43:17","modified_gmt":"2026-08-18T08:43:17","slug":"junior-challenge-mallorca","status":"publish","type":"tribe_events","link":"https:\/\/calviadeportes.com\/en\/evento\/junior-challenge-mallorca\/","title":{"rendered":"Junior Challenge Mallorca"},"content":{"rendered":"<a href=\"https:\/\/challenge-mallorca.com\/junior-chmallorca\/\" target=\"_blank\" style='font-size: 14px;' class=\"button vamtam-button accent1  button-filled hover-accent2 \"><span class=\"btext\">REGISTRATION<\/span><\/a>\n<div class=\" vc_custom_1611749955410\">\n<div id=\"text-block-5\" class=\"mk-text-block jupiter-donut- \">\n<p>The Junior Challenge Mallorca is for children from 0 to 15 years old. The race is part of the\u00a0<a href=\"https:\/\/challenge-mallorca.com\/event-schedule\/\">programme of parallel events<\/a>\u00a0of the Challenge Peguera Mallorca triathlon. For the first 250 registered participants there will be a free cap.<\/p>\n<p><b>Start:\u00a0<\/b>Friday\u00a016th October,\u00a017.30h<\/p>\n<p><strong>BIB numbers\u00a0 pick up:<\/strong><\/p>\n<ul>\n<li>Thursday 15th October from 3pm to 8pm at CPM Registration.<\/li>\n<li>Friday 16th October from 10am to 4pm at the CPM Registration Office<\/li>\n<li>Friday 16th October from 4.30pm to 5.30 pm at Junior Challenge start line<\/li>\n<\/ul>\n<p><b>Place:\u00a0<\/b><a href=\"https:\/\/www.google.com\/maps\/d\/viewer?mid=1ST3zdBc4trB8ox604bgM0NmlXEs&amp;ll=39.53786941953527%2C2.454881099999966&amp;z=17\" target=\"_blank\" rel=\"noopener noreferrer\">Plaza Tor\u00e0, Meta<\/a><\/p>\n<p><b>Registration fee: 1 \u20ac\u00a0<\/b>(All money raised from the registration fees for this race will be donated to a local organisation that runs community development projects).<\/p>\n<p><strong>Categories (BY AGES)<\/strong><\/p>\n<p>The running circuit of the Junior Challenge Mallorca runs along the boulevard of\u00a0<a href=\"https:\/\/challenge-mallorca.com\/mallorca-peguera\/\">Peguera<\/a>\u00a0with start and finish near the finish line CHMALLORCA, on the\u00a0<a href=\"https:\/\/www.google.com\/maps\/d\/viewer?mid=1ST3zdBc4trB8ox604bgM0NmlXEs&amp;ll=39.53786941953527%2C2.454881099999966&amp;z=17\" target=\"_blank\" rel=\"noopener noreferrer\">Plaza de Tor\u00e0<\/a>\u00a0. The circuit will be completely closed to traffic.<\/p>\n<\/div>\n<\/div>\n<div class=\" vc_custom_1574415947560\">\n<a href=\"https:\/\/challenge-mallorca.com\/junior-chmallorca\/\" target=\"_blank\" style='font-size: 14px;' class=\"button vamtam-button accent1  button-filled hover-accent2 \"><span class=\"btext\">REGISTRATION<\/span><\/a>\n<div class=\" vc_custom_1611749955410\">\n<div id=\"text-block-5\" class=\"mk-text-block jupiter-donut- \">\n<p><img data-recalc-dims=\"1\" loading=\"lazy\" decoding=\"async\" data-attachment-id=\"34858\" data-permalink=\"https:\/\/calviadeportes.com\/en\/evento\/junior-challenge-mallorca\/chj-en\/\" data-orig-file=\"https:\/\/i0.wp.com\/calviadeportes.com\/wp-content\/uploads\/2026\/05\/CHJ-EN.png?fit=1428%2C2000&amp;ssl=1\" data-orig-size=\"1428,2000\" data-comments-opened=\"1\" data-image-meta=\"{&quot;aperture&quot;:&quot;0&quot;,&quot;credit&quot;:&quot;&quot;,&quot;camera&quot;:&quot;&quot;,&quot;caption&quot;:&quot;&quot;,&quot;created_timestamp&quot;:&quot;0&quot;,&quot;copyright&quot;:&quot;&quot;,&quot;focal_length&quot;:&quot;0&quot;,&quot;iso&quot;:&quot;0&quot;,&quot;shutter_speed&quot;:&quot;0&quot;,&quot;title&quot;:&quot;&quot;,&quot;orientation&quot;:&quot;0&quot;,&quot;alt&quot;:&quot;&quot;}\" data-image-title=\"CHJ-EN\" data-image-description=\"\" data-image-caption=\"\" data-large-file=\"https:\/\/i0.wp.com\/calviadeportes.com\/wp-content\/uploads\/2026\/05\/CHJ-EN.png?fit=731%2C1024&amp;ssl=1\" class=\"alignnone wp-image-34858 size-large\" src=\"https:\/\/i0.wp.com\/calviadeportes.com\/wp-content\/uploads\/2026\/05\/CHJ-EN-731x1024.png?resize=731%2C1024&#038;ssl=1\" alt=\"\" width=\"731\" height=\"1024\" srcset=\"https:\/\/i0.wp.com\/calviadeportes.com\/wp-content\/uploads\/2026\/05\/CHJ-EN.png?resize=731%2C1024&amp;ssl=1 731w, https:\/\/i0.wp.com\/calviadeportes.com\/wp-content\/uploads\/2026\/05\/CHJ-EN.png?resize=214%2C300&amp;ssl=1 214w, https:\/\/i0.wp.com\/calviadeportes.com\/wp-content\/uploads\/2026\/05\/CHJ-EN.png?resize=768%2C1076&amp;ssl=1 768w, https:\/\/i0.wp.com\/calviadeportes.com\/wp-content\/uploads\/2026\/05\/CHJ-EN.png?resize=1097%2C1536&amp;ssl=1 1097w, https:\/\/i0.wp.com\/calviadeportes.com\/wp-content\/uploads\/2026\/05\/CHJ-EN.png?resize=1260%2C1765&amp;ssl=1 1260w, https:\/\/i0.wp.com\/calviadeportes.com\/wp-content\/uploads\/2026\/05\/CHJ-EN.png?resize=615%2C861&amp;ssl=1 615w, https:\/\/i0.wp.com\/calviadeportes.com\/wp-content\/uploads\/2026\/05\/CHJ-EN.png?resize=400%2C560&amp;ssl=1 400w, https:\/\/i0.wp.com\/calviadeportes.com\/wp-content\/uploads\/2026\/05\/CHJ-EN.png?resize=292%2C409&amp;ssl=1 292w, https:\/\/i0.wp.com\/calviadeportes.com\/wp-content\/uploads\/2026\/05\/CHJ-EN.png?w=1428&amp;ssl=1 1428w\" sizes=\"auto, (max-width: 731px) 100vw, 731px\" \/><\/p>\n<\/div>\n<\/div>\n<\/div>\n","protected":false},"excerpt":{"rendered":"<p>The Junior Challenge Mallorca Run is a fun-filled children&#8217;s running event for kids ages 0 to 15. Date: Friday, October 16, 2026 &#8211; Start time: 5:30 p.m.<\/p>\n","protected":false},"author":75162113,"featured_media":34858,"template":"","meta":{"_coblocks_attr":"","_coblocks_dimensions":"","_coblocks_responsive_height":"","_coblocks_accordion_ie_support":"","_tribe_events_status":"","_tribe_events_status_reason":"","footnotes":""},"tags":[],"tribe_events_cat":[],"class_list":["post-33839","tribe_events","type-tribe_events","status-publish","has-post-thumbnail","hentry"],"yoast_head":"<!-- This site is optimized with the Yoast SEO plugin v28.4 - https:\/\/yoast.com\/product\/yoast-seo-wordpress\/ -->\n<title>Junior Challenge Mallorca - Calvi\u00e0 sports<\/title>\n<meta name=\"robots\" content=\"index, follow, max-snippet:-1, max-image-preview:large, max-video-preview:-1\" \/>\n<link rel=\"canonical\" href=\"https:\/\/calviadeportes.com\/en\/evento\/junior-challenge-mallorca\/\" \/>\n<meta property=\"og:locale\" content=\"en_US\" \/>\n<meta property=\"og:type\" content=\"article\" \/>\n<meta property=\"og:title\" content=\"Junior Challenge Mallorca - Calvi\u00e0 sports\" \/>\n<meta property=\"og:description\" content=\"The Junior Challenge Mallorca Run is a fun-filled children&#039;s running event for kids ages 0 to 15. Date: Friday, October 16, 2026 - Start time: 5:30 p.m.\" \/>\n<meta property=\"og:url\" content=\"https:\/\/calviadeportes.com\/en\/evento\/junior-challenge-mallorca\/\" \/>\n<meta property=\"og:site_name\" content=\"Calvi\u00e0 sports\" \/>\n<meta property=\"article:modified_time\" content=\"2026-08-18T08:43:17+00:00\" \/>\n<meta property=\"og:image\" content=\"https:\/\/calviadeportes.com\/wp-content\/uploads\/2026\/05\/CHJ-EN.png\" \/>\n\t<meta property=\"og:image:width\" content=\"1428\" \/>\n\t<meta property=\"og:image:height\" content=\"2000\" \/>\n\t<meta property=\"og:image:type\" content=\"image\/png\" \/>\n<meta name=\"twitter:card\" content=\"summary_large_image\" \/>\n<meta name=\"twitter:label1\" content=\"Est. reading time\" \/>\n\t<meta name=\"twitter:data1\" content=\"2 minutes\" \/>\n<script type=\"application\/ld+json\" class=\"yoast-schema-graph\">{\"@context\":\"https:\\\/\\\/schema.org\",\"@graph\":[{\"@type\":\"WebPage\",\"@id\":\"https:\\\/\\\/calviadeportes.com\\\/en\\\/evento\\\/junior-challenge-mallorca\\\/\",\"url\":\"https:\\\/\\\/calviadeportes.com\\\/en\\\/evento\\\/junior-challenge-mallorca\\\/\",\"name\":\"Junior Challenge Mallorca - Calvi\u00e0 sports\",\"isPartOf\":{\"@id\":\"https:\\\/\\\/calviadeportes.com\\\/en\\\/#website\"},\"primaryImageOfPage\":{\"@id\":\"https:\\\/\\\/calviadeportes.com\\\/en\\\/evento\\\/junior-challenge-mallorca\\\/#primaryimage\"},\"image\":{\"@id\":\"https:\\\/\\\/calviadeportes.com\\\/en\\\/evento\\\/junior-challenge-mallorca\\\/#primaryimage\"},\"thumbnailUrl\":\"https:\\\/\\\/i0.wp.com\\\/calviadeportes.com\\\/wp-content\\\/uploads\\\/2026\\\/05\\\/CHJ-EN.png?fit=1428%2C2000&ssl=1\",\"datePublished\":\"2026-05-26T12:05:42+00:00\",\"dateModified\":\"2026-08-18T08:43:17+00:00\",\"breadcrumb\":{\"@id\":\"https:\\\/\\\/calviadeportes.com\\\/en\\\/evento\\\/junior-challenge-mallorca\\\/#breadcrumb\"},\"inLanguage\":\"en-US\",\"potentialAction\":[{\"@type\":\"ReadAction\",\"target\":[\"https:\\\/\\\/calviadeportes.com\\\/en\\\/evento\\\/junior-challenge-mallorca\\\/\"]}]},{\"@type\":\"ImageObject\",\"inLanguage\":\"en-US\",\"@id\":\"https:\\\/\\\/calviadeportes.com\\\/en\\\/evento\\\/junior-challenge-mallorca\\\/#primaryimage\",\"url\":\"https:\\\/\\\/i0.wp.com\\\/calviadeportes.com\\\/wp-content\\\/uploads\\\/2026\\\/05\\\/CHJ-EN.png?fit=1428%2C2000&ssl=1\",\"contentUrl\":\"https:\\\/\\\/i0.wp.com\\\/calviadeportes.com\\\/wp-content\\\/uploads\\\/2026\\\/05\\\/CHJ-EN.png?fit=1428%2C2000&ssl=1\",\"width\":1428,\"height\":2000},{\"@type\":\"BreadcrumbList\",\"@id\":\"https:\\\/\\\/calviadeportes.com\\\/en\\\/evento\\\/junior-challenge-mallorca\\\/#breadcrumb\",\"itemListElement\":[{\"@type\":\"ListItem\",\"position\":1,\"name\":\"Portada\",\"item\":\"https:\\\/\\\/calviadeportes.com\\\/en\\\/\"},{\"@type\":\"ListItem\",\"position\":2,\"name\":\"Events\",\"item\":\"https:\\\/\\\/calviadeportes.com\\\/en\\\/eventos\\\/\"},{\"@type\":\"ListItem\",\"position\":3,\"name\":\"Junior Challenge Mallorca\"}]},{\"@type\":\"WebSite\",\"@id\":\"https:\\\/\\\/calviadeportes.com\\\/en\\\/#website\",\"url\":\"https:\\\/\\\/calviadeportes.com\\\/en\\\/\",\"name\":\"Calvi\u00e0 sports\",\"description\":\"ICE Calvi\u00e0 | Ayuntamiento de Calvi\u00e0\",\"potentialAction\":[{\"@type\":\"SearchAction\",\"target\":{\"@type\":\"EntryPoint\",\"urlTemplate\":\"https:\\\/\\\/calviadeportes.com\\\/en\\\/?s={search_term_string}\"},\"query-input\":{\"@type\":\"PropertyValueSpecification\",\"valueRequired\":true,\"valueName\":\"search_term_string\"}}],\"inLanguage\":\"en-US\"}]}<\/script>\n<!-- \/ Yoast SEO plugin. -->","yoast_head_json":{"title":"Junior Challenge Mallorca - Calvi\u00e0 sports","robots":{"index":"index","follow":"follow","max-snippet":"max-snippet:-1","max-image-preview":"max-image-preview:large","max-video-preview":"max-video-preview:-1"},"canonical":"https:\/\/calviadeportes.com\/en\/evento\/junior-challenge-mallorca\/","og_locale":"en_US","og_type":"article","og_title":"Junior Challenge Mallorca - Calvi\u00e0 sports","og_description":"The Junior Challenge Mallorca Run is a fun-filled children's running event for kids ages 0 to 15. Date: Friday, October 16, 2026 - Start time: 5:30 p.m.","og_url":"https:\/\/calviadeportes.com\/en\/evento\/junior-challenge-mallorca\/","og_site_name":"Calvi\u00e0 sports","article_modified_time":"2026-08-18T08:43:17+00:00","og_image":[{"width":1428,"height":2000,"url":"https:\/\/calviadeportes.com\/wp-content\/uploads\/2026\/05\/CHJ-EN.png","type":"image\/png"}],"twitter_card":"summary_large_image","twitter_misc":{"Est. reading time":"2 minutes"},"schema":{"@context":"https:\/\/schema.org","@graph":[{"@type":"WebPage","@id":"https:\/\/calviadeportes.com\/en\/evento\/junior-challenge-mallorca\/","url":"https:\/\/calviadeportes.com\/en\/evento\/junior-challenge-mallorca\/","name":"Junior Challenge Mallorca - Calvi\u00e0 sports","isPartOf":{"@id":"https:\/\/calviadeportes.com\/en\/#website"},"primaryImageOfPage":{"@id":"https:\/\/calviadeportes.com\/en\/evento\/junior-challenge-mallorca\/#primaryimage"},"image":{"@id":"https:\/\/calviadeportes.com\/en\/evento\/junior-challenge-mallorca\/#primaryimage"},"thumbnailUrl":"https:\/\/i0.wp.com\/calviadeportes.com\/wp-content\/uploads\/2026\/05\/CHJ-EN.png?fit=1428%2C2000&ssl=1","datePublished":"2026-05-26T12:05:42+00:00","dateModified":"2026-08-18T08:43:17+00:00","breadcrumb":{"@id":"https:\/\/calviadeportes.com\/en\/evento\/junior-challenge-mallorca\/#breadcrumb"},"inLanguage":"en-US","potentialAction":[{"@type":"ReadAction","target":["https:\/\/calviadeportes.com\/en\/evento\/junior-challenge-mallorca\/"]}]},{"@type":"ImageObject","inLanguage":"en-US","@id":"https:\/\/calviadeportes.com\/en\/evento\/junior-challenge-mallorca\/#primaryimage","url":"https:\/\/i0.wp.com\/calviadeportes.com\/wp-content\/uploads\/2026\/05\/CHJ-EN.png?fit=1428%2C2000&ssl=1","contentUrl":"https:\/\/i0.wp.com\/calviadeportes.com\/wp-content\/uploads\/2026\/05\/CHJ-EN.png?fit=1428%2C2000&ssl=1","width":1428,"height":2000},{"@type":"BreadcrumbList","@id":"https:\/\/calviadeportes.com\/en\/evento\/junior-challenge-mallorca\/#breadcrumb","itemListElement":[{"@type":"ListItem","position":1,"name":"Portada","item":"https:\/\/calviadeportes.com\/en\/"},{"@type":"ListItem","position":2,"name":"Events","item":"https:\/\/calviadeportes.com\/en\/eventos\/"},{"@type":"ListItem","position":3,"name":"Junior Challenge Mallorca"}]},{"@type":"WebSite","@id":"https:\/\/calviadeportes.com\/en\/#website","url":"https:\/\/calviadeportes.com\/en\/","name":"Calvi\u00e0 sports","description":"ICE Calvi\u00e0 | Ayuntamiento de Calvi\u00e0","potentialAction":[{"@type":"SearchAction","target":{"@type":"EntryPoint","urlTemplate":"https:\/\/calviadeportes.com\/en\/?s={search_term_string}"},"query-input":{"@type":"PropertyValueSpecification","valueRequired":true,"valueName":"search_term_string"}}],"inLanguage":"en-US"}]}},"jetpack_likes_enabled":false,"jetpack_sharing_enabled":false,"_links":{"self":[{"href":"https:\/\/calviadeportes.com\/en\/wp-json\/wp\/v2\/tribe_events\/33839","targetHints":{"allow":["GET"]}}],"collection":[{"href":"https:\/\/calviadeportes.com\/en\/wp-json\/wp\/v2\/tribe_events"}],"about":[{"href":"https:\/\/calviadeportes.com\/en\/wp-json\/wp\/v2\/types\/tribe_events"}],"author":[{"embeddable":true,"href":"https:\/\/calviadeportes.com\/en\/wp-json\/wp\/v2\/users\/75162113"}],"version-history":[{"count":5,"href":"https:\/\/calviadeportes.com\/en\/wp-json\/wp\/v2\/tribe_events\/33839\/revisions"}],"predecessor-version":[{"id":34866,"href":"https:\/\/calviadeportes.com\/en\/wp-json\/wp\/v2\/tribe_events\/33839\/revisions\/34866"}],"wp:featuredmedia":[{"embeddable":true,"href":"https:\/\/calviadeportes.com\/en\/wp-json\/wp\/v2\/media\/34858"}],"wp:attachment":[{"href":"https:\/\/calviadeportes.com\/en\/wp-json\/wp\/v2\/media?parent=33839"}],"wp:term":[{"taxonomy":"post_tag","embeddable":true,"href":"https:\/\/calviadeportes.com\/en\/wp-json\/wp\/v2\/tags?post=33839"},{"taxonomy":"tribe_events_cat","embeddable":true,"href":"https:\/\/calviadeportes.com\/en\/wp-json\/wp\/v2\/tribe_events_cat?post=33839"}],"curies":[{"name":"wp","href":"https:\/\/api.w.org\/{rel}","templated":true}]}}