{"id":15370,"date":"2021-01-21T16:42:41","date_gmt":"2021-01-21T15:42:41","guid":{"rendered":"https:\/\/calviadeportes.com\/contact\/"},"modified":"2026-01-29T08:40:36","modified_gmt":"2026-01-29T07:40:36","slug":"contact","status":"publish","type":"page","link":"https:\/\/calviadeportes.com\/en\/contact\/","title":{"rendered":"Contact"},"content":{"rendered":"<div class=\"row \"><div class=\"wpv-grid grid-1-1  wpv-first-level first unextended\" style=\"padding-top:0px;padding-bottom:0px\" id=\"wpv-column-6aa558ce07d5662c0ce1440d1c65b224\" >\t\t<h2 class=\"text-divider-double\">\t\t\tPalau d'Esports de Calvi\u00e0 Melani Costa\t\t<\/h2>\t\t<div class=\"sep\"><\/div>\t<div class=\"row \"><div class=\"wpv-grid grid-1-3  first unextended animation-fade-in animated-active\" style=\"padding-top:0px;padding-bottom:0px\" id=\"wpv-column-d76952d63d98f6566525d490be799e38\" ><p style=\"text-align: center;\"><span class='icon shortcode theme ' style='font-size:32px !important;color:#e32e33;'>&#57547;<\/span>\n<p style=\"text-align: center;\"><a href=\"https:\/\/www.google.es\/maps\/place\/Palau+d'Esports+de+Calvi%C3%A0+Melani+Costa\/@39.5661507,2.4959591,15z\/data=!4m2!3m1!1s0x0:0x76527120d9ddb6f0?sa=X&amp;ved=0ahUKEwjcy_iZ-cjRAhUCtRQKHdN3CIcQ_BIIgwEwDg\">Calvi\u00e0<br \/>\nAv. des Capdell\u00e0, 55<br \/>\n07184\u00a0 \u2192<br \/>\n<\/a><\/div>\n<div class=\"wpv-grid grid-1-3  unextended animation-fade-in animated-active\" style=\"padding-top:0px;padding-bottom:0px\" id=\"wpv-column-626c86a67792c92c019dfdd0b7645237\" ><p style=\"text-align: center;\"><span class='icon shortcode theme ' style='font-size:32px !important;color:#e32e33;'>&#57471;<\/span>\n<p style=\"text-align: center;\">Tel\u00e9fono:\u00a0<a href=\"tel:971670310\">971 67 03 10\u00a0 &#8211; <\/a><a href=\"https:\/\/api.whatsapp.com\/send?phone=34689085378\"><span style=\"font-family: -apple-system, BlinkMacSystemFont, 'Segoe UI', Roboto, Oxygen-Sans, Ubuntu, Cantarell, 'Helvetica Neue', sans-serif;\">689 085 378<\/span><\/a><\/p>\n<p style=\"text-align: center;\">E-mail:\u00a0<a href=\"mailto:ice@calvia.com\">ice@calvia.com<\/a><\/div>\n<div class=\"wpv-grid grid-1-3  unextended animation-fade-in animated-active\" style=\"padding-top:0px;padding-bottom:0px\" id=\"wpv-column-f67eaa31b3561b8099a008901e15bed6\" ><p style=\"text-align: center;\"><span class='icon shortcode theme ' style='font-size:32px !important;color:#e32e33;'>&#57530;<\/span>\n<p style=\"text-align: center;\"><a href=\"https:\/\/calviadeportes.com\/en\/general-pass\/#\">Horario de atenci\u00f3n<br \/>\n09:00 \u2013 14:00 Lunes \u2013 Viernes<\/a>\u00a0\u2192<\/div><\/div>\n<div class=\"push\" style='margin-bottom:-40px'><\/div>\n<div class=\"sep\"><\/div>\n<div class=\"row \"><div class=\"wpv-grid grid-1-1  first unextended animation-zoom-in animated-active\" style=\"padding-top:0px;padding-bottom:0px\" id=\"wpv-column-ddeb75fe73deddccaf3e41e47ca43ccd\" ><p style=\"text-align: center;\"><a href=\"https:\/\/www.facebook.com\/icecalvia\"> <span class='icon shortcode  ' style='font-size:16px !important;color:#9b9b9b;'>&#58155;<\/span><\/a> \u00a0\u00a0\u00a0<a href=\"https:\/\/twitter.com\/icecalvia?lang=es\"><span class='icon shortcode  ' style='font-size:16px !important;color:#9b9b9b;'>&#58159;<\/span><\/a> \u00a0\u00a0\u00a0<a href=\"https:\/\/www.instagram.com\/icecalvia\/\"><span class='icon shortcode  ' style='font-size:16px !important;color:#9b9b9b;'>&#58158;<\/span><\/a><br \/>\n<div class=\"push\" style='height:20px'><\/div>.<\/div><\/div><\/div><\/div>\n<div class=\"row \"><div class=\"wpv-grid grid-1-1  wpv-first-level first has-background extended\" style=\"background-color:#f5f5f5;padding-top:30px;padding-bottom:15px\" id=\"wpv-column-96d5568c6e29a07a8db156dad43df69e\" ><div class=\"extended-column-inner\"><style>#wpv-column-96d5568c6e29a07a8db156dad43df69e p,#wpv-column-96d5568c6e29a07a8db156dad43df69e em,#wpv-column-96d5568c6e29a07a8db156dad43df69e .column-title,#wpv-column-96d5568c6e29a07a8db156dad43df69e .sep-text h2.regular-title-wrapper,#wpv-column-96d5568c6e29a07a8db156dad43df69e .text-divider-double,#wpv-column-96d5568c6e29a07a8db156dad43df69e .sep-text .sep-text-line,#wpv-column-96d5568c6e29a07a8db156dad43df69e .sep,#wpv-column-96d5568c6e29a07a8db156dad43df69e .sep-2,#wpv-column-96d5568c6e29a07a8db156dad43df69e .sep-3,#wpv-column-96d5568c6e29a07a8db156dad43df69e td,#wpv-column-96d5568c6e29a07a8db156dad43df69e th,#wpv-column-96d5568c6e29a07a8db156dad43df69e caption{color:#767676;}#wpv-column-96d5568c6e29a07a8db156dad43df69e:before{background-color:transparent;}<\/style><div class=\"row \"><div class=\"wpv-grid grid-1-5  first unextended\" style=\"padding-top:0px;padding-bottom:0px\" id=\"wpv-column-df334812b43f918280fbef74c107d403\" ><div class=\"push\" style='height:10px'><\/div><\/div>\n<div class=\"wpv-grid grid-2-3  unextended animation-fade-in animated-active\" style=\"padding-top:0px;padding-bottom:0px\" id=\"wpv-column-7a8d6f813aea4c6e7338356105c1dd00\" ><p>\n<div class=\"wpcf7 no-js\" id=\"wpcf7-f15470-o1\" lang=\"en-US\" dir=\"ltr\" data-wpcf7-id=\"15470\">\n<div class=\"screen-reader-response\"><p role=\"status\" aria-live=\"polite\" aria-atomic=\"true\"><\/p> <ul><\/ul><\/div>\n<form action=\"\/en\/wp-json\/wp\/v2\/pages\/15370#wpcf7-f15470-o1\" method=\"post\" class=\"wpcf7-form init\" aria-label=\"Contact form\" novalidate=\"novalidate\" data-status=\"init\">\n<fieldset class=\"hidden-fields-container\"><input type=\"hidden\" name=\"_wpcf7\" value=\"15470\" \/><input type=\"hidden\" name=\"_wpcf7_version\" value=\"6.1.5\" \/><input type=\"hidden\" name=\"_wpcf7_locale\" value=\"en_US\" \/><input type=\"hidden\" name=\"_wpcf7_unit_tag\" value=\"wpcf7-f15470-o1\" \/><input type=\"hidden\" name=\"_wpcf7_container_post\" value=\"0\" \/><input type=\"hidden\" name=\"_wpcf7_posted_data_hash\" value=\"\" \/><input type=\"hidden\" name=\"_wpcf7_recaptcha_response\" value=\"\" \/>\n<\/fieldset>\n<p><span style=\"font-size: 13px\">Your Name (required)<\/span><span class=\"wpcf7-form-control-wrap\" data-name=\"your-name\"><input size=\"40\" maxlength=\"400\" class=\"wpcf7-form-control wpcf7-text wpcf7-validates-as-required\" aria-required=\"true\" aria-invalid=\"false\" value=\"\" type=\"text\" name=\"your-name\" \/><\/span>\n<\/p>\n<p>Your Email (required)<span class=\"wpcf7-form-control-wrap\" data-name=\"your-email\"><input size=\"40\" maxlength=\"400\" class=\"wpcf7-form-control wpcf7-email wpcf7-validates-as-required wpcf7-text wpcf7-validates-as-email\" aria-required=\"true\" aria-invalid=\"false\" value=\"\" type=\"email\" name=\"your-email\" \/><\/span>\n<\/p>\n<p>Subject<span class=\"wpcf7-form-control-wrap\" data-name=\"your-subject\"><input size=\"40\" maxlength=\"400\" class=\"wpcf7-form-control wpcf7-text\" aria-invalid=\"false\" value=\"\" type=\"text\" name=\"your-subject\" \/><\/span>\n<\/p>\n<p>Your Message<span class=\"wpcf7-form-control-wrap\" data-name=\"your-message\"><textarea cols=\"40\" rows=\"10\" maxlength=\"2000\" class=\"wpcf7-form-control wpcf7-textarea\" aria-invalid=\"false\" name=\"your-message\"><\/textarea><\/span>\n<\/p>\n<p>De conformidad con lo dispuesto en el Reglamento General de Protecci\u00f3n de Datos (UE) 2016\/679 y en la normativa espa\u00f1ola relativa a la protecci\u00f3n de datos personales, ponemos en su conocimiento que:<br \/>\n1. El responsable del tratamiento de sus datos de car\u00e1cter personal es Ajuntament de Calvi\u00e0 con NIF: P0701100J , domicilio en C\/ Juli\u00e0 Bujosa Sans, batle. n\u00fam. 1. 07184 Calvi\u00e0 Vila y tel\u00e9fono + 34 971 139 100 y correo electr\u00f3nico dpd@calvia.com .<br \/>\n2. Los datos de contacto del delegado de Protecci\u00f3n de Datos del Ajuntament de Calvi\u00e0 son: dpd@calvia.com.<br \/>\n3. La finalidad con la que se tratan sus datos es para poder gesti\u00f3n y tramitar su consulta.<br \/>\n4. La base de licitud para el tratamiento de los datos personales es el consentimiento.<br \/>\n5. La informaci\u00f3n se conservar\u00e1 durante los plazos m\u00ednimos necesarios para dar cumplimiento a las finalidades para las cuales han sido, en cada caso, recabados y para dar cumplimiento a nuestras obligaciones legales.<br \/>\n6. No est\u00e1n previstas otras comunicaciones ni transferencias internacionales de datos personales, salvo obligaci\u00f3n legal.<br \/>\n7. Podr\u00e1 ejercitar, en los casos y formas previstos en la legislaci\u00f3n vigente, los derechos de acceso, rectificaci\u00f3n, supresi\u00f3n, limitaci\u00f3n del tratamiento, oposici\u00f3n y portabilidad, as\u00ed como retirar su consentimiento, mediante registro presencial, en las instalaciones del Ajuntament de Calvi\u00e0, calle Juli\u00e1 Bujosa Sans Batle, num 1, Calvi\u00e0 o telem\u00e1ticamente enviando un correo al Delegado de Protecci\u00f3n de Datos de la entidad a dpd@calvia.com indicando en el asunto: Ref Protecci\u00f3n de Datos.<br \/>\n8. Si en el ejercicio de sus derechos no ha sido debidamente atendido podr\u00e1 presentar una reclamaci\u00f3n ante la Agencia Espa\u00f1ola de Protecci\u00f3n de Datos, C\/ Jorge Juan, 6 28001 Madrid \u2013 Sede electr\u00f3nica: sedeagpd.gob.es. Con car\u00e1cter previo y potestativo, puede ponerse en contacto con el Delegado de Protecci\u00f3n de Datos en dpd@calvia.com.\n<\/p>\n<p><input class=\"wpcf7-form-control wpcf7-submit has-spinner\" type=\"submit\" value=\"Send\" \/>\n<\/p><p style=\"display: none !important;\" class=\"akismet-fields-container\" data-prefix=\"_wpcf7_ak_\"><label>&#916;<textarea name=\"_wpcf7_ak_hp_textarea\" cols=\"45\" rows=\"8\" maxlength=\"100\"><\/textarea><\/label><input type=\"hidden\" id=\"ak_js_1\" name=\"_wpcf7_ak_js\" value=\"46\"\/><script type=\"text\/javascript\">\n\/* <![CDATA[ *\/\ndocument.getElementById( \"ak_js_1\" ).setAttribute( \"value\", ( new Date() ).getTime() );\n\/* ]]> *\/\n<\/script>\n<\/p><div class=\"wpcf7-response-output\" aria-hidden=\"true\"><\/div>\n<\/form>\n<\/div>\n<\/div><\/div><\/div><\/div><\/div>\n","protected":false},"excerpt":{"rendered":"<p>Calvi\u00e0 Av. des Capdell\u00e0, 55 07184\u00a0 \u2192 Tel\u00e9fono:\u00a0971 67 03 10\u00a0 &#8211; 689 085 378 E-mail:\u00a0ice@calvia.com Horario de atenci\u00f3n 09:00 \u2013 14:00 Lunes \u2013 Viernes\u00a0\u2192 \u00a0\u00a0\u00a0 \u00a0\u00a0\u00a0 .<\/p>\n","protected":false},"author":75162113,"featured_media":13431,"parent":0,"menu_order":3,"comment_status":"closed","ping_status":"closed","template":"","meta":{"_coblocks_attr":"","_coblocks_dimensions":"","_coblocks_responsive_height":"","_coblocks_accordion_ie_support":"","_crdt_document":"","footnotes":""},"class_list":["post-15370","page","type-page","status-publish","has-post-thumbnail","hentry"],"yoast_head":"<!-- This site is optimized with the Yoast SEO plugin v27.4 - https:\/\/yoast.com\/product\/yoast-seo-wordpress\/ -->\n<title>Contact - Calvi\u00e0 sports<\/title>\n<meta name=\"robots\" content=\"index, follow, max-snippet:-1, max-image-preview:large, max-video-preview:-1\" \/>\n<link rel=\"canonical\" href=\"https:\/\/calviadeportes.com\/en\/contact\/\" \/>\n<meta property=\"og:locale\" content=\"en_US\" \/>\n<meta property=\"og:type\" content=\"article\" \/>\n<meta property=\"og:title\" content=\"Contact - Calvi\u00e0 sports\" \/>\n<meta property=\"og:description\" content=\"Calvi\u00e0 Av. des Capdell\u00e0, 55 07184\u00a0 \u2192 Tel\u00e9fono:\u00a0971 67 03 10\u00a0 &#8211; 689 085 378 E-mail:\u00a0ice@calvia.com Horario de atenci\u00f3n 09:00 \u2013 14:00 Lunes \u2013 Viernes\u00a0\u2192 \u00a0\u00a0\u00a0 \u00a0\u00a0\u00a0 .\" \/>\n<meta property=\"og:url\" content=\"https:\/\/calviadeportes.com\/en\/contact\/\" \/>\n<meta property=\"og:site_name\" content=\"Calvi\u00e0 sports\" \/>\n<meta property=\"article:modified_time\" content=\"2026-01-29T07:40:36+00:00\" \/>\n<meta property=\"og:image\" content=\"https:\/\/calviadeportes.com\/wp-content\/uploads\/2021\/01\/Calvia-deportes-img-destacada.png\" \/>\n\t<meta property=\"og:image:width\" content=\"772\" \/>\n\t<meta property=\"og:image:height\" content=\"784\" \/>\n\t<meta property=\"og:image:type\" content=\"image\/png\" \/>\n<meta name=\"twitter:card\" content=\"summary_large_image\" \/>\n<meta name=\"twitter:label1\" content=\"Est. reading time\" \/>\n\t<meta name=\"twitter:data1\" content=\"1 minute\" \/>\n<script type=\"application\/ld+json\" class=\"yoast-schema-graph\">{\"@context\":\"https:\\\/\\\/schema.org\",\"@graph\":[{\"@type\":\"WebPage\",\"@id\":\"https:\\\/\\\/calviadeportes.com\\\/en\\\/contact\\\/\",\"url\":\"https:\\\/\\\/calviadeportes.com\\\/en\\\/contact\\\/\",\"name\":\"Contact - Calvi\u00e0 sports\",\"isPartOf\":{\"@id\":\"https:\\\/\\\/calviadeportes.com\\\/en\\\/#website\"},\"primaryImageOfPage\":{\"@id\":\"https:\\\/\\\/calviadeportes.com\\\/en\\\/contact\\\/#primaryimage\"},\"image\":{\"@id\":\"https:\\\/\\\/calviadeportes.com\\\/en\\\/contact\\\/#primaryimage\"},\"thumbnailUrl\":\"https:\\\/\\\/i0.wp.com\\\/calviadeportes.com\\\/wp-content\\\/uploads\\\/2021\\\/01\\\/Calvia-deportes-img-destacada.png?fit=772%2C784&ssl=1\",\"datePublished\":\"2021-01-21T15:42:41+00:00\",\"dateModified\":\"2026-01-29T07:40:36+00:00\",\"breadcrumb\":{\"@id\":\"https:\\\/\\\/calviadeportes.com\\\/en\\\/contact\\\/#breadcrumb\"},\"inLanguage\":\"en-US\",\"potentialAction\":[{\"@type\":\"ReadAction\",\"target\":[\"https:\\\/\\\/calviadeportes.com\\\/en\\\/contact\\\/\"]}]},{\"@type\":\"ImageObject\",\"inLanguage\":\"en-US\",\"@id\":\"https:\\\/\\\/calviadeportes.com\\\/en\\\/contact\\\/#primaryimage\",\"url\":\"https:\\\/\\\/i0.wp.com\\\/calviadeportes.com\\\/wp-content\\\/uploads\\\/2021\\\/01\\\/Calvia-deportes-img-destacada.png?fit=772%2C784&ssl=1\",\"contentUrl\":\"https:\\\/\\\/i0.wp.com\\\/calviadeportes.com\\\/wp-content\\\/uploads\\\/2021\\\/01\\\/Calvia-deportes-img-destacada.png?fit=772%2C784&ssl=1\",\"width\":772,\"height\":784,\"caption\":\"Cita previa instalaciones deportivas de Calvi\u00e0 - ICE\"},{\"@type\":\"BreadcrumbList\",\"@id\":\"https:\\\/\\\/calviadeportes.com\\\/en\\\/contact\\\/#breadcrumb\",\"itemListElement\":[{\"@type\":\"ListItem\",\"position\":1,\"name\":\"Portada\",\"item\":\"https:\\\/\\\/calviadeportes.com\\\/en\\\/\"},{\"@type\":\"ListItem\",\"position\":2,\"name\":\"Contact\"}]},{\"@type\":\"WebSite\",\"@id\":\"https:\\\/\\\/calviadeportes.com\\\/en\\\/#website\",\"url\":\"https:\\\/\\\/calviadeportes.com\\\/en\\\/\",\"name\":\"Calvi\u00e0 sports\",\"description\":\"ICE Calvi\u00e0 | Ayuntamiento de Calvi\u00e0\",\"potentialAction\":[{\"@type\":\"SearchAction\",\"target\":{\"@type\":\"EntryPoint\",\"urlTemplate\":\"https:\\\/\\\/calviadeportes.com\\\/en\\\/?s={search_term_string}\"},\"query-input\":{\"@type\":\"PropertyValueSpecification\",\"valueRequired\":true,\"valueName\":\"search_term_string\"}}],\"inLanguage\":\"en-US\"}]}<\/script>\n<!-- \/ Yoast SEO plugin. -->","yoast_head_json":{"title":"Contact - Calvi\u00e0 sports","robots":{"index":"index","follow":"follow","max-snippet":"max-snippet:-1","max-image-preview":"max-image-preview:large","max-video-preview":"max-video-preview:-1"},"canonical":"https:\/\/calviadeportes.com\/en\/contact\/","og_locale":"en_US","og_type":"article","og_title":"Contact - Calvi\u00e0 sports","og_description":"Calvi\u00e0 Av. des Capdell\u00e0, 55 07184\u00a0 \u2192 Tel\u00e9fono:\u00a0971 67 03 10\u00a0 &#8211; 689 085 378 E-mail:\u00a0ice@calvia.com Horario de atenci\u00f3n 09:00 \u2013 14:00 Lunes \u2013 Viernes\u00a0\u2192 \u00a0\u00a0\u00a0 \u00a0\u00a0\u00a0 .","og_url":"https:\/\/calviadeportes.com\/en\/contact\/","og_site_name":"Calvi\u00e0 sports","article_modified_time":"2026-01-29T07:40:36+00:00","og_image":[{"width":772,"height":784,"url":"https:\/\/calviadeportes.com\/wp-content\/uploads\/2021\/01\/Calvia-deportes-img-destacada.png","type":"image\/png"}],"twitter_card":"summary_large_image","twitter_misc":{"Est. reading time":"1 minute"},"schema":{"@context":"https:\/\/schema.org","@graph":[{"@type":"WebPage","@id":"https:\/\/calviadeportes.com\/en\/contact\/","url":"https:\/\/calviadeportes.com\/en\/contact\/","name":"Contact - Calvi\u00e0 sports","isPartOf":{"@id":"https:\/\/calviadeportes.com\/en\/#website"},"primaryImageOfPage":{"@id":"https:\/\/calviadeportes.com\/en\/contact\/#primaryimage"},"image":{"@id":"https:\/\/calviadeportes.com\/en\/contact\/#primaryimage"},"thumbnailUrl":"https:\/\/i0.wp.com\/calviadeportes.com\/wp-content\/uploads\/2021\/01\/Calvia-deportes-img-destacada.png?fit=772%2C784&ssl=1","datePublished":"2021-01-21T15:42:41+00:00","dateModified":"2026-01-29T07:40:36+00:00","breadcrumb":{"@id":"https:\/\/calviadeportes.com\/en\/contact\/#breadcrumb"},"inLanguage":"en-US","potentialAction":[{"@type":"ReadAction","target":["https:\/\/calviadeportes.com\/en\/contact\/"]}]},{"@type":"ImageObject","inLanguage":"en-US","@id":"https:\/\/calviadeportes.com\/en\/contact\/#primaryimage","url":"https:\/\/i0.wp.com\/calviadeportes.com\/wp-content\/uploads\/2021\/01\/Calvia-deportes-img-destacada.png?fit=772%2C784&ssl=1","contentUrl":"https:\/\/i0.wp.com\/calviadeportes.com\/wp-content\/uploads\/2021\/01\/Calvia-deportes-img-destacada.png?fit=772%2C784&ssl=1","width":772,"height":784,"caption":"Cita previa instalaciones deportivas de Calvi\u00e0 - ICE"},{"@type":"BreadcrumbList","@id":"https:\/\/calviadeportes.com\/en\/contact\/#breadcrumb","itemListElement":[{"@type":"ListItem","position":1,"name":"Portada","item":"https:\/\/calviadeportes.com\/en\/"},{"@type":"ListItem","position":2,"name":"Contact"}]},{"@type":"WebSite","@id":"https:\/\/calviadeportes.com\/en\/#website","url":"https:\/\/calviadeportes.com\/en\/","name":"Calvi\u00e0 sports","description":"ICE Calvi\u00e0 | Ayuntamiento de Calvi\u00e0","potentialAction":[{"@type":"SearchAction","target":{"@type":"EntryPoint","urlTemplate":"https:\/\/calviadeportes.com\/en\/?s={search_term_string}"},"query-input":{"@type":"PropertyValueSpecification","valueRequired":true,"valueName":"search_term_string"}}],"inLanguage":"en-US"}]}},"jetpack_likes_enabled":false,"jetpack_sharing_enabled":false,"jetpack_shortlink":"https:\/\/wp.me\/PckSre-3ZU","_links":{"self":[{"href":"https:\/\/calviadeportes.com\/en\/wp-json\/wp\/v2\/pages\/15370","targetHints":{"allow":["GET"]}}],"collection":[{"href":"https:\/\/calviadeportes.com\/en\/wp-json\/wp\/v2\/pages"}],"about":[{"href":"https:\/\/calviadeportes.com\/en\/wp-json\/wp\/v2\/types\/page"}],"author":[{"embeddable":true,"href":"https:\/\/calviadeportes.com\/en\/wp-json\/wp\/v2\/users\/75162113"}],"replies":[{"embeddable":true,"href":"https:\/\/calviadeportes.com\/en\/wp-json\/wp\/v2\/comments?post=15370"}],"version-history":[{"count":3,"href":"https:\/\/calviadeportes.com\/en\/wp-json\/wp\/v2\/pages\/15370\/revisions"}],"predecessor-version":[{"id":15478,"href":"https:\/\/calviadeportes.com\/en\/wp-json\/wp\/v2\/pages\/15370\/revisions\/15478"}],"wp:featuredmedia":[{"embeddable":true,"href":"https:\/\/calviadeportes.com\/en\/wp-json\/wp\/v2\/media\/13431"}],"wp:attachment":[{"href":"https:\/\/calviadeportes.com\/en\/wp-json\/wp\/v2\/media?parent=15370"}],"curies":[{"name":"wp","href":"https:\/\/api.w.org\/{rel}","templated":true}]}}