{"id":14858,"date":"2021-01-21T10:35:33","date_gmt":"2021-01-21T09:35:33","guid":{"rendered":"https:\/\/calviadeportes.com\/ies-son-ferrer-sports-centre\/"},"modified":"2025-08-21T10:04:15","modified_gmt":"2025-08-21T08:04:15","slug":"jose-tirado-municipal-indoor-sports-centre","status":"publish","type":"page","link":"https:\/\/calviadeportes.com\/en\/jose-tirado-municipal-indoor-sports-centre\/","title":{"rendered":"Jos\u00e9 Tirado indoor Sports Centre"},"content":{"rendered":"\t\t<h2 class=\"text-divider-double\">\t\t\t\nGeneral information\t\t<\/h2>\t\t<div class=\"sep\"><\/div>\t\n<div class=\"row \"><div class=\"wpv-grid grid-1-4  wpv-first-level first unextended\" style=\"padding-top:0px;padding-bottom:0px\" id=\"wpv-column-d53fe195c1cef4f9f7de61a27cfa4db8\" ><p style=\"text-align: center;\"><span class='icon shortcode theme ' style='font-size:32px !important;color:#e32e33;'>&#57469;<\/span>\n<p style=\"text-align: center;\"><strong>CONTACT<\/strong><br \/>\nTelephone: <a href=\"tel:971670310\">971 67 03 10<\/a><br \/>\nEmail: <a href=\"mailto:ice@calvia.com\">ice@calvia.com<\/a><\/p>\n<p style=\"text-align: center;\"><span class='icon shortcode theme ' style='font-size:32px !important;color:#e32e33;'>&#57547;<\/span>\n<p style=\"text-align: center;\"><strong>ADDRESS<\/strong><br \/>\nSon Ferrer<br \/>\nC\/ Falc\u00f3, s\/n<br \/>\n<a href=\"https:\/\/www.google.com\/maps\/d\/edit?mid=1OdhnJ6tOo_W0Q_wkj0ROfuNnXRs&amp;ll=39.49826732934449%2C2.4981331901961994&amp;z=18\" target=\"_blank\" rel=\"noopener noreferrer\">Map \u2192<\/a><\/p>\n<p style=\"text-align: center;\"><div class=\"push\" style='height:10px'><\/div><\/div>\n<div class=\"wpv-grid grid-1-2  wpv-first-level unextended\" style=\"padding-top:0px;padding-bottom:0px\" id=\"wpv-column-837ff9f184c0c71f3b01e2274b3de1d8\" ><div class=\"wpv-accordion-wrapper wpv-accordion-1\"><ul class=\"wpv-accordion\" data-collapsible=\"true\"><li class=\"pane-wrapper\" style=\"\">\n\t\t\t\t\t<h4 class=\"tab\"><div class=\"inner\">WINTER OPENING HOURS<\/div><\/h4>\n\t\t\t\t\t<div class=\"pane\"><div class=\"inner\"><h5><span class='icon shortcode theme ' style='font-size:25px !important;color:#e32e33;'>&#57530;<\/span> <strong>September to June (days to be determinated)<\/strong>\u00a0<div class=\"push\" style='height:10px'><\/div> <\/h5>\n<ul class=\"styled-list  icon-accent2\">\n<li class=\" icon-b theme\" data-icon=\"&#57374;\">Monday to Friday 8.30 am to 10 pm<\/li>\n<li class=\" icon-b theme\" data-icon=\"&#57374;\">Saturdays from 9 am to 2 pm &#8211; 4 pm to 9 pm<\/li>\n<li class=\" icon-b theme\" data-icon=\"&#57374;\">Closed on Sundays and public holidays.<\/li>\n<\/ul>\n <div class=\"push\" style='height:10px'><\/div><\/div><\/div>\n\t\t\t\t\t<\/li><li class=\"pane-wrapper\" style=\"\">\n\t\t\t\t\t<h4 class=\"tab\"><div class=\"inner\">SUMMER OPENING HOURS<\/div><\/h4>\n\t\t\t\t\t<div class=\"pane\"><div class=\"inner\"><h5><span class='icon shortcode theme ' style='font-size:25px !important;color:#e32e33;'>&#57530;<\/span> <strong>June to September (days to be determinated) <\/strong>\u00a0<div class=\"push\" style='height:10px'><\/div> <\/h5>\n<ul class=\"styled-list  icon-accent2\">\n<li class=\" icon-b theme\" data-icon=\"&#57374;\"><strong>July:<\/strong> Monday to Friday from 8.30 am to 10 pm. Saturday, Sunday and holidays closed.<\/li>\n<li class=\" icon-b theme\" data-icon=\"&#57374;\"><strong>August:<\/strong> Monday to Friday from 8.30 am to 10 pm. Saturday, Sunday and holidays closed.<\/li>\n<\/ul>\n <div class=\"push\" style='height:10px'><\/div><\/div><\/div>\n\t\t\t\t\t<\/li><\/ul><style>.wpv-accordion-1 .tab .inner { background-color: #e32e33; color: #ffffff; }<\/style><\/div><\/div>\n<div class=\"wpv-grid grid-1-4  wpv-first-level unextended\" style=\"padding-top:0px;padding-bottom:0px\" id=\"wpv-column-94e67f4913286471b23b76cc9ec6d591\" ><p style=\"text-align: center;\"><span class='icon shortcode  ' style='font-size:32px !important;color:#e32e33;'>&#57739;<\/span>\n<p style=\"text-align: center;\"><strong>EQUIPMENT<\/strong><\/p>\n<ul>\n<li>Indoor multi-sports court<\/li>\n<li>Collective changing rooms<\/li>\n<li>Changing rooms for referees<\/li>\n<li>Changing rooms for people with disabilities<\/li>\n<li>Machine room<\/li>\n<li>Offices<\/li>\n<\/ul><\/div><\/div>\n\t\t<div class=\"sep-text single centered\">\n\t\t\t\t\t\t\t<span class=\"sep-text-before\"><div class=\"sep-text-line\"><\/div><\/span>\n\t\t\t\t\t\t<div class=\"content\">\n\t\t\t\t\n<h2>Activities<\/h2>\n\t\t\t<\/div>\n\t\t\t<span class=\"sep-text-after\"><div class=\"sep-text-line\"><\/div><\/span>\n\t\t\t\t\t<\/div>\n\t\n<div class=\"row \"><div class=\"wpv-grid grid-1-2  wpv-first-level first unextended\" style=\"padding-top:0px;padding-bottom:0px\" id=\"wpv-column-62c5411f5060e47e9a662b6b95f94250\" ><div class=\"wpv-accordion-wrapper wpv-accordion-2\"><ul class=\"wpv-accordion\" data-collapsible=\"true\"><li class=\"pane-wrapper\" style=\"\">\n\t\t\t\t\t<h4 class=\"tab\"><div class=\"inner\">Volleyball<\/div><\/h4>\n\t\t\t\t\t<div class=\"pane\"><div class=\"inner\"><p><strong>Club Voleibol Son Ferrer<\/strong><br \/>\nEmail: <a href=\"mailto:voleysonfe@gmail.com\">voleysonfe@gmail.com<\/a><\/div><\/div>\n\t\t\t\t\t<\/li><li class=\"pane-wrapper\" style=\"\">\n\t\t\t\t\t<h4 class=\"tab\"><div class=\"inner\">Indoor Football<\/div><\/h4>\n\t\t\t\t\t<div class=\"pane\"><div class=\"inner\"><p><strong>Son Ferrer Atle\u0301tic<\/strong><br \/>\nEmail: <a href=\"mailto:sonfeat_fs@hotmail.com\">sonfeat_fs@hotmail.com<\/a><\/div><\/div>\n\t\t\t\t\t<\/li><\/ul><style>.wpv-accordion-2 .tab .inner { background-color: #9b9b9b; color: #ffffff; }<\/style><\/div><\/div>\n<div class=\"wpv-grid grid-1-2  wpv-first-level unextended\" style=\"padding-top:0px;padding-bottom:0px\" id=\"wpv-column-23813eb917bf2e2ca4cf1b6be0cc9881\" ><div class=\"wpv-accordion-wrapper wpv-accordion-3\"><ul class=\"wpv-accordion\" data-collapsible=\"true\"><li class=\"pane-wrapper\" style=\"\">\n\t\t\t\t\t<h4 class=\"tab\"><div class=\"inner\">Olympic Wrestling<\/div><\/h4>\n\t\t\t\t\t<div class=\"pane\"><div class=\"inner\"><p><strong>Asociacio\u0301n Bushido Calvia\u0300<\/strong><br \/>\nTelephone: 649 124 866 (Bernardo Sua\u0301rez)<br \/>\nEmail: <a href=\"mailto:kyokubenny@hotmail.com\">kyokubenny@hotmail.com<\/a><\/div><\/div>\n\t\t\t\t\t<\/li><\/ul><style>.wpv-accordion-3 .tab .inner { background-color: #9b9b9b; color: #ffffff; }<\/style><\/div><\/div><\/div>\n<div class=\"push\" style='height:63px'><\/div>\n\t\t<div class=\"sep-text single centered\">\n\t\t\t\t\t\t\t<span class=\"sep-text-before\"><div class=\"sep-text-line\"><\/div><\/span>\n\t\t\t\t\t\t<div class=\"content\">\n\t\t\t\t\n<h2>Gallery<\/h2>\n\t\t\t<\/div>\n\t\t\t<span class=\"sep-text-after\"><div class=\"sep-text-line\"><\/div><\/span>\n\t\t\t\t\t<\/div>\n\t\n<div class=\"tiled-gallery type-rectangular tiled-gallery-unresized\" data-original-width=\"1380\" data-carousel-extra='{&quot;blog_id&quot;:1,&quot;permalink&quot;:&quot;https:\\\/\\\/calviadeportes.com\\\/en\\\/jose-tirado-municipal-indoor-sports-centre\\\/&quot;,&quot;likes_blog_id&quot;:182291856}' itemscope itemtype=\"http:\/\/schema.org\/ImageGallery\" > <div class=\"gallery-row\" style=\"width: 1380px; height: 615px;\" data-original-width=\"1380\" data-original-height=\"615\" > <div class=\"gallery-group images-1\" style=\"width: 921px; height: 615px;\" data-original-width=\"921\" data-original-height=\"615\" > <div class=\"tiled-gallery-item tiled-gallery-item-large\" itemprop=\"associatedMedia\" itemscope itemtype=\"http:\/\/schema.org\/ImageObject\"> <a href=\"https:\/\/calviadeportes.com\/en\/pabellon-ies-son-ferrer-2022-1-min-2\/\" border=\"0\" itemprop=\"url\"> <meta itemprop=\"width\" content=\"917\"> <meta itemprop=\"height\" content=\"611\"> <img decoding=\"async\" class=\"\" data-attachment-id=\"20220\" data-orig-file=\"https:\/\/calviadeportes.com\/wp-content\/uploads\/2022\/02\/Pabello\u0301n-IES-Son-Ferrer-2022-1-min.jpg\" data-orig-size=\"5616,3744\" data-comments-opened=\"1\" data-image-meta=\"{&quot;aperture&quot;:&quot;0&quot;,&quot;credit&quot;:&quot;&quot;,&quot;camera&quot;:&quot;&quot;,&quot;caption&quot;:&quot;&quot;,&quot;created_timestamp&quot;:&quot;0&quot;,&quot;copyright&quot;:&quot;&quot;,&quot;focal_length&quot;:&quot;0&quot;,&quot;iso&quot;:&quot;0&quot;,&quot;shutter_speed&quot;:&quot;0&quot;,&quot;title&quot;:&quot;&quot;,&quot;orientation&quot;:&quot;0&quot;}\" data-image-title=\"Pabello\u0301n IES Son Ferrer-2022-1-min\" data-image-description=\"\" data-medium-file=\"https:\/\/i0.wp.com\/calviadeportes.com\/wp-content\/uploads\/2022\/02\/Pabello%CC%81n-IES-Son-Ferrer-2022-1-min.jpg?fit=300%2C200&#038;ssl=1\" data-large-file=\"https:\/\/i0.wp.com\/calviadeportes.com\/wp-content\/uploads\/2022\/02\/Pabello%CC%81n-IES-Son-Ferrer-2022-1-min.jpg?fit=1024%2C683&#038;ssl=1\" src=\"https:\/\/i0.wp.com\/calviadeportes.com\/wp-content\/uploads\/2022\/02\/Pabello%CC%81n-IES-Son-Ferrer-2022-1-min.jpg?w=917&#038;h=611&#038;ssl=1\" width=\"917\" height=\"611\" loading=\"lazy\" data-original-width=\"917\" data-original-height=\"611\" itemprop=\"http:\/\/schema.org\/image\" title=\"Pabello\u0301n IES Son Ferrer-2022-1-min\" alt=\"Pabello\u0301n IES Son Ferrer-2022-1-min\" style=\"width: 917px; height: 611px;\" \/> <\/a> <\/div> <\/div> <!-- close group --> <div class=\"gallery-group images-2\" style=\"width: 459px; height: 615px;\" data-original-width=\"459\" data-original-height=\"615\" > <div class=\"tiled-gallery-item tiled-gallery-item-large\" itemprop=\"associatedMedia\" itemscope itemtype=\"http:\/\/schema.org\/ImageObject\"> <a href=\"https:\/\/calviadeportes.com\/en\/pabellon-ies-son-ferrer-_0003_pabellon-ies-son-ferrer-2022-2-foto-2\/\" border=\"0\" itemprop=\"url\"> <meta itemprop=\"width\" content=\"455\"> <meta itemprop=\"height\" content=\"304\"> <img decoding=\"async\" class=\"\" data-attachment-id=\"20233\" data-orig-file=\"https:\/\/calviadeportes.com\/wp-content\/uploads\/2022\/02\/Pabello\u0301n-IES-Son-Ferrer-_0003_Pabello\u0301n-IES-Son-Ferrer-2022-2-foto.jpg\" data-orig-size=\"992,661\" data-comments-opened=\"1\" data-image-meta=\"{&quot;aperture&quot;:&quot;0&quot;,&quot;credit&quot;:&quot;&quot;,&quot;camera&quot;:&quot;&quot;,&quot;caption&quot;:&quot;&quot;,&quot;created_timestamp&quot;:&quot;0&quot;,&quot;copyright&quot;:&quot;&quot;,&quot;focal_length&quot;:&quot;0&quot;,&quot;iso&quot;:&quot;0&quot;,&quot;shutter_speed&quot;:&quot;0&quot;,&quot;title&quot;:&quot;&quot;,&quot;orientation&quot;:&quot;0&quot;}\" data-image-title=\"Pabello\u0301n IES Son Ferrer-_0003_Pabello\u0301n IES Son Ferrer-2022-2-foto\" data-image-description=\"\" data-medium-file=\"https:\/\/i0.wp.com\/calviadeportes.com\/wp-content\/uploads\/2022\/02\/Pabello%CC%81n-IES-Son-Ferrer-_0003_Pabello%CC%81n-IES-Son-Ferrer-2022-2-foto.jpg?fit=300%2C200&#038;ssl=1\" data-large-file=\"https:\/\/i0.wp.com\/calviadeportes.com\/wp-content\/uploads\/2022\/02\/Pabello%CC%81n-IES-Son-Ferrer-_0003_Pabello%CC%81n-IES-Son-Ferrer-2022-2-foto.jpg?fit=992%2C661&#038;ssl=1\" src=\"https:\/\/i0.wp.com\/calviadeportes.com\/wp-content\/uploads\/2022\/02\/Pabello%CC%81n-IES-Son-Ferrer-_0003_Pabello%CC%81n-IES-Son-Ferrer-2022-2-foto.jpg?w=455&#038;h=304&#038;ssl=1\" width=\"455\" height=\"304\" loading=\"lazy\" data-original-width=\"455\" data-original-height=\"304\" itemprop=\"http:\/\/schema.org\/image\" title=\"Pabello\u0301n IES Son Ferrer-_0003_Pabello\u0301n IES Son Ferrer-2022-2-foto\" alt=\"Pabello\u0301n IES Son Ferrer\" style=\"width: 455px; height: 304px;\" \/> <\/a> <\/div> <div class=\"tiled-gallery-item tiled-gallery-item-large\" itemprop=\"associatedMedia\" itemscope itemtype=\"http:\/\/schema.org\/ImageObject\"> <a href=\"https:\/\/calviadeportes.com\/en\/pabellon-ies-son-ferrer-_0004_foto-2\/\" border=\"0\" itemprop=\"url\"> <meta itemprop=\"width\" content=\"455\"> <meta itemprop=\"height\" content=\"303\"> <img decoding=\"async\" class=\"\" data-attachment-id=\"20236\" data-orig-file=\"https:\/\/calviadeportes.com\/wp-content\/uploads\/2022\/02\/Pabello\u0301n-IES-Son-Ferrer-_0004_foto.jpg\" data-orig-size=\"992,661\" data-comments-opened=\"1\" data-image-meta=\"{&quot;aperture&quot;:&quot;0&quot;,&quot;credit&quot;:&quot;&quot;,&quot;camera&quot;:&quot;&quot;,&quot;caption&quot;:&quot;&quot;,&quot;created_timestamp&quot;:&quot;0&quot;,&quot;copyright&quot;:&quot;&quot;,&quot;focal_length&quot;:&quot;0&quot;,&quot;iso&quot;:&quot;0&quot;,&quot;shutter_speed&quot;:&quot;0&quot;,&quot;title&quot;:&quot;&quot;,&quot;orientation&quot;:&quot;0&quot;}\" data-image-title=\"Pabello\u0301n IES Son Ferrer-_0004_foto\" data-image-description=\"\" data-medium-file=\"https:\/\/i0.wp.com\/calviadeportes.com\/wp-content\/uploads\/2022\/02\/Pabello%CC%81n-IES-Son-Ferrer-_0004_foto.jpg?fit=300%2C200&#038;ssl=1\" data-large-file=\"https:\/\/i0.wp.com\/calviadeportes.com\/wp-content\/uploads\/2022\/02\/Pabello%CC%81n-IES-Son-Ferrer-_0004_foto.jpg?fit=992%2C661&#038;ssl=1\" src=\"https:\/\/i0.wp.com\/calviadeportes.com\/wp-content\/uploads\/2022\/02\/Pabello%CC%81n-IES-Son-Ferrer-_0004_foto.jpg?w=455&#038;h=303&#038;ssl=1\" width=\"455\" height=\"303\" loading=\"lazy\" data-original-width=\"455\" data-original-height=\"303\" itemprop=\"http:\/\/schema.org\/image\" title=\"Pabello\u0301n IES Son Ferrer-_0004_foto\" alt=\"Pabello\u0301n IES Son Ferrer\" style=\"width: 455px; height: 303px;\" \/> <\/a> <\/div> <\/div> <!-- close group --> <\/div> <!-- close row --> <div class=\"gallery-row\" style=\"width: 1380px; height: 461px;\" data-original-width=\"1380\" data-original-height=\"461\" > <div class=\"gallery-group images-1\" style=\"width: 690px; height: 461px;\" data-original-width=\"690\" data-original-height=\"461\" > <div class=\"tiled-gallery-item tiled-gallery-item-large\" itemprop=\"associatedMedia\" itemscope itemtype=\"http:\/\/schema.org\/ImageObject\"> <a href=\"https:\/\/calviadeportes.com\/en\/pabellon-ies-son-ferrer-_0001_pabellon-ies-son-ferrer-2022-4-foto-2\/\" border=\"0\" itemprop=\"url\"> <meta itemprop=\"width\" content=\"686\"> <meta itemprop=\"height\" content=\"457\"> <img decoding=\"async\" class=\"\" data-attachment-id=\"20230\" data-orig-file=\"https:\/\/calviadeportes.com\/wp-content\/uploads\/2022\/02\/Pabello\u0301n-IES-Son-Ferrer-_0001_Pabello\u0301n-IES-Son-Ferrer-2022-4-foto.jpg\" data-orig-size=\"992,661\" data-comments-opened=\"1\" data-image-meta=\"{&quot;aperture&quot;:&quot;0&quot;,&quot;credit&quot;:&quot;&quot;,&quot;camera&quot;:&quot;&quot;,&quot;caption&quot;:&quot;&quot;,&quot;created_timestamp&quot;:&quot;0&quot;,&quot;copyright&quot;:&quot;&quot;,&quot;focal_length&quot;:&quot;0&quot;,&quot;iso&quot;:&quot;0&quot;,&quot;shutter_speed&quot;:&quot;0&quot;,&quot;title&quot;:&quot;&quot;,&quot;orientation&quot;:&quot;0&quot;}\" data-image-title=\"Pabello\u0301n IES Son Ferrer-_0001_Pabello\u0301n IES Son Ferrer-2022-4-foto\" data-image-description=\"\" data-medium-file=\"https:\/\/i0.wp.com\/calviadeportes.com\/wp-content\/uploads\/2022\/02\/Pabello%CC%81n-IES-Son-Ferrer-_0001_Pabello%CC%81n-IES-Son-Ferrer-2022-4-foto.jpg?fit=300%2C200&#038;ssl=1\" data-large-file=\"https:\/\/i0.wp.com\/calviadeportes.com\/wp-content\/uploads\/2022\/02\/Pabello%CC%81n-IES-Son-Ferrer-_0001_Pabello%CC%81n-IES-Son-Ferrer-2022-4-foto.jpg?fit=992%2C661&#038;ssl=1\" src=\"https:\/\/i0.wp.com\/calviadeportes.com\/wp-content\/uploads\/2022\/02\/Pabello%CC%81n-IES-Son-Ferrer-_0001_Pabello%CC%81n-IES-Son-Ferrer-2022-4-foto.jpg?w=686&#038;h=457&#038;ssl=1\" width=\"686\" height=\"457\" loading=\"lazy\" data-original-width=\"686\" data-original-height=\"457\" itemprop=\"http:\/\/schema.org\/image\" title=\"Pabello\u0301n IES Son Ferrer-_0001_Pabello\u0301n IES Son Ferrer-2022-4-foto\" alt=\"Pabello\u0301n IES Son Ferrer\" style=\"width: 686px; height: 457px;\" \/> <\/a> <\/div> <\/div> <!-- close group --> <div class=\"gallery-group images-1\" style=\"width: 690px; height: 461px;\" data-original-width=\"690\" data-original-height=\"461\" > <div class=\"tiled-gallery-item tiled-gallery-item-large\" itemprop=\"associatedMedia\" itemscope itemtype=\"http:\/\/schema.org\/ImageObject\"> <a href=\"https:\/\/calviadeportes.com\/en\/pabellon-ies-son-ferrer-_0000_pabellon-ies-son-ferrer-2022-5-foto-2\/\" border=\"0\" itemprop=\"url\"> <meta itemprop=\"width\" content=\"686\"> <meta itemprop=\"height\" content=\"457\"> <img decoding=\"async\" class=\"\" data-attachment-id=\"20227\" data-orig-file=\"https:\/\/calviadeportes.com\/wp-content\/uploads\/2022\/02\/Pabello\u0301n-IES-Son-Ferrer-_0000_Pabello\u0301n-IES-Son-Ferrer-2022-5-foto.jpg\" data-orig-size=\"992,661\" data-comments-opened=\"1\" data-image-meta=\"{&quot;aperture&quot;:&quot;0&quot;,&quot;credit&quot;:&quot;&quot;,&quot;camera&quot;:&quot;&quot;,&quot;caption&quot;:&quot;&quot;,&quot;created_timestamp&quot;:&quot;0&quot;,&quot;copyright&quot;:&quot;&quot;,&quot;focal_length&quot;:&quot;0&quot;,&quot;iso&quot;:&quot;0&quot;,&quot;shutter_speed&quot;:&quot;0&quot;,&quot;title&quot;:&quot;&quot;,&quot;orientation&quot;:&quot;0&quot;}\" data-image-title=\"Pabello\u0301n IES Son Ferrer-_0000_Pabello\u0301n IES Son Ferrer-2022-5-foto\" data-image-description=\"\" data-medium-file=\"https:\/\/i0.wp.com\/calviadeportes.com\/wp-content\/uploads\/2022\/02\/Pabello%CC%81n-IES-Son-Ferrer-_0000_Pabello%CC%81n-IES-Son-Ferrer-2022-5-foto.jpg?fit=300%2C200&#038;ssl=1\" data-large-file=\"https:\/\/i0.wp.com\/calviadeportes.com\/wp-content\/uploads\/2022\/02\/Pabello%CC%81n-IES-Son-Ferrer-_0000_Pabello%CC%81n-IES-Son-Ferrer-2022-5-foto.jpg?fit=992%2C661&#038;ssl=1\" src=\"https:\/\/i0.wp.com\/calviadeportes.com\/wp-content\/uploads\/2022\/02\/Pabello%CC%81n-IES-Son-Ferrer-_0000_Pabello%CC%81n-IES-Son-Ferrer-2022-5-foto.jpg?w=686&#038;h=457&#038;ssl=1\" width=\"686\" height=\"457\" loading=\"lazy\" data-original-width=\"686\" data-original-height=\"457\" itemprop=\"http:\/\/schema.org\/image\" title=\"Pabello\u0301n IES Son Ferrer-_0000_Pabello\u0301n IES Son Ferrer-2022-5-foto\" alt=\"Pabello\u0301n IES Son Ferrer\" style=\"width: 686px; height: 457px;\" \/> <\/a> <\/div> <\/div> <!-- close group --> <\/div> <!-- close row --> <\/div>\n<div class=\"push\" style='height:30px'><\/div>\n","protected":false},"excerpt":{"rendered":"<p>CONTACT Telephone: 971 67 03 10 Email: ice@calvia.com ADDRESS Son Ferrer C\/ Falc\u00f3, s\/n Map \u2192 EQUIPMENT Indoor multi-sports court Collective changing rooms Changing rooms for referees Changing rooms for&#8230;<\/p>\n","protected":false},"author":75162113,"featured_media":20230,"parent":0,"menu_order":0,"comment_status":"closed","ping_status":"closed","template":"","meta":{"_coblocks_attr":"","_coblocks_dimensions":"","_coblocks_responsive_height":"","_coblocks_accordion_ie_support":"","_crdt_document":"","footnotes":""},"class_list":["post-14858","page","type-page","status-publish","has-post-thumbnail","hentry"],"yoast_head":"<!-- This site is optimized with the Yoast SEO plugin v27.5 - https:\/\/yoast.com\/product\/yoast-seo-wordpress\/ -->\n<title>Jos\u00e9 Tirado Municipal indoor Sports Centre - Son Ferrer -<\/title>\n<meta name=\"description\" content=\"Jos\u00e9 Tirado Municipal Indoor Sports Centre is a facility located in Son Ferrer that has an indoor sports court and a gym.\" \/>\n<meta name=\"robots\" content=\"index, follow, max-snippet:-1, max-image-preview:large, max-video-preview:-1\" \/>\n<link rel=\"canonical\" href=\"https:\/\/calviadeportes.com\/en\/jose-tirado-municipal-indoor-sports-centre\/\" \/>\n<meta property=\"og:locale\" content=\"en_US\" \/>\n<meta property=\"og:type\" content=\"article\" \/>\n<meta property=\"og:title\" content=\"Jos\u00e9 Tirado Municipal indoor Sports Centre - Son Ferrer -\" \/>\n<meta property=\"og:description\" content=\"Jos\u00e9 Tirado Municipal Indoor Sports Centre is a facility located in Son Ferrer that has an indoor sports court and a gym.\" \/>\n<meta property=\"og:url\" content=\"https:\/\/calviadeportes.com\/en\/jose-tirado-municipal-indoor-sports-centre\/\" \/>\n<meta property=\"og:site_name\" content=\"Calvi\u00e0 sports\" \/>\n<meta property=\"article:modified_time\" content=\"2025-08-21T08:04:15+00:00\" \/>\n<meta property=\"og:image\" content=\"https:\/\/calviadeportes.com\/wp-content\/uploads\/2022\/02\/Pabello\u0301n-IES-Son-Ferrer-_0001_Pabello\u0301n-IES-Son-Ferrer-2022-4-foto.jpg\" \/>\n\t<meta property=\"og:image:width\" content=\"992\" \/>\n\t<meta property=\"og:image:height\" content=\"661\" \/>\n\t<meta property=\"og:image:type\" content=\"image\/jpeg\" \/>\n<meta name=\"twitter:card\" content=\"summary_large_image\" \/>\n<meta name=\"twitter:label1\" content=\"Est. reading time\" \/>\n\t<meta name=\"twitter:data1\" content=\"2 minutes\" \/>\n<script type=\"application\/ld+json\" class=\"yoast-schema-graph\">{\"@context\":\"https:\\\/\\\/schema.org\",\"@graph\":[{\"@type\":\"WebPage\",\"@id\":\"https:\\\/\\\/calviadeportes.com\\\/en\\\/jose-tirado-municipal-indoor-sports-centre\\\/\",\"url\":\"https:\\\/\\\/calviadeportes.com\\\/en\\\/jose-tirado-municipal-indoor-sports-centre\\\/\",\"name\":\"Jos\u00e9 Tirado Municipal indoor Sports Centre - Son Ferrer -\",\"isPartOf\":{\"@id\":\"https:\\\/\\\/calviadeportes.com\\\/en\\\/#website\"},\"primaryImageOfPage\":{\"@id\":\"https:\\\/\\\/calviadeportes.com\\\/en\\\/jose-tirado-municipal-indoor-sports-centre\\\/#primaryimage\"},\"image\":{\"@id\":\"https:\\\/\\\/calviadeportes.com\\\/en\\\/jose-tirado-municipal-indoor-sports-centre\\\/#primaryimage\"},\"thumbnailUrl\":\"https:\\\/\\\/i0.wp.com\\\/calviadeportes.com\\\/wp-content\\\/uploads\\\/2022\\\/02\\\/Pabello%CC%81n-IES-Son-Ferrer-_0001_Pabello%CC%81n-IES-Son-Ferrer-2022-4-foto.jpg?fit=992%2C661&ssl=1\",\"datePublished\":\"2021-01-21T09:35:33+00:00\",\"dateModified\":\"2025-08-21T08:04:15+00:00\",\"description\":\"Jos\u00e9 Tirado Municipal Indoor Sports Centre is a facility located in Son Ferrer that has an indoor sports court and a gym.\",\"breadcrumb\":{\"@id\":\"https:\\\/\\\/calviadeportes.com\\\/en\\\/jose-tirado-municipal-indoor-sports-centre\\\/#breadcrumb\"},\"inLanguage\":\"en-US\",\"potentialAction\":[{\"@type\":\"ReadAction\",\"target\":[\"https:\\\/\\\/calviadeportes.com\\\/en\\\/jose-tirado-municipal-indoor-sports-centre\\\/\"]}]},{\"@type\":\"ImageObject\",\"inLanguage\":\"en-US\",\"@id\":\"https:\\\/\\\/calviadeportes.com\\\/en\\\/jose-tirado-municipal-indoor-sports-centre\\\/#primaryimage\",\"url\":\"https:\\\/\\\/i0.wp.com\\\/calviadeportes.com\\\/wp-content\\\/uploads\\\/2022\\\/02\\\/Pabello%CC%81n-IES-Son-Ferrer-_0001_Pabello%CC%81n-IES-Son-Ferrer-2022-4-foto.jpg?fit=992%2C661&ssl=1\",\"contentUrl\":\"https:\\\/\\\/i0.wp.com\\\/calviadeportes.com\\\/wp-content\\\/uploads\\\/2022\\\/02\\\/Pabello%CC%81n-IES-Son-Ferrer-_0001_Pabello%CC%81n-IES-Son-Ferrer-2022-4-foto.jpg?fit=992%2C661&ssl=1\",\"width\":992,\"height\":661,\"caption\":\"Pabello\u0301n IES Son Ferrer\"},{\"@type\":\"BreadcrumbList\",\"@id\":\"https:\\\/\\\/calviadeportes.com\\\/en\\\/jose-tirado-municipal-indoor-sports-centre\\\/#breadcrumb\",\"itemListElement\":[{\"@type\":\"ListItem\",\"position\":1,\"name\":\"Portada\",\"item\":\"https:\\\/\\\/calviadeportes.com\\\/en\\\/\"},{\"@type\":\"ListItem\",\"position\":2,\"name\":\"Jos\u00e9 Tirado indoor Sports Centre\"}]},{\"@type\":\"WebSite\",\"@id\":\"https:\\\/\\\/calviadeportes.com\\\/en\\\/#website\",\"url\":\"https:\\\/\\\/calviadeportes.com\\\/en\\\/\",\"name\":\"Calvi\u00e0 sports\",\"description\":\"ICE Calvi\u00e0 | Ayuntamiento de Calvi\u00e0\",\"potentialAction\":[{\"@type\":\"SearchAction\",\"target\":{\"@type\":\"EntryPoint\",\"urlTemplate\":\"https:\\\/\\\/calviadeportes.com\\\/en\\\/?s={search_term_string}\"},\"query-input\":{\"@type\":\"PropertyValueSpecification\",\"valueRequired\":true,\"valueName\":\"search_term_string\"}}],\"inLanguage\":\"en-US\"}]}<\/script>\n<!-- \/ Yoast SEO plugin. -->","yoast_head_json":{"title":"Jos\u00e9 Tirado Municipal indoor Sports Centre - Son Ferrer -","description":"Jos\u00e9 Tirado Municipal Indoor Sports Centre is a facility located in Son Ferrer that has an indoor sports court and a gym.","robots":{"index":"index","follow":"follow","max-snippet":"max-snippet:-1","max-image-preview":"max-image-preview:large","max-video-preview":"max-video-preview:-1"},"canonical":"https:\/\/calviadeportes.com\/en\/jose-tirado-municipal-indoor-sports-centre\/","og_locale":"en_US","og_type":"article","og_title":"Jos\u00e9 Tirado Municipal indoor Sports Centre - Son Ferrer -","og_description":"Jos\u00e9 Tirado Municipal Indoor Sports Centre is a facility located in Son Ferrer that has an indoor sports court and a gym.","og_url":"https:\/\/calviadeportes.com\/en\/jose-tirado-municipal-indoor-sports-centre\/","og_site_name":"Calvi\u00e0 sports","article_modified_time":"2025-08-21T08:04:15+00:00","og_image":[{"width":992,"height":661,"url":"https:\/\/calviadeportes.com\/wp-content\/uploads\/2022\/02\/Pabello\u0301n-IES-Son-Ferrer-_0001_Pabello\u0301n-IES-Son-Ferrer-2022-4-foto.jpg","type":"image\/jpeg"}],"twitter_card":"summary_large_image","twitter_misc":{"Est. reading time":"2 minutes"},"schema":{"@context":"https:\/\/schema.org","@graph":[{"@type":"WebPage","@id":"https:\/\/calviadeportes.com\/en\/jose-tirado-municipal-indoor-sports-centre\/","url":"https:\/\/calviadeportes.com\/en\/jose-tirado-municipal-indoor-sports-centre\/","name":"Jos\u00e9 Tirado Municipal indoor Sports Centre - Son Ferrer -","isPartOf":{"@id":"https:\/\/calviadeportes.com\/en\/#website"},"primaryImageOfPage":{"@id":"https:\/\/calviadeportes.com\/en\/jose-tirado-municipal-indoor-sports-centre\/#primaryimage"},"image":{"@id":"https:\/\/calviadeportes.com\/en\/jose-tirado-municipal-indoor-sports-centre\/#primaryimage"},"thumbnailUrl":"https:\/\/i0.wp.com\/calviadeportes.com\/wp-content\/uploads\/2022\/02\/Pabello%CC%81n-IES-Son-Ferrer-_0001_Pabello%CC%81n-IES-Son-Ferrer-2022-4-foto.jpg?fit=992%2C661&ssl=1","datePublished":"2021-01-21T09:35:33+00:00","dateModified":"2025-08-21T08:04:15+00:00","description":"Jos\u00e9 Tirado Municipal Indoor Sports Centre is a facility located in Son Ferrer that has an indoor sports court and a gym.","breadcrumb":{"@id":"https:\/\/calviadeportes.com\/en\/jose-tirado-municipal-indoor-sports-centre\/#breadcrumb"},"inLanguage":"en-US","potentialAction":[{"@type":"ReadAction","target":["https:\/\/calviadeportes.com\/en\/jose-tirado-municipal-indoor-sports-centre\/"]}]},{"@type":"ImageObject","inLanguage":"en-US","@id":"https:\/\/calviadeportes.com\/en\/jose-tirado-municipal-indoor-sports-centre\/#primaryimage","url":"https:\/\/i0.wp.com\/calviadeportes.com\/wp-content\/uploads\/2022\/02\/Pabello%CC%81n-IES-Son-Ferrer-_0001_Pabello%CC%81n-IES-Son-Ferrer-2022-4-foto.jpg?fit=992%2C661&ssl=1","contentUrl":"https:\/\/i0.wp.com\/calviadeportes.com\/wp-content\/uploads\/2022\/02\/Pabello%CC%81n-IES-Son-Ferrer-_0001_Pabello%CC%81n-IES-Son-Ferrer-2022-4-foto.jpg?fit=992%2C661&ssl=1","width":992,"height":661,"caption":"Pabello\u0301n IES Son Ferrer"},{"@type":"BreadcrumbList","@id":"https:\/\/calviadeportes.com\/en\/jose-tirado-municipal-indoor-sports-centre\/#breadcrumb","itemListElement":[{"@type":"ListItem","position":1,"name":"Portada","item":"https:\/\/calviadeportes.com\/en\/"},{"@type":"ListItem","position":2,"name":"Jos\u00e9 Tirado indoor Sports Centre"}]},{"@type":"WebSite","@id":"https:\/\/calviadeportes.com\/en\/#website","url":"https:\/\/calviadeportes.com\/en\/","name":"Calvi\u00e0 sports","description":"ICE Calvi\u00e0 | Ayuntamiento de Calvi\u00e0","potentialAction":[{"@type":"SearchAction","target":{"@type":"EntryPoint","urlTemplate":"https:\/\/calviadeportes.com\/en\/?s={search_term_string}"},"query-input":{"@type":"PropertyValueSpecification","valueRequired":true,"valueName":"search_term_string"}}],"inLanguage":"en-US"}]}},"jetpack_likes_enabled":false,"jetpack_sharing_enabled":false,"jetpack_shortlink":"https:\/\/wp.me\/PckSre-3RE","_links":{"self":[{"href":"https:\/\/calviadeportes.com\/en\/wp-json\/wp\/v2\/pages\/14858","targetHints":{"allow":["GET"]}}],"collection":[{"href":"https:\/\/calviadeportes.com\/en\/wp-json\/wp\/v2\/pages"}],"about":[{"href":"https:\/\/calviadeportes.com\/en\/wp-json\/wp\/v2\/types\/page"}],"author":[{"embeddable":true,"href":"https:\/\/calviadeportes.com\/en\/wp-json\/wp\/v2\/users\/75162113"}],"replies":[{"embeddable":true,"href":"https:\/\/calviadeportes.com\/en\/wp-json\/wp\/v2\/comments?post=14858"}],"version-history":[{"count":18,"href":"https:\/\/calviadeportes.com\/en\/wp-json\/wp\/v2\/pages\/14858\/revisions"}],"predecessor-version":[{"id":31085,"href":"https:\/\/calviadeportes.com\/en\/wp-json\/wp\/v2\/pages\/14858\/revisions\/31085"}],"wp:featuredmedia":[{"embeddable":true,"href":"https:\/\/calviadeportes.com\/en\/wp-json\/wp\/v2\/media\/20230"}],"wp:attachment":[{"href":"https:\/\/calviadeportes.com\/en\/wp-json\/wp\/v2\/media?parent=14858"}],"curies":[{"name":"wp","href":"https:\/\/api.w.org\/{rel}","templated":true}]}}