{"id":34655,"date":"2026-08-04T12:00:08","date_gmt":"2026-08-04T10:00:08","guid":{"rendered":"https:\/\/calviadeportes.com\/?post_type=tribe_events&#038;p=34655"},"modified":"2026-08-10T11:12:51","modified_gmt":"2026-08-10T09:12:51","slug":"octubre-2026-nordic-walking","status":"publish","type":"tribe_events","link":"https:\/\/calviadeportes.com\/ca\/evento\/octubre-2026-nordic-walking\/","title":{"rendered":"OCTUBRE 2026 &#8211; NORDIC WALKING"},"content":{"rendered":"<p>NORDIC WALKING CALVI\u00c0 2026<\/p>\n<a href=\"https:\/\/forms.gle\/FugzACzyRN826h87A\" target=\"_blank\" style='font-size: 14px;' class=\"button vamtam-button accent1  button-filled hover-accent2 \"><span class=\"btext\">INSCRIPCIONS OCTUBRE<\/span><\/a>\n<p>DISSABTES D&#8217;OCTUBRE<\/p>\n<div class=\"wpv-accordion-wrapper wpv-accordion-1\"><ul class=\"wpv-accordion\" data-collapsible=\"true\"><li class=\"pane-wrapper\" style=\"\">\n\t\t\t\t\t<h4 class=\"tab\"><div class=\"inner\">3 d&#8217;octubre 2026<\/div><\/h4>\n\t\t\t\t\t<div class=\"pane\"><div class=\"inner\"><p>\ud83d\udcc5 Dia: 03\/10\/26<\/p>\n<p>\ud83d\udd52 Hora: 18:30H<\/p>\n<p>\ud83d\udccd Sortida i ubicaci\u00f3: UBS Son Ferrer<br \/>\n\ud83d\udee4\ufe0f Ruta: Iniciarem la ruta a davant la UBS de Son Ferrer i continuarem pel C\/ Ocell Parad\u00eds fins arribar al passeig. Agafarem direcci\u00f3 el Toro per fer una volta per el Parc Merendero. En sortir del parc, seguirem pel passeig en direcci\u00f3 Magaluf fins a la rotonda del num 9. En el C\/ Tud\u00f3 ens desviarem a la dreta i farem una volta circular per el bosquet. Tornarem a la UBS agafant el C\/ Tud\u00f3, el C\/ de Can Ferrer, el C\/ de Girfalc i el C\/ Ocell Parad\u00eds<\/p>\n<p><a href=\"https:\/\/ca.wikiloc.com\/rutes-senderisme\/nwcalvia-2020-zona-son-ferrer-el-toro-2-60173016\">Enlla\u00e7 ruta<\/a><\/p>\n<p><a href=\"https:\/\/forms.gle\/FugzACzyRN826h87A\">Inscripci\u00f3 aqu\u00ed<\/a><\/div><\/div>\n\t\t\t\t\t<\/li><li class=\"pane-wrapper\" style=\"\">\n\t\t\t\t\t<h4 class=\"tab\"><div class=\"inner\">10 d&#8217;octubre 2026<\/div><\/h4>\n\t\t\t\t\t<div class=\"pane\"><div class=\"inner\"><p>\ud83d\udcc5 Dia: 10\/10\/26<\/p>\n<p>\ud83d\udd52 Hora: 18:30H<\/p>\n<p>\ud83d\udccd Sortida i ubicaci\u00f3: Pla\u00e7a de Portals Nous<br \/>\n\ud83d\udee4\ufe0f Ruta: La ruta s&#8217;inicia a la Pla\u00e7a de Portals Nous. Iniciarem cam\u00ed pel passeig fins arribar a la zona de Marineland. Continuarem pel c\/ Benito J Feijoo i girarem a la dreta per entrar al Port de Portals. Caminarem pel passeig del Port i arribarem fins al final de l\u2019escollera.<br \/>\nTornarem enrere, passarem per la platja i pujarem les escales del Passatge de la Mar. Seguirem recte i en pocs minuts ja tornarem a ser a la Pla\u00e7a de Portals.<\/p>\n<p><a href=\"https:\/\/ca.wikiloc.com\/rutes-marxa-nordica\/nw-calvia-ruta-portals-186799468\">Enlla\u00e7 ruta<\/a><\/p>\n<p><a href=\"https:\/\/forms.gle\/FugzACzyRN826h87A\">Inscripci\u00f3 aqu\u00ed<\/a><\/div><\/div>\n\t\t\t\t\t<\/li><li class=\"pane-wrapper\" style=\"\">\n\t\t\t\t\t<h4 class=\"tab\"><div class=\"inner\">17 d&#8217;octubre 2026<\/div><\/h4>\n\t\t\t\t\t<div class=\"pane\"><div class=\"inner\"><p>\ud83d\udcc5 Dia: 17\/10\/26<\/p>\n<p>\ud83d\udd52 Hora: 18:30H<\/p>\n<p>\ud83d\udccd Sortida i ubicaci\u00f3: <a href=\"https:\/\/maps.app.goo.gl\/MDmjd9TCe4QqR8Gj9\">Piscina Municipal de Son Caliu<\/a><br \/>\n\ud83d\udee4\ufe0f Ruta: Ruta partint de les piscines de Son Caliu, fent un passeig per la zona urbana i el carrer principal (c\/de Burgos). Arribarem al passeig i travessarem per arribar a la costa, a la zona de Punta Negra. A l&#8217;al\u00e7ada de l&#8217;Embarcador de Mardavall tornarem de nou al passeig i en poc m\u00e9s de 10 minuts ja podrem tornar a ser a les piscines.<\/p>\n<p><a href=\"https:\/\/ca.wikiloc.com\/rutes-marxa-nordica\/nwcalvia-ruta-son-caliu-171484668\">Enlla\u00e7 ruta<\/a><\/p>\n<p>\ud83d\udcdd<a href=\"https:\/\/forms.gle\/FugzACzyRN826h87A\">Inscripci\u00f3 aqu\u00ed<\/a><\/div><\/div>\n\t\t\t\t\t<\/li><li class=\"pane-wrapper\" style=\"\">\n\t\t\t\t\t<h4 class=\"tab\"><div class=\"inner\">24 d&#8217;octubre 2026<\/div><\/h4>\n\t\t\t\t\t<div class=\"pane\"><div class=\"inner\"><p>\ud83d\udcc5 Dia: 24 \/10\/26<\/p>\n<p>\ud83d\udd52 Hora: 18:30H<\/p>\n<p>\ud83d\udccd Sortida i ubicaci\u00f3: <a href=\"https:\/\/maps.app.goo.gl\/Lmr5sCXbhjFUD62KA\">UBS de Peguera<\/a><\/p>\n<p>\ud83d\udee4\ufe0f Ruta: Iniciarem la ruta a davant de la UBS de Peguera. Partirem cap el C\/ de La Mimosa. Arribarem a l&#8217;Av de Peguera pel C\/ Noguer. Seguirem per l&#8217;avinguda i pel C\/ de Nica arribarem al passeig de la platja Palmira. Al final, el C\/ Passarells ens dur\u00e0 a l&#8217;altra platja Tor\u00e0 i a la m\u00e9s petita la Platja de la Romana. Pel C\/ Miguel Mihura arribarem de nou al Boulevar de Peguera per on caminarem fins arribar al C\/ Malgrat per finalitzar de nou a la UBS.<\/p>\n<p><a href=\"https:\/\/ca.wikiloc.com\/rutes-marxa-nordica\/peguera-93115646\">Enlla\u00e7 ruta<\/a><\/p>\n<p>\ud83d\udcdd<a href=\"https:\/\/forms.gle\/FugzACzyRN826h87A\">Inscripci\u00f3 aqu\u00ed<\/a><\/div><\/div>\n\t\t\t\t\t<\/li><li class=\"pane-wrapper\" style=\"\">\n\t\t\t\t\t<h4 class=\"tab\"><div class=\"inner\">31 d&#8217;octubre 2026<\/div><\/h4>\n\t\t\t\t\t<div class=\"pane\"><div class=\"inner\"><p>\ud83d\udcc5 Dia: 31 \/10\/26<\/p>\n<p>\ud83d\udd52 Hora: 18:30H<\/p>\n<p>\ud83d\udccd Sortida i ubicaci\u00f3: <a href=\"https:\/\/maps.app.goo.gl\/HGMeeba4E3afcta39\">UBS El Toro<\/a><\/p>\n<p>\ud83d\udee4\ufe0f Ruta: Partim de la UBS del Toro. Seguirem pel c\/Gran Via en direcci\u00f3 Carretera de Magaluf-Santa Pon\u00e7a. Girarem a l\u2019esquerra seguint el passeig. Girarem de nou a la dreta pel c\/ Murillo. Just abans de les primeres cases (a la dreta) surt un cam\u00ed de terra que ens permetr\u00e0 arribar a la costa i gaudir d\u2019una vista espectacular. Tornarem enrera i pel C\/Mont Aneto tornarem al passeig que ens permetr\u00e0 arribar finalment al Toro, a la UBS de Salut.<\/p>\n<p><a href=\"https:\/\/ca.wikiloc.com\/rutes-marxa-nordica\/nwcalvia-el-toro-direccio-santa-ponca-175902966\">Enlla\u00e7 ruta<\/a><\/p>\n<p>\ud83d\udcdd<a href=\"https:\/\/forms.gle\/FugzACzyRN826h87A\">Inscripci\u00f3 aqu\u00ed<\/a><\/div><\/div>\n\t\t\t\t\t<\/li><\/ul><style>.wpv-accordion-1 .tab .inner { background-color: #e32e33; color: #ffffff; }<\/style><\/div>\n<p>IMPORTANT: si NO has d\u2019assistir cancel\u00b7la la teva inscripci\u00f3 en el mateix formulari que has fet abans d\u2019una setmana per a donar la teva pla\u00e7a a una altra persona.<\/p>\n<p>\ud83d\udeb0 Recorda portar aigua per a la sortida.<\/p>\n<p>\ud83d\udc5f No tens bastons per a donar marxa n\u00f2rdica? No hi ha problema: nosaltres te\u2019ls deixem!<\/p>\n<p>\ud83d\udc55 Nom\u00e9s pensa a portar roba esportiva.<\/p>\n<p>\ud83d\udd0d Veu mirant la web per si hi ha algun canvi o modificaci\u00f3.<\/p>\n<p>Fins aviat.<\/p>\n<p>Salut i molta marxa! \ud83d\udeb6\u200d\u2642\ufe0f\ud83c\udf3f<\/p>\n<a href=\"https:\/\/forms.gle\/FugzACzyRN826h87A\" target=\"_blank\" style='font-size: 14px;' class=\"button vamtam-button accent1  button-filled hover-accent2 \"><span class=\"btext\">INSCRIPCIONS OCTUBRE<\/span><\/a>\n<p><img data-recalc-dims=\"1\" loading=\"lazy\" decoding=\"async\" data-attachment-id=\"34767\" data-permalink=\"https:\/\/calviadeportes.com\/ca\/evento\/octubre-2026-nordic-walking\/nordic-walking-calvia-2026-octubre\/\" data-orig-file=\"https:\/\/i0.wp.com\/calviadeportes.com\/wp-content\/uploads\/2026\/08\/NORDIC-WALKING-CALVIA-2026-octubre.png?fit=1080%2C1080&amp;ssl=1\" data-orig-size=\"1080,1080\" data-comments-opened=\"1\" data-image-meta=\"{&quot;aperture&quot;:&quot;0&quot;,&quot;credit&quot;:&quot;&quot;,&quot;camera&quot;:&quot;&quot;,&quot;caption&quot;:&quot;&quot;,&quot;created_timestamp&quot;:&quot;0&quot;,&quot;copyright&quot;:&quot;&quot;,&quot;focal_length&quot;:&quot;0&quot;,&quot;iso&quot;:&quot;0&quot;,&quot;shutter_speed&quot;:&quot;0&quot;,&quot;title&quot;:&quot;&quot;,&quot;orientation&quot;:&quot;0&quot;,&quot;alt&quot;:&quot;&quot;}\" data-image-title=\"NORDIC WALKING CALVI\u00c0 2026-octubre\" data-image-description=\"\" data-image-caption=\"\" data-large-file=\"https:\/\/i0.wp.com\/calviadeportes.com\/wp-content\/uploads\/2026\/08\/NORDIC-WALKING-CALVIA-2026-octubre.png?fit=1024%2C1024&amp;ssl=1\" class=\"alignnone wp-image-34767 size-large\" src=\"https:\/\/i0.wp.com\/calviadeportes.com\/wp-content\/uploads\/2026\/08\/NORDIC-WALKING-CALVIA-2026-octubre.png?resize=1024%2C1024&#038;ssl=1\" alt=\"\" width=\"1024\" height=\"1024\" srcset=\"https:\/\/i0.wp.com\/calviadeportes.com\/wp-content\/uploads\/2026\/08\/NORDIC-WALKING-CALVIA-2026-octubre.png?resize=1024%2C1024&amp;ssl=1 1024w, https:\/\/i0.wp.com\/calviadeportes.com\/wp-content\/uploads\/2026\/08\/NORDIC-WALKING-CALVIA-2026-octubre.png?resize=300%2C300&amp;ssl=1 300w, https:\/\/i0.wp.com\/calviadeportes.com\/wp-content\/uploads\/2026\/08\/NORDIC-WALKING-CALVIA-2026-octubre.png?resize=150%2C150&amp;ssl=1 150w, https:\/\/i0.wp.com\/calviadeportes.com\/wp-content\/uploads\/2026\/08\/NORDIC-WALKING-CALVIA-2026-octubre.png?resize=768%2C768&amp;ssl=1 768w, https:\/\/i0.wp.com\/calviadeportes.com\/wp-content\/uploads\/2026\/08\/NORDIC-WALKING-CALVIA-2026-octubre.png?resize=60%2C60&amp;ssl=1 60w, https:\/\/i0.wp.com\/calviadeportes.com\/wp-content\/uploads\/2026\/08\/NORDIC-WALKING-CALVIA-2026-octubre.png?resize=43%2C43&amp;ssl=1 43w, https:\/\/i0.wp.com\/calviadeportes.com\/wp-content\/uploads\/2026\/08\/NORDIC-WALKING-CALVIA-2026-octubre.png?resize=615%2C615&amp;ssl=1 615w, https:\/\/i0.wp.com\/calviadeportes.com\/wp-content\/uploads\/2026\/08\/NORDIC-WALKING-CALVIA-2026-octubre.png?resize=400%2C400&amp;ssl=1 400w, https:\/\/i0.wp.com\/calviadeportes.com\/wp-content\/uploads\/2026\/08\/NORDIC-WALKING-CALVIA-2026-octubre.png?resize=292%2C292&amp;ssl=1 292w, https:\/\/i0.wp.com\/calviadeportes.com\/wp-content\/uploads\/2026\/08\/NORDIC-WALKING-CALVIA-2026-octubre.png?resize=50%2C50&amp;ssl=1 50w, https:\/\/i0.wp.com\/calviadeportes.com\/wp-content\/uploads\/2026\/08\/NORDIC-WALKING-CALVIA-2026-octubre.png?w=1080&amp;ssl=1 1080w\" sizes=\"auto, (max-width: 1024px) 100vw, 1024px\" \/><\/p>\n","protected":false},"excerpt":{"rendered":"<p>NORDIC WALKING CALVI\u00c0 2026 DISSABTES D&#8217;OCTUBRE IMPORTANT: si NO has d\u2019assistir cancel\u00b7la la teva inscripci\u00f3 en el mateix formulari que has fet abans d\u2019una setmana per a donar la teva&#8230;<\/p>\n","protected":false},"author":192862116,"featured_media":34767,"template":"","meta":{"_coblocks_attr":"","_coblocks_dimensions":"","_coblocks_responsive_height":"","_coblocks_accordion_ie_support":"","_tribe_events_status":"","_tribe_events_status_reason":"","footnotes":""},"tags":[],"tribe_events_cat":[324,286],"class_list":["post-34655","tribe_events","type-tribe_events","status-publish","has-post-thumbnail","hentry","tribe_events_cat-emhas-ca","tribe_events_cat-nordic-walking-ca","cat_emhas-ca","cat_nordic-walking-ca"],"yoast_head":"<!-- This site is optimized with the Yoast SEO plugin v28.4 - https:\/\/yoast.com\/product\/yoast-seo-wordpress\/ -->\n<title>OCTUBRE 2026 - NORDIC WALKING - Calvi\u00e0 esports<\/title>\n<meta name=\"description\" content=\"Tots els dissabtes d&#039;octubre 03, 10, 17, 24 i 31 les 18:30h. Les rutes s\u00f3n senzilles i adaptades a qualsevol edat, inscripcions obertes\" \/>\n<meta name=\"robots\" content=\"index, follow, max-snippet:-1, max-image-preview:large, max-video-preview:-1\" \/>\n<link rel=\"canonical\" href=\"https:\/\/calviadeportes.com\/ca\/evento\/octubre-2026-nordic-walking\/\" \/>\n<meta property=\"og:locale\" content=\"ca_ES\" \/>\n<meta property=\"og:type\" content=\"article\" \/>\n<meta property=\"og:title\" content=\"OCTUBRE 2026 - NORDIC WALKING - Calvi\u00e0 esports\" \/>\n<meta property=\"og:description\" content=\"Tots els dissabtes d&#039;octubre 03, 10, 17, 24 i 31 les 18:30h. Les rutes s\u00f3n senzilles i adaptades a qualsevol edat, inscripcions obertes\" \/>\n<meta property=\"og:url\" content=\"https:\/\/calviadeportes.com\/ca\/evento\/octubre-2026-nordic-walking\/\" \/>\n<meta property=\"og:site_name\" content=\"Calvi\u00e0 esports\" \/>\n<meta property=\"article:modified_time\" content=\"2026-08-10T09:12:51+00:00\" \/>\n<meta property=\"og:image\" content=\"https:\/\/calviadeportes.com\/wp-content\/uploads\/2026\/08\/NORDIC-WALKING-CALVIA-2026-octubre.png\" \/>\n\t<meta property=\"og:image:width\" content=\"1080\" \/>\n\t<meta property=\"og:image:height\" content=\"1080\" \/>\n\t<meta property=\"og:image:type\" content=\"image\/png\" \/>\n<meta name=\"twitter:card\" content=\"summary_large_image\" \/>\n<meta name=\"twitter:label1\" content=\"Temps estimat de lectura\" \/>\n\t<meta name=\"twitter:data1\" content=\"4 minuts\" \/>\n<script type=\"application\/ld+json\" class=\"yoast-schema-graph\">{\"@context\":\"https:\\\/\\\/schema.org\",\"@graph\":[{\"@type\":\"WebPage\",\"@id\":\"https:\\\/\\\/calviadeportes.com\\\/ca\\\/evento\\\/octubre-2026-nordic-walking\\\/\",\"url\":\"https:\\\/\\\/calviadeportes.com\\\/ca\\\/evento\\\/octubre-2026-nordic-walking\\\/\",\"name\":\"OCTUBRE 2026 - NORDIC WALKING - Calvi\u00e0 esports\",\"isPartOf\":{\"@id\":\"https:\\\/\\\/calviadeportes.com\\\/ca\\\/#website\"},\"primaryImageOfPage\":{\"@id\":\"https:\\\/\\\/calviadeportes.com\\\/ca\\\/evento\\\/octubre-2026-nordic-walking\\\/#primaryimage\"},\"image\":{\"@id\":\"https:\\\/\\\/calviadeportes.com\\\/ca\\\/evento\\\/octubre-2026-nordic-walking\\\/#primaryimage\"},\"thumbnailUrl\":\"https:\\\/\\\/i0.wp.com\\\/calviadeportes.com\\\/wp-content\\\/uploads\\\/2026\\\/08\\\/NORDIC-WALKING-CALVIA-2026-octubre.png?fit=1080%2C1080&ssl=1\",\"datePublished\":\"2026-08-04T10:00:08+00:00\",\"dateModified\":\"2026-08-10T09:12:51+00:00\",\"description\":\"Tots els dissabtes d'octubre 03, 10, 17, 24 i 31 les 18:30h. Les rutes s\u00f3n senzilles i adaptades a qualsevol edat, inscripcions obertes\",\"breadcrumb\":{\"@id\":\"https:\\\/\\\/calviadeportes.com\\\/ca\\\/evento\\\/octubre-2026-nordic-walking\\\/#breadcrumb\"},\"inLanguage\":\"ca\",\"potentialAction\":[{\"@type\":\"ReadAction\",\"target\":[\"https:\\\/\\\/calviadeportes.com\\\/ca\\\/evento\\\/octubre-2026-nordic-walking\\\/\"]}]},{\"@type\":\"ImageObject\",\"inLanguage\":\"ca\",\"@id\":\"https:\\\/\\\/calviadeportes.com\\\/ca\\\/evento\\\/octubre-2026-nordic-walking\\\/#primaryimage\",\"url\":\"https:\\\/\\\/i0.wp.com\\\/calviadeportes.com\\\/wp-content\\\/uploads\\\/2026\\\/08\\\/NORDIC-WALKING-CALVIA-2026-octubre.png?fit=1080%2C1080&ssl=1\",\"contentUrl\":\"https:\\\/\\\/i0.wp.com\\\/calviadeportes.com\\\/wp-content\\\/uploads\\\/2026\\\/08\\\/NORDIC-WALKING-CALVIA-2026-octubre.png?fit=1080%2C1080&ssl=1\",\"width\":1080,\"height\":1080},{\"@type\":\"BreadcrumbList\",\"@id\":\"https:\\\/\\\/calviadeportes.com\\\/ca\\\/evento\\\/octubre-2026-nordic-walking\\\/#breadcrumb\",\"itemListElement\":[{\"@type\":\"ListItem\",\"position\":1,\"name\":\"Portada\",\"item\":\"https:\\\/\\\/calviadeportes.com\\\/ca\\\/\"},{\"@type\":\"ListItem\",\"position\":2,\"name\":\"Esdeveniments\",\"item\":\"https:\\\/\\\/calviadeportes.com\\\/ca\\\/eventos\\\/\"},{\"@type\":\"ListItem\",\"position\":3,\"name\":\"OCTUBRE 2026 &#8211; NORDIC WALKING\"}]},{\"@type\":\"WebSite\",\"@id\":\"https:\\\/\\\/calviadeportes.com\\\/ca\\\/#website\",\"url\":\"https:\\\/\\\/calviadeportes.com\\\/ca\\\/\",\"name\":\"Calvi\u00e0 esports\",\"description\":\"ICE Calvi\u00e0 | Ayuntamiento de Calvi\u00e0\",\"potentialAction\":[{\"@type\":\"SearchAction\",\"target\":{\"@type\":\"EntryPoint\",\"urlTemplate\":\"https:\\\/\\\/calviadeportes.com\\\/ca\\\/?s={search_term_string}\"},\"query-input\":{\"@type\":\"PropertyValueSpecification\",\"valueRequired\":true,\"valueName\":\"search_term_string\"}}],\"inLanguage\":\"ca\"}]}<\/script>\n<!-- \/ Yoast SEO plugin. -->","yoast_head_json":{"title":"OCTUBRE 2026 - NORDIC WALKING - Calvi\u00e0 esports","description":"Tots els dissabtes d'octubre 03, 10, 17, 24 i 31 les 18:30h. Les rutes s\u00f3n senzilles i adaptades a qualsevol edat, inscripcions obertes","robots":{"index":"index","follow":"follow","max-snippet":"max-snippet:-1","max-image-preview":"max-image-preview:large","max-video-preview":"max-video-preview:-1"},"canonical":"https:\/\/calviadeportes.com\/ca\/evento\/octubre-2026-nordic-walking\/","og_locale":"ca_ES","og_type":"article","og_title":"OCTUBRE 2026 - NORDIC WALKING - Calvi\u00e0 esports","og_description":"Tots els dissabtes d'octubre 03, 10, 17, 24 i 31 les 18:30h. Les rutes s\u00f3n senzilles i adaptades a qualsevol edat, inscripcions obertes","og_url":"https:\/\/calviadeportes.com\/ca\/evento\/octubre-2026-nordic-walking\/","og_site_name":"Calvi\u00e0 esports","article_modified_time":"2026-08-10T09:12:51+00:00","og_image":[{"width":1080,"height":1080,"url":"https:\/\/calviadeportes.com\/wp-content\/uploads\/2026\/08\/NORDIC-WALKING-CALVIA-2026-octubre.png","type":"image\/png"}],"twitter_card":"summary_large_image","twitter_misc":{"Temps estimat de lectura":"4 minuts"},"schema":{"@context":"https:\/\/schema.org","@graph":[{"@type":"WebPage","@id":"https:\/\/calviadeportes.com\/ca\/evento\/octubre-2026-nordic-walking\/","url":"https:\/\/calviadeportes.com\/ca\/evento\/octubre-2026-nordic-walking\/","name":"OCTUBRE 2026 - NORDIC WALKING - Calvi\u00e0 esports","isPartOf":{"@id":"https:\/\/calviadeportes.com\/ca\/#website"},"primaryImageOfPage":{"@id":"https:\/\/calviadeportes.com\/ca\/evento\/octubre-2026-nordic-walking\/#primaryimage"},"image":{"@id":"https:\/\/calviadeportes.com\/ca\/evento\/octubre-2026-nordic-walking\/#primaryimage"},"thumbnailUrl":"https:\/\/i0.wp.com\/calviadeportes.com\/wp-content\/uploads\/2026\/08\/NORDIC-WALKING-CALVIA-2026-octubre.png?fit=1080%2C1080&ssl=1","datePublished":"2026-08-04T10:00:08+00:00","dateModified":"2026-08-10T09:12:51+00:00","description":"Tots els dissabtes d'octubre 03, 10, 17, 24 i 31 les 18:30h. Les rutes s\u00f3n senzilles i adaptades a qualsevol edat, inscripcions obertes","breadcrumb":{"@id":"https:\/\/calviadeportes.com\/ca\/evento\/octubre-2026-nordic-walking\/#breadcrumb"},"inLanguage":"ca","potentialAction":[{"@type":"ReadAction","target":["https:\/\/calviadeportes.com\/ca\/evento\/octubre-2026-nordic-walking\/"]}]},{"@type":"ImageObject","inLanguage":"ca","@id":"https:\/\/calviadeportes.com\/ca\/evento\/octubre-2026-nordic-walking\/#primaryimage","url":"https:\/\/i0.wp.com\/calviadeportes.com\/wp-content\/uploads\/2026\/08\/NORDIC-WALKING-CALVIA-2026-octubre.png?fit=1080%2C1080&ssl=1","contentUrl":"https:\/\/i0.wp.com\/calviadeportes.com\/wp-content\/uploads\/2026\/08\/NORDIC-WALKING-CALVIA-2026-octubre.png?fit=1080%2C1080&ssl=1","width":1080,"height":1080},{"@type":"BreadcrumbList","@id":"https:\/\/calviadeportes.com\/ca\/evento\/octubre-2026-nordic-walking\/#breadcrumb","itemListElement":[{"@type":"ListItem","position":1,"name":"Portada","item":"https:\/\/calviadeportes.com\/ca\/"},{"@type":"ListItem","position":2,"name":"Esdeveniments","item":"https:\/\/calviadeportes.com\/ca\/eventos\/"},{"@type":"ListItem","position":3,"name":"OCTUBRE 2026 &#8211; NORDIC WALKING"}]},{"@type":"WebSite","@id":"https:\/\/calviadeportes.com\/ca\/#website","url":"https:\/\/calviadeportes.com\/ca\/","name":"Calvi\u00e0 esports","description":"ICE Calvi\u00e0 | Ayuntamiento de Calvi\u00e0","potentialAction":[{"@type":"SearchAction","target":{"@type":"EntryPoint","urlTemplate":"https:\/\/calviadeportes.com\/ca\/?s={search_term_string}"},"query-input":{"@type":"PropertyValueSpecification","valueRequired":true,"valueName":"search_term_string"}}],"inLanguage":"ca"}]}},"jetpack_likes_enabled":false,"jetpack_sharing_enabled":false,"_links":{"self":[{"href":"https:\/\/calviadeportes.com\/ca\/wp-json\/wp\/v2\/tribe_events\/34655","targetHints":{"allow":["GET"]}}],"collection":[{"href":"https:\/\/calviadeportes.com\/ca\/wp-json\/wp\/v2\/tribe_events"}],"about":[{"href":"https:\/\/calviadeportes.com\/ca\/wp-json\/wp\/v2\/types\/tribe_events"}],"author":[{"embeddable":true,"href":"https:\/\/calviadeportes.com\/ca\/wp-json\/wp\/v2\/users\/192862116"}],"version-history":[{"count":4,"href":"https:\/\/calviadeportes.com\/ca\/wp-json\/wp\/v2\/tribe_events\/34655\/revisions"}],"predecessor-version":[{"id":34776,"href":"https:\/\/calviadeportes.com\/ca\/wp-json\/wp\/v2\/tribe_events\/34655\/revisions\/34776"}],"wp:featuredmedia":[{"embeddable":true,"href":"https:\/\/calviadeportes.com\/ca\/wp-json\/wp\/v2\/media\/34767"}],"wp:attachment":[{"href":"https:\/\/calviadeportes.com\/ca\/wp-json\/wp\/v2\/media?parent=34655"}],"wp:term":[{"taxonomy":"post_tag","embeddable":true,"href":"https:\/\/calviadeportes.com\/ca\/wp-json\/wp\/v2\/tags?post=34655"},{"taxonomy":"tribe_events_cat","embeddable":true,"href":"https:\/\/calviadeportes.com\/ca\/wp-json\/wp\/v2\/tribe_events_cat?post=34655"}],"curies":[{"name":"wp","href":"https:\/\/api.w.org\/{rel}","templated":true}]}}