{"id":33185,"date":"2026-03-20T11:53:53","date_gmt":"2026-03-20T10:53:53","guid":{"rendered":"https:\/\/calviadeportes.com\/evento\/maig-2026-nordic-walking\/"},"modified":"2026-04-29T13:51:30","modified_gmt":"2026-04-29T11:51:30","slug":"maig-2026-nordic-walking","status":"publish","type":"tribe_events","link":"https:\/\/calviadeportes.com\/ca\/evento\/maig-2026-nordic-walking\/","title":{"rendered":"MAIG 2026 &#8211; NORDIC WALKING"},"content":{"rendered":"<p><b>NORDIC WALKING CALVI\u00c0 2026<\/b><\/p>\n<a href=\"https:\/\/forms.gle\/B5njRZ6oJRRJLonx9\" target=\"_blank\" style='font-size: 14px;' class=\"button vamtam-button accent1  button-filled hover-accent2 \"><span class=\"btext\">INSCRIPCIONS MAIG<\/span><\/a>\n<h3><strong>DISSABTES DE MAIG<\/strong><\/h3>\n<div class=\"wpv-accordion-wrapper wpv-accordion-1\"><ul class=\"wpv-accordion\" data-collapsible=\"true\"><li class=\"pane-wrapper\" style=\"\">\n\t\t\t\t\t<h4 class=\"tab\"><div class=\"inner\">09 de maig 2026<\/div><\/h4>\n\t\t\t\t\t<div class=\"pane\"><div class=\"inner\"><p>\ud83d\udcc5 Dia: 09\/05\/26<\/p>\n<p>\ud83d\udd52 Hora: 17:00H<\/p>\n<p>\ud83d\udccd Sortida i ubicaci\u00f3: <a href=\"https:\/\/maps.app.goo.gl\/eTbL7FtrfFVSstZt8\">\u00a0UBS de Galatz\u00f3<\/a><\/p>\n<p>\ud83d\udee4\ufe0f Ruta: Iniciaremos la ruta frente a la UBS de Galatz\u00f3 y continuaremos a la derecha por la Av. de Son Pillo hasta llegar al final. Giraremos a la izquierda y daremos la vuelta a todo el per\u00edmetro del n\u00facleo de Galatz\u00f3. Aprovecharemos los caminos de tierra de junto al torrente y volveremos a la UBS por la misma Av. de Son Pillo.<\/p>\n<p><a href=\"https:\/\/ca.wikiloc.com\/rutes-marxa-nordica\/galatzo-93114413\">Enlla\u00e7 de ruta<\/a><\/p>\n<p><a href=\"https:\/\/forms.gle\/B5njRZ6oJRRJLonx9\"><span style=\"font-weight: 400;\">Inscripci\u00f3 aqu\u00ed<\/span><\/a><\/div><\/div>\n\t\t\t\t\t<\/li><li class=\"pane-wrapper\" style=\"\">\n\t\t\t\t\t<h4 class=\"tab\"><div class=\"inner\">16 de maig 2026<\/div><\/h4>\n\t\t\t\t\t<div class=\"pane\"><div class=\"inner\"><p>\ud83d\udcc5 Dia: 16\/05\/26<\/p>\n<p>\ud83d\udd52 Hora: 18:00H<\/p>\n<p>\ud83d\udccd Sortida i ubicaci\u00f3: <a href=\"https:\/\/maps.app.goo.gl\/HGMeeba4E3afcta39\">UBS El Toro<\/a><br \/>\n\ud83d\udee4\ufe0f Ruta: Partim de la UBS del Toro. Seguirem pel c\/Gran Via en direcci\u00f3 Carretera de Magaluf-Santa Pon\u00e7a. Girarem a l\u2019esquerra seguint el passeig. Girarem de nou a la dreta pel c\/ Murillo. Just abans de les primeres cases (a la dreta) surt un cam\u00ed de terra que ens permetr\u00e0 arribar a la costa i gaudir d\u2019una vista espectacular. Tornarem enrera i pel C\/Mont Aneto tornarem al passeig que ens permetr\u00e0 arribar finalment al Toro, a la UBS de Salut. .<\/p>\n<p><a href=\"https:\/\/ca.wikiloc.com\/rutes-marxa-nordica\/nwcalvia-el-toro-direccio-santa-ponca-175902966\">Enlla\u00e7 ruta<\/a><\/p>\n<p><a href=\"https:\/\/forms.gle\/B5njRZ6oJRRJLonx9\"><span style=\"font-weight: 400;\">Inscripci\u00f3 aqu\u00ed<\/span><\/a><\/div><\/div>\n\t\t\t\t\t<\/li><li class=\"pane-wrapper\" style=\"\">\n\t\t\t\t\t<h4 class=\"tab\"><div class=\"inner\">23 de maig 2026<\/div><\/h4>\n\t\t\t\t\t<div class=\"pane\"><div class=\"inner\"><p>\ud83d\udcc5 Dia: 23\/05\/26<\/p>\n<p>\ud83d\udd52 Hora: 18:00H<\/p>\n<p>\ud83d\udccd Sortida i ubicaci\u00f3: <a href=\"https:\/\/maps.app.goo.gl\/4Zzfg4yYpLo4MGUj7\">Centro de Salud Palmanova<\/a><br \/>\n\ud83d\udee4\ufe0f Ruta: La ruta s&#8217;inicia a davant el CS. Agafarem el passeig en direcci\u00f3 Santa Pon\u00e7a. Agafarel l\u2019Avinguda de Cas Saboners. Seguirem pel Carrer de Par\u00eds fins al C\/ dels Germans Pinzon que ja ens dur\u00e0 vorera de la mar. Ja no deixarem el passeig de la platja fins arribar al port. Aqu\u00ed continuarem per l\u2019Avinguda de la Platja que ens tornar\u00e0 al punt d\u2019inici de la ruta, el CS.<\/p>\n<p><a href=\"https:\/\/ca.wikiloc.com\/rutes-marxa-nordica\/palma-nova-marc-2022-99188439\">Enlla\u00e7 ruta<\/a><\/p>\n<p><span style=\"font-weight: 400;\">\ud83d\udcdd<\/span><a href=\"https:\/\/forms.gle\/B5njRZ6oJRRJLonx9\"><span style=\"font-weight: 400;\">Inscripci\u00f3 aqu\u00ed<\/span><\/a><\/div><\/div>\n\t\t\t\t\t<\/li><li class=\"pane-wrapper\" style=\"\">\n\t\t\t\t\t<h4 class=\"tab\"><div class=\"inner\">30 de maig 2026<\/div><\/h4>\n\t\t\t\t\t<div class=\"pane\"><div class=\"inner\"><p>\ud83d\udcc5 D\u00eda: 30\/05\/26<\/p>\n<p>\ud83d\udd52 Hora: 18:00H<\/p>\n<p>\ud83d\udccd Sortida i ubicaci\u00f3: <a href=\"https:\/\/maps.app.goo.gl\/TLxp2mYW1fUd1pzv6\">Centro de Salud Santa Pon\u00e7a<\/a><br \/>\n\ud83d\udee4\ufe0f Ruta: Iniciarem la ruta a davant del CS de Santa Pon\u00e7a i continuarem pel C\/ Ramon de Moncada. A l&#8217;al\u00e7ada del C\/ Huguet des Far ens dirigirem a la costa. Caminarem vorera de la mar fins arribar a la platja. Agafarem el Passeig, passarem pel el pinar i per l&#8217;avinguda del Rei en Jaume I arribarem finalment de nou al centre de salut.<\/p>\n<p><a href=\"https:\/\/ca.wikiloc.com\/rutes-marxa-nordica\/ruta-santa-ponca-93081645\">Enlla\u00e7 ruta<\/a><\/p>\n<p><span style=\"font-weight: 400;\">\ud83d\udcdd<\/span><a href=\"https:\/\/forms.gle\/B5njRZ6oJRRJLonx9\"><span style=\"font-weight: 400;\">Inscripci\u00f3 aqu\u00ed<\/span><\/a><\/div><\/div>\n\t\t\t\t\t<\/li><\/ul><style>.wpv-accordion-1 .tab .inner { background-color: #e32e33; color: #ffffff; }<\/style><\/div>\n<p><span style=\"font-weight: 400; color: #ff0000;\"><strong>IMPORTANT: si NO has d&#8217;assistir cancel\u00b7la la teva inscripci\u00f3 en el mateix formulari que has fet abans d&#8217;una setmana per a donar la teva pla\u00e7a a una altra persona.<\/strong><\/span><\/p>\n<p><span style=\"font-weight: 400;\">\ud83d\udeb0 Recorda portar aigua per a la sortida.<\/span><\/p>\n<p><span style=\"font-weight: 400;\">\ud83d\udc5f No tens bastons per a donar marxa n\u00f2rdica? No hi ha problema: nosaltres te&#8217;ls deixem!<\/span><\/p>\n<p><span style=\"font-weight: 400;\">\ud83d\udc55 Nom\u00e9s pensa a portar roba esportiva.<\/span><\/p>\n<p><span style=\"font-weight: 400;\">\ud83d\udd0d Veu mirant la web per si hi ha algun canvi o modificaci\u00f3.<\/span><\/p>\n<p>Fins aviat.<\/p>\n<p><span style=\"font-weight: 400;\">Salut i molta marxa! \ud83d\udeb6\u200d\u2642\ufe0f\ud83c\udf3f<\/span><\/p>\n<a href=\"https:\/\/forms.gle\/B5njRZ6oJRRJLonx9\" target=\"_blank\" style='font-size: 14px;' class=\"button vamtam-button accent1  button-filled hover-accent2 \"><span class=\"btext\">INSCRIPCIONS MAIG<\/span><\/a>\n<p><img data-recalc-dims=\"1\" loading=\"lazy\" decoding=\"async\" class=\"alignnone wp-image-33169 size-large\" src=\"https:\/\/i0.wp.com\/calviadeportes.com\/wp-content\/uploads\/2026\/03\/9.png?resize=1024%2C1024&#038;ssl=1\" alt=\"\" width=\"1024\" height=\"1024\" srcset=\"https:\/\/i0.wp.com\/calviadeportes.com\/wp-content\/uploads\/2026\/03\/9.png?resize=1024%2C1024&amp;ssl=1 1024w, https:\/\/i0.wp.com\/calviadeportes.com\/wp-content\/uploads\/2026\/03\/9.png?resize=300%2C300&amp;ssl=1 300w, https:\/\/i0.wp.com\/calviadeportes.com\/wp-content\/uploads\/2026\/03\/9.png?resize=150%2C150&amp;ssl=1 150w, https:\/\/i0.wp.com\/calviadeportes.com\/wp-content\/uploads\/2026\/03\/9.png?resize=768%2C768&amp;ssl=1 768w, https:\/\/i0.wp.com\/calviadeportes.com\/wp-content\/uploads\/2026\/03\/9.png?resize=60%2C60&amp;ssl=1 60w, https:\/\/i0.wp.com\/calviadeportes.com\/wp-content\/uploads\/2026\/03\/9.png?resize=43%2C43&amp;ssl=1 43w, https:\/\/i0.wp.com\/calviadeportes.com\/wp-content\/uploads\/2026\/03\/9.png?resize=615%2C615&amp;ssl=1 615w, https:\/\/i0.wp.com\/calviadeportes.com\/wp-content\/uploads\/2026\/03\/9.png?resize=400%2C400&amp;ssl=1 400w, https:\/\/i0.wp.com\/calviadeportes.com\/wp-content\/uploads\/2026\/03\/9.png?resize=292%2C292&amp;ssl=1 292w, https:\/\/i0.wp.com\/calviadeportes.com\/wp-content\/uploads\/2026\/03\/9.png?resize=50%2C50&amp;ssl=1 50w, https:\/\/i0.wp.com\/calviadeportes.com\/wp-content\/uploads\/2026\/03\/9.png?w=1080&amp;ssl=1 1080w\" sizes=\"auto, (max-width: 1024px) 100vw, 1024px\" \/><\/p>\n","protected":false},"excerpt":{"rendered":"<p>Tots els dissabtes de maig 09, 16, 23 i 30 les 18:00h. Les rutes s\u00f3n senzilles i adaptades a qualsevol edat, inscripcions obertes<\/p>\n","protected":false},"author":75162113,"featured_media":33170,"template":"","meta":{"_coblocks_attr":"","_coblocks_dimensions":"","_coblocks_responsive_height":"","_coblocks_accordion_ie_support":"","_crdt_document":"","_tribe_events_status":"","_tribe_events_status_reason":"","footnotes":""},"tags":[],"tribe_events_cat":[324,286],"class_list":["post-33185","tribe_events","type-tribe_events","status-publish","has-post-thumbnail","hentry","tribe_events_cat-emhas-ca","tribe_events_cat-nordic-walking-ca","cat_emhas-ca","cat_nordic-walking-ca"],"yoast_head":"<!-- This site is optimized with the Yoast SEO plugin v27.5 - https:\/\/yoast.com\/product\/yoast-seo-wordpress\/ -->\n<title>Maig 2026 Nordic Walking Calvi\u00e0<\/title>\n<meta name=\"description\" content=\"Tots els dissabtes de maig 09, 16, 23 i 30 les 18:00h. Les rutes s\u00f3n senzilles i adaptades a qualsevol edat, inscripcions obertes\" \/>\n<meta name=\"robots\" content=\"index, follow, max-snippet:-1, max-image-preview:large, max-video-preview:-1\" \/>\n<link rel=\"canonical\" href=\"https:\/\/calviadeportes.com\/ca\/evento\/maig-2026-nordic-walking\/\" \/>\n<meta property=\"og:locale\" content=\"ca_ES\" \/>\n<meta property=\"og:type\" content=\"article\" \/>\n<meta property=\"og:title\" content=\"Maig 2026 Nordic Walking Calvi\u00e0\" \/>\n<meta property=\"og:description\" content=\"Tots els dissabtes de maig 09, 16, 23 i 30 les 18:00h. Les rutes s\u00f3n senzilles i adaptades a qualsevol edat, inscripcions obertes\" \/>\n<meta property=\"og:url\" content=\"https:\/\/calviadeportes.com\/ca\/evento\/maig-2026-nordic-walking\/\" \/>\n<meta property=\"og:site_name\" content=\"Calvi\u00e0 esports\" \/>\n<meta property=\"article:modified_time\" content=\"2026-04-29T11:51:30+00:00\" \/>\n<meta property=\"og:image\" content=\"https:\/\/calviadeportes.com\/wp-content\/uploads\/2026\/03\/9.png\" \/>\n\t<meta property=\"og:image:width\" content=\"1080\" \/>\n\t<meta property=\"og:image:height\" content=\"1080\" \/>\n\t<meta property=\"og:image:type\" content=\"image\/png\" \/>\n<meta name=\"twitter:card\" content=\"summary_large_image\" \/>\n<meta name=\"twitter:label1\" content=\"Temps estimat de lectura\" \/>\n\t<meta name=\"twitter:data1\" content=\"4 minuts\" \/>\n<script type=\"application\/ld+json\" class=\"yoast-schema-graph\">{\"@context\":\"https:\\\/\\\/schema.org\",\"@graph\":[{\"@type\":\"WebPage\",\"@id\":\"https:\\\/\\\/calviadeportes.com\\\/ca\\\/evento\\\/maig-2026-nordic-walking\\\/\",\"url\":\"https:\\\/\\\/calviadeportes.com\\\/ca\\\/evento\\\/maig-2026-nordic-walking\\\/\",\"name\":\"Maig 2026 Nordic Walking Calvi\u00e0\",\"isPartOf\":{\"@id\":\"https:\\\/\\\/calviadeportes.com\\\/ca\\\/#website\"},\"primaryImageOfPage\":{\"@id\":\"https:\\\/\\\/calviadeportes.com\\\/ca\\\/evento\\\/maig-2026-nordic-walking\\\/#primaryimage\"},\"image\":{\"@id\":\"https:\\\/\\\/calviadeportes.com\\\/ca\\\/evento\\\/maig-2026-nordic-walking\\\/#primaryimage\"},\"thumbnailUrl\":\"https:\\\/\\\/i0.wp.com\\\/calviadeportes.com\\\/wp-content\\\/uploads\\\/2026\\\/03\\\/9.png?fit=1080%2C1080&ssl=1\",\"datePublished\":\"2026-03-20T10:53:53+00:00\",\"dateModified\":\"2026-04-29T11:51:30+00:00\",\"description\":\"Tots els dissabtes de maig 09, 16, 23 i 30 les 18:00h. Les rutes s\u00f3n senzilles i adaptades a qualsevol edat, inscripcions obertes\",\"breadcrumb\":{\"@id\":\"https:\\\/\\\/calviadeportes.com\\\/ca\\\/evento\\\/maig-2026-nordic-walking\\\/#breadcrumb\"},\"inLanguage\":\"ca\",\"potentialAction\":[{\"@type\":\"ReadAction\",\"target\":[\"https:\\\/\\\/calviadeportes.com\\\/ca\\\/evento\\\/maig-2026-nordic-walking\\\/\"]}]},{\"@type\":\"ImageObject\",\"inLanguage\":\"ca\",\"@id\":\"https:\\\/\\\/calviadeportes.com\\\/ca\\\/evento\\\/maig-2026-nordic-walking\\\/#primaryimage\",\"url\":\"https:\\\/\\\/i0.wp.com\\\/calviadeportes.com\\\/wp-content\\\/uploads\\\/2026\\\/03\\\/9.png?fit=1080%2C1080&ssl=1\",\"contentUrl\":\"https:\\\/\\\/i0.wp.com\\\/calviadeportes.com\\\/wp-content\\\/uploads\\\/2026\\\/03\\\/9.png?fit=1080%2C1080&ssl=1\",\"width\":1080,\"height\":1080},{\"@type\":\"BreadcrumbList\",\"@id\":\"https:\\\/\\\/calviadeportes.com\\\/ca\\\/evento\\\/maig-2026-nordic-walking\\\/#breadcrumb\",\"itemListElement\":[{\"@type\":\"ListItem\",\"position\":1,\"name\":\"Portada\",\"item\":\"https:\\\/\\\/calviadeportes.com\\\/ca\\\/\"},{\"@type\":\"ListItem\",\"position\":2,\"name\":\"Esdeveniments\",\"item\":\"https:\\\/\\\/calviadeportes.com\\\/ca\\\/eventos\\\/\"},{\"@type\":\"ListItem\",\"position\":3,\"name\":\"MAIG 2026 &#8211; NORDIC WALKING\"}]},{\"@type\":\"WebSite\",\"@id\":\"https:\\\/\\\/calviadeportes.com\\\/ca\\\/#website\",\"url\":\"https:\\\/\\\/calviadeportes.com\\\/ca\\\/\",\"name\":\"Calvi\u00e0 esports\",\"description\":\"ICE Calvi\u00e0 | Ayuntamiento de Calvi\u00e0\",\"potentialAction\":[{\"@type\":\"SearchAction\",\"target\":{\"@type\":\"EntryPoint\",\"urlTemplate\":\"https:\\\/\\\/calviadeportes.com\\\/ca\\\/?s={search_term_string}\"},\"query-input\":{\"@type\":\"PropertyValueSpecification\",\"valueRequired\":true,\"valueName\":\"search_term_string\"}}],\"inLanguage\":\"ca\"}]}<\/script>\n<!-- \/ Yoast SEO plugin. -->","yoast_head_json":{"title":"Maig 2026 Nordic Walking Calvi\u00e0","description":"Tots els dissabtes de maig 09, 16, 23 i 30 les 18:00h. Les rutes s\u00f3n senzilles i adaptades a qualsevol edat, inscripcions obertes","robots":{"index":"index","follow":"follow","max-snippet":"max-snippet:-1","max-image-preview":"max-image-preview:large","max-video-preview":"max-video-preview:-1"},"canonical":"https:\/\/calviadeportes.com\/ca\/evento\/maig-2026-nordic-walking\/","og_locale":"ca_ES","og_type":"article","og_title":"Maig 2026 Nordic Walking Calvi\u00e0","og_description":"Tots els dissabtes de maig 09, 16, 23 i 30 les 18:00h. Les rutes s\u00f3n senzilles i adaptades a qualsevol edat, inscripcions obertes","og_url":"https:\/\/calviadeportes.com\/ca\/evento\/maig-2026-nordic-walking\/","og_site_name":"Calvi\u00e0 esports","article_modified_time":"2026-04-29T11:51:30+00:00","og_image":[{"width":1080,"height":1080,"url":"https:\/\/calviadeportes.com\/wp-content\/uploads\/2026\/03\/9.png","type":"image\/png"}],"twitter_card":"summary_large_image","twitter_misc":{"Temps estimat de lectura":"4 minuts"},"schema":{"@context":"https:\/\/schema.org","@graph":[{"@type":"WebPage","@id":"https:\/\/calviadeportes.com\/ca\/evento\/maig-2026-nordic-walking\/","url":"https:\/\/calviadeportes.com\/ca\/evento\/maig-2026-nordic-walking\/","name":"Maig 2026 Nordic Walking Calvi\u00e0","isPartOf":{"@id":"https:\/\/calviadeportes.com\/ca\/#website"},"primaryImageOfPage":{"@id":"https:\/\/calviadeportes.com\/ca\/evento\/maig-2026-nordic-walking\/#primaryimage"},"image":{"@id":"https:\/\/calviadeportes.com\/ca\/evento\/maig-2026-nordic-walking\/#primaryimage"},"thumbnailUrl":"https:\/\/i0.wp.com\/calviadeportes.com\/wp-content\/uploads\/2026\/03\/9.png?fit=1080%2C1080&ssl=1","datePublished":"2026-03-20T10:53:53+00:00","dateModified":"2026-04-29T11:51:30+00:00","description":"Tots els dissabtes de maig 09, 16, 23 i 30 les 18:00h. Les rutes s\u00f3n senzilles i adaptades a qualsevol edat, inscripcions obertes","breadcrumb":{"@id":"https:\/\/calviadeportes.com\/ca\/evento\/maig-2026-nordic-walking\/#breadcrumb"},"inLanguage":"ca","potentialAction":[{"@type":"ReadAction","target":["https:\/\/calviadeportes.com\/ca\/evento\/maig-2026-nordic-walking\/"]}]},{"@type":"ImageObject","inLanguage":"ca","@id":"https:\/\/calviadeportes.com\/ca\/evento\/maig-2026-nordic-walking\/#primaryimage","url":"https:\/\/i0.wp.com\/calviadeportes.com\/wp-content\/uploads\/2026\/03\/9.png?fit=1080%2C1080&ssl=1","contentUrl":"https:\/\/i0.wp.com\/calviadeportes.com\/wp-content\/uploads\/2026\/03\/9.png?fit=1080%2C1080&ssl=1","width":1080,"height":1080},{"@type":"BreadcrumbList","@id":"https:\/\/calviadeportes.com\/ca\/evento\/maig-2026-nordic-walking\/#breadcrumb","itemListElement":[{"@type":"ListItem","position":1,"name":"Portada","item":"https:\/\/calviadeportes.com\/ca\/"},{"@type":"ListItem","position":2,"name":"Esdeveniments","item":"https:\/\/calviadeportes.com\/ca\/eventos\/"},{"@type":"ListItem","position":3,"name":"MAIG 2026 &#8211; NORDIC WALKING"}]},{"@type":"WebSite","@id":"https:\/\/calviadeportes.com\/ca\/#website","url":"https:\/\/calviadeportes.com\/ca\/","name":"Calvi\u00e0 esports","description":"ICE Calvi\u00e0 | Ayuntamiento de Calvi\u00e0","potentialAction":[{"@type":"SearchAction","target":{"@type":"EntryPoint","urlTemplate":"https:\/\/calviadeportes.com\/ca\/?s={search_term_string}"},"query-input":{"@type":"PropertyValueSpecification","valueRequired":true,"valueName":"search_term_string"}}],"inLanguage":"ca"}]}},"jetpack_likes_enabled":true,"jetpack_sharing_enabled":true,"_links":{"self":[{"href":"https:\/\/calviadeportes.com\/ca\/wp-json\/wp\/v2\/tribe_events\/33185","targetHints":{"allow":["GET"]}}],"collection":[{"href":"https:\/\/calviadeportes.com\/ca\/wp-json\/wp\/v2\/tribe_events"}],"about":[{"href":"https:\/\/calviadeportes.com\/ca\/wp-json\/wp\/v2\/types\/tribe_events"}],"author":[{"embeddable":true,"href":"https:\/\/calviadeportes.com\/ca\/wp-json\/wp\/v2\/users\/75162113"}],"version-history":[{"count":11,"href":"https:\/\/calviadeportes.com\/ca\/wp-json\/wp\/v2\/tribe_events\/33185\/revisions"}],"predecessor-version":[{"id":33575,"href":"https:\/\/calviadeportes.com\/ca\/wp-json\/wp\/v2\/tribe_events\/33185\/revisions\/33575"}],"wp:featuredmedia":[{"embeddable":true,"href":"https:\/\/calviadeportes.com\/ca\/wp-json\/wp\/v2\/media\/33170"}],"wp:attachment":[{"href":"https:\/\/calviadeportes.com\/ca\/wp-json\/wp\/v2\/media?parent=33185"}],"wp:term":[{"taxonomy":"post_tag","embeddable":true,"href":"https:\/\/calviadeportes.com\/ca\/wp-json\/wp\/v2\/tags?post=33185"},{"taxonomy":"tribe_events_cat","embeddable":true,"href":"https:\/\/calviadeportes.com\/ca\/wp-json\/wp\/v2\/tribe_events_cat?post=33185"}],"curies":[{"name":"wp","href":"https:\/\/api.w.org\/{rel}","templated":true}]}}