{"id":32577,"date":"2026-02-16T11:12:06","date_gmt":"2026-02-16T10:12:06","guid":{"rendered":"https:\/\/calviadeportes.com\/evento\/diada-jocs-esportius-escolars-2026\/"},"modified":"2026-03-04T07:43:13","modified_gmt":"2026-03-04T06:43:13","slug":"diada-jocs-esportius-escolars-2026","status":"publish","type":"tribe_events","link":"https:\/\/calviadeportes.com\/ca\/evento\/diada-jocs-esportius-escolars-2026\/","title":{"rendered":"Diada Jocs Esportius Escolars 2026"},"content":{"rendered":"<a href=\"https:\/\/forms.gle\/31PXY26imZxLT6GB7\" target=\"_blank\" style='font-size: 14px;' class=\"button vamtam-button accent1  button-filled hover-accent2 \"><span class=\"btext\"><span class=\"a_GcMg font-feature-liga-off font-feature-clig-off font-feature-calt-off text-decoration-none text-strikethrough-none\">INSCRIPCI\u00d3 &#8211; SOLD OUT<\/span><\/span><\/a>\n<h1 data-start=\"87\" data-end=\"128\">Diada Jocs Esportius Escolars 2026<\/h1>\n<p data-start=\"232\" data-end=\"427\">El pr\u00f2xim <strong>7 de mar\u00e7<\/strong> celebrarem la\u00a0<strong>Diada\u00a0dels\u00a0Jocs\u00a0Esportius\u00a0Escolars<\/strong>, una jornada esportiva pensada per a gaudir de l&#8217;esport, la conviv\u00e8ncia i la diversi\u00f3 en un ambient saludable.<\/p>\n<p>Ser\u00e0 un dia ple d&#8217;activitat on els alumnes podran participar en diferents disciplines i compartir una experi\u00e8ncia esportiva molt especial al costat dels seus companys.<\/p>\n<p><b>\ud83d\udccd Lloc: <\/b>Pista d&#8217;Atletisme de\u00a0Magaluf<span style=\"font-weight: 400;\"><br \/>\n<\/span><b>\ud83d\udcc6 Data: <\/b>Dissabte, 07 de mar\u00e7<span style=\"font-weight: 400;\"><br \/>\n<\/span><b>\ud83d\udd52 Horari: <\/b>10.00 &#8211; 13.30 h<\/p>\n<p><strong>Programa de la jornada:<\/strong><\/p>\n<ul>\n<li data-start=\"635\" data-end=\"691\"><strong data-start=\"635\" data-end=\"654\">10:00 \u2013 10:30 h<\/strong> | Obertura de portes i benvinguda<\/li>\n<li data-start=\"694\" data-end=\"737\"><strong data-start=\"694\" data-end=\"713\">10:30 \u2013 10:50 h<\/strong> | Formaci\u00f3 de grups<\/li>\n<li data-start=\"740\" data-end=\"786\"><strong data-start=\"740\" data-end=\"759\">10:50 \u2013 11:00 h<\/strong> | Escalfament dirigit<\/li>\n<li data-start=\"789\" data-end=\"839\"><strong data-start=\"789\" data-end=\"808\">11:00 \u2013 12:50 h<\/strong> | Desenvolupament d&#8217;activitats:\n<ul>\n<li data-start=\"844\" data-end=\"861\">Psicomotricitat<\/li>\n<li data-start=\"866\" data-end=\"877\">Atletisme<\/li>\n<li data-start=\"882\" data-end=\"894\">B\u00e0squet<\/li>\n<li data-start=\"899\" data-end=\"916\">Ball esportiu<\/li>\n<li data-start=\"921\" data-end=\"937\">I moltes m\u00e9s!<\/li>\n<\/ul>\n<\/li>\n<li data-start=\"940\" data-end=\"995\"><strong data-start=\"940\" data-end=\"959\">12:50 \u2013 13:00 h<\/strong> | Tornada a la calma i hidrataci\u00f3<\/li>\n<li data-start=\"998\" data-end=\"1053\"><strong data-start=\"998\" data-end=\"1017\">13:00 \u2013 13:15 h<\/strong> | Tancament de la jornada i berenar<\/li>\n<\/ul>\n<p>Us animem a participar en aquesta jornada esportiva pensada per a gaudir, compartir i fomentar els valors de l&#8217;esport\u00a0 \ud83c\udfc3\u200d\u2642\ufe0f\ud83c\udfc0\ud83d\udc83<\/p>\n<h3><strong>\ud83d\udcdd Inscripcions<\/strong><\/h3>\n<p>\ud83d\udc49 Pots realitzar la inscripci\u00f3 a trav\u00e9s del seg\u00fcent enlla\u00e7:<br data-start=\"1374\" data-end=\"1377\" \/><a class=\"decorated-link\" href=\"https:\/\/forms.gle\/31PXY26imZxLT6GB7\" target=\"_new\" rel=\"noopener\" data-start=\"1377\" data-end=\"1412\">https:\/\/forms.gle\/31PXY26imZxLT6GB7<\/a><\/p>\n<hr data-start=\"1485\" data-end=\"1488\" \/>\n<p><strong>Inscripci\u00f3 gratu\u00efta fins al 5 de mar\u00e7:<\/strong><\/p>\n<a href=\"https:\/\/forms.gle\/31PXY26imZxLT6GB7\" target=\"_blank\" style='font-size: 14px;' class=\"button vamtam-button accent1  button-filled hover-accent2 \"><span class=\"btext\">INSCRIPCIONS &#8211; SOLD OUT\u00a0<\/span><\/a>\n<p><img data-recalc-dims=\"1\" loading=\"lazy\" decoding=\"async\" class=\"alignnone wp-image-32567 size-large\" src=\"https:\/\/i0.wp.com\/calviadeportes.com\/wp-content\/uploads\/2026\/02\/cartel-diada-7.03.26-1.png?resize=732%2C1024&#038;ssl=1\" alt=\"\" width=\"732\" height=\"1024\" srcset=\"https:\/\/i0.wp.com\/calviadeportes.com\/wp-content\/uploads\/2026\/02\/cartel-diada-7.03.26-1.png?resize=732%2C1024&amp;ssl=1 732w, https:\/\/i0.wp.com\/calviadeportes.com\/wp-content\/uploads\/2026\/02\/cartel-diada-7.03.26-1.png?resize=214%2C300&amp;ssl=1 214w, https:\/\/i0.wp.com\/calviadeportes.com\/wp-content\/uploads\/2026\/02\/cartel-diada-7.03.26-1.png?resize=768%2C1075&amp;ssl=1 768w, https:\/\/i0.wp.com\/calviadeportes.com\/wp-content\/uploads\/2026\/02\/cartel-diada-7.03.26-1.png?resize=1097%2C1536&amp;ssl=1 1097w, https:\/\/i0.wp.com\/calviadeportes.com\/wp-content\/uploads\/2026\/02\/cartel-diada-7.03.26-1.png?resize=1260%2C1763&amp;ssl=1 1260w, https:\/\/i0.wp.com\/calviadeportes.com\/wp-content\/uploads\/2026\/02\/cartel-diada-7.03.26-1.png?resize=615%2C861&amp;ssl=1 615w, https:\/\/i0.wp.com\/calviadeportes.com\/wp-content\/uploads\/2026\/02\/cartel-diada-7.03.26-1.png?resize=400%2C560&amp;ssl=1 400w, https:\/\/i0.wp.com\/calviadeportes.com\/wp-content\/uploads\/2026\/02\/cartel-diada-7.03.26-1.png?resize=292%2C409&amp;ssl=1 292w, https:\/\/i0.wp.com\/calviadeportes.com\/wp-content\/uploads\/2026\/02\/cartel-diada-7.03.26-1.png?w=1429&amp;ssl=1 1429w\" sizes=\"auto, (max-width: 732px) 100vw, 732px\" \/><\/p>\n","protected":false},"excerpt":{"rendered":"<p>SOLD OUT &#8211; Diada dels Jocs Esportius Escolars: que se celebrar\u00e0 el 7 de mar\u00e7 en la Pista d&#8217;Atletisme de Magaluf, amb activitats com a atletisme, b\u00e0squet, psicomotricitat i ball esportiu.<\/p>\n","protected":false},"author":75162113,"featured_media":32568,"template":"","meta":{"_coblocks_attr":"","_coblocks_dimensions":"","_coblocks_responsive_height":"","_coblocks_accordion_ie_support":"","_crdt_document":"","_tribe_events_status":"","_tribe_events_status_reason":"","footnotes":""},"tags":[],"tribe_events_cat":[287],"class_list":["post-32577","tribe_events","type-tribe_events","status-publish","has-post-thumbnail","hentry","tribe_events_cat-actividades-ca","cat_actividades-ca"],"yoast_head":"<!-- This site is optimized with the Yoast SEO plugin v27.5 - https:\/\/yoast.com\/product\/yoast-seo-wordpress\/ -->\n<title>Diada Jocs Esportius Escolars 2026 - Calvi\u00e0 esports<\/title>\n<meta name=\"robots\" content=\"index, follow, max-snippet:-1, max-image-preview:large, max-video-preview:-1\" \/>\n<link rel=\"canonical\" href=\"https:\/\/calviadeportes.com\/ca\/evento\/diada-jocs-esportius-escolars-2026\/\" \/>\n<meta property=\"og:locale\" content=\"ca_ES\" \/>\n<meta property=\"og:type\" content=\"article\" \/>\n<meta property=\"og:title\" content=\"Diada Jocs Esportius Escolars 2026 - Calvi\u00e0 esports\" \/>\n<meta property=\"og:description\" content=\"SOLD OUT - Diada dels Jocs Esportius Escolars: que se celebrar\u00e0 el 7 de mar\u00e7 en la Pista d&#039;Atletisme de Magaluf, amb activitats com a atletisme, b\u00e0squet, psicomotricitat i ball esportiu.\" \/>\n<meta property=\"og:url\" content=\"https:\/\/calviadeportes.com\/ca\/evento\/diada-jocs-esportius-escolars-2026\/\" \/>\n<meta property=\"og:site_name\" content=\"Calvi\u00e0 esports\" \/>\n<meta property=\"article:modified_time\" content=\"2026-03-04T06:43:13+00:00\" \/>\n<meta property=\"og:image\" content=\"https:\/\/calviadeportes.com\/wp-content\/uploads\/2026\/02\/cartel-diada-7.03.26-1.png\" \/>\n\t<meta property=\"og:image:width\" content=\"1429\" \/>\n\t<meta property=\"og:image:height\" content=\"2000\" \/>\n\t<meta property=\"og:image:type\" content=\"image\/png\" \/>\n<meta name=\"twitter:card\" content=\"summary_large_image\" \/>\n<meta name=\"twitter:label1\" content=\"Temps estimat de lectura\" \/>\n\t<meta name=\"twitter:data1\" content=\"2 minuts\" \/>\n<script type=\"application\/ld+json\" class=\"yoast-schema-graph\">{\"@context\":\"https:\\\/\\\/schema.org\",\"@graph\":[{\"@type\":\"WebPage\",\"@id\":\"https:\\\/\\\/calviadeportes.com\\\/ca\\\/evento\\\/diada-jocs-esportius-escolars-2026\\\/\",\"url\":\"https:\\\/\\\/calviadeportes.com\\\/ca\\\/evento\\\/diada-jocs-esportius-escolars-2026\\\/\",\"name\":\"Diada Jocs Esportius Escolars 2026 - Calvi\u00e0 esports\",\"isPartOf\":{\"@id\":\"https:\\\/\\\/calviadeportes.com\\\/ca\\\/#website\"},\"primaryImageOfPage\":{\"@id\":\"https:\\\/\\\/calviadeportes.com\\\/ca\\\/evento\\\/diada-jocs-esportius-escolars-2026\\\/#primaryimage\"},\"image\":{\"@id\":\"https:\\\/\\\/calviadeportes.com\\\/ca\\\/evento\\\/diada-jocs-esportius-escolars-2026\\\/#primaryimage\"},\"thumbnailUrl\":\"https:\\\/\\\/i0.wp.com\\\/calviadeportes.com\\\/wp-content\\\/uploads\\\/2026\\\/02\\\/cartel-diada-7.03.26-1.png?fit=1429%2C2000&ssl=1\",\"datePublished\":\"2026-02-16T10:12:06+00:00\",\"dateModified\":\"2026-03-04T06:43:13+00:00\",\"breadcrumb\":{\"@id\":\"https:\\\/\\\/calviadeportes.com\\\/ca\\\/evento\\\/diada-jocs-esportius-escolars-2026\\\/#breadcrumb\"},\"inLanguage\":\"ca\",\"potentialAction\":[{\"@type\":\"ReadAction\",\"target\":[\"https:\\\/\\\/calviadeportes.com\\\/ca\\\/evento\\\/diada-jocs-esportius-escolars-2026\\\/\"]}]},{\"@type\":\"ImageObject\",\"inLanguage\":\"ca\",\"@id\":\"https:\\\/\\\/calviadeportes.com\\\/ca\\\/evento\\\/diada-jocs-esportius-escolars-2026\\\/#primaryimage\",\"url\":\"https:\\\/\\\/i0.wp.com\\\/calviadeportes.com\\\/wp-content\\\/uploads\\\/2026\\\/02\\\/cartel-diada-7.03.26-1.png?fit=1429%2C2000&ssl=1\",\"contentUrl\":\"https:\\\/\\\/i0.wp.com\\\/calviadeportes.com\\\/wp-content\\\/uploads\\\/2026\\\/02\\\/cartel-diada-7.03.26-1.png?fit=1429%2C2000&ssl=1\",\"width\":1429,\"height\":2000},{\"@type\":\"BreadcrumbList\",\"@id\":\"https:\\\/\\\/calviadeportes.com\\\/ca\\\/evento\\\/diada-jocs-esportius-escolars-2026\\\/#breadcrumb\",\"itemListElement\":[{\"@type\":\"ListItem\",\"position\":1,\"name\":\"Portada\",\"item\":\"https:\\\/\\\/calviadeportes.com\\\/ca\\\/\"},{\"@type\":\"ListItem\",\"position\":2,\"name\":\"Esdeveniments\",\"item\":\"https:\\\/\\\/calviadeportes.com\\\/ca\\\/eventos\\\/\"},{\"@type\":\"ListItem\",\"position\":3,\"name\":\"Diada Jocs Esportius Escolars 2026\"}]},{\"@type\":\"WebSite\",\"@id\":\"https:\\\/\\\/calviadeportes.com\\\/ca\\\/#website\",\"url\":\"https:\\\/\\\/calviadeportes.com\\\/ca\\\/\",\"name\":\"Calvi\u00e0 esports\",\"description\":\"ICE Calvi\u00e0 | Ayuntamiento de Calvi\u00e0\",\"potentialAction\":[{\"@type\":\"SearchAction\",\"target\":{\"@type\":\"EntryPoint\",\"urlTemplate\":\"https:\\\/\\\/calviadeportes.com\\\/ca\\\/?s={search_term_string}\"},\"query-input\":{\"@type\":\"PropertyValueSpecification\",\"valueRequired\":true,\"valueName\":\"search_term_string\"}}],\"inLanguage\":\"ca\"}]}<\/script>\n<!-- \/ Yoast SEO plugin. -->","yoast_head_json":{"title":"Diada Jocs Esportius Escolars 2026 - Calvi\u00e0 esports","robots":{"index":"index","follow":"follow","max-snippet":"max-snippet:-1","max-image-preview":"max-image-preview:large","max-video-preview":"max-video-preview:-1"},"canonical":"https:\/\/calviadeportes.com\/ca\/evento\/diada-jocs-esportius-escolars-2026\/","og_locale":"ca_ES","og_type":"article","og_title":"Diada Jocs Esportius Escolars 2026 - Calvi\u00e0 esports","og_description":"SOLD OUT - Diada dels Jocs Esportius Escolars: que se celebrar\u00e0 el 7 de mar\u00e7 en la Pista d'Atletisme de Magaluf, amb activitats com a atletisme, b\u00e0squet, psicomotricitat i ball esportiu.","og_url":"https:\/\/calviadeportes.com\/ca\/evento\/diada-jocs-esportius-escolars-2026\/","og_site_name":"Calvi\u00e0 esports","article_modified_time":"2026-03-04T06:43:13+00:00","og_image":[{"width":1429,"height":2000,"url":"https:\/\/calviadeportes.com\/wp-content\/uploads\/2026\/02\/cartel-diada-7.03.26-1.png","type":"image\/png"}],"twitter_card":"summary_large_image","twitter_misc":{"Temps estimat de lectura":"2 minuts"},"schema":{"@context":"https:\/\/schema.org","@graph":[{"@type":"WebPage","@id":"https:\/\/calviadeportes.com\/ca\/evento\/diada-jocs-esportius-escolars-2026\/","url":"https:\/\/calviadeportes.com\/ca\/evento\/diada-jocs-esportius-escolars-2026\/","name":"Diada Jocs Esportius Escolars 2026 - Calvi\u00e0 esports","isPartOf":{"@id":"https:\/\/calviadeportes.com\/ca\/#website"},"primaryImageOfPage":{"@id":"https:\/\/calviadeportes.com\/ca\/evento\/diada-jocs-esportius-escolars-2026\/#primaryimage"},"image":{"@id":"https:\/\/calviadeportes.com\/ca\/evento\/diada-jocs-esportius-escolars-2026\/#primaryimage"},"thumbnailUrl":"https:\/\/i0.wp.com\/calviadeportes.com\/wp-content\/uploads\/2026\/02\/cartel-diada-7.03.26-1.png?fit=1429%2C2000&ssl=1","datePublished":"2026-02-16T10:12:06+00:00","dateModified":"2026-03-04T06:43:13+00:00","breadcrumb":{"@id":"https:\/\/calviadeportes.com\/ca\/evento\/diada-jocs-esportius-escolars-2026\/#breadcrumb"},"inLanguage":"ca","potentialAction":[{"@type":"ReadAction","target":["https:\/\/calviadeportes.com\/ca\/evento\/diada-jocs-esportius-escolars-2026\/"]}]},{"@type":"ImageObject","inLanguage":"ca","@id":"https:\/\/calviadeportes.com\/ca\/evento\/diada-jocs-esportius-escolars-2026\/#primaryimage","url":"https:\/\/i0.wp.com\/calviadeportes.com\/wp-content\/uploads\/2026\/02\/cartel-diada-7.03.26-1.png?fit=1429%2C2000&ssl=1","contentUrl":"https:\/\/i0.wp.com\/calviadeportes.com\/wp-content\/uploads\/2026\/02\/cartel-diada-7.03.26-1.png?fit=1429%2C2000&ssl=1","width":1429,"height":2000},{"@type":"BreadcrumbList","@id":"https:\/\/calviadeportes.com\/ca\/evento\/diada-jocs-esportius-escolars-2026\/#breadcrumb","itemListElement":[{"@type":"ListItem","position":1,"name":"Portada","item":"https:\/\/calviadeportes.com\/ca\/"},{"@type":"ListItem","position":2,"name":"Esdeveniments","item":"https:\/\/calviadeportes.com\/ca\/eventos\/"},{"@type":"ListItem","position":3,"name":"Diada Jocs Esportius Escolars 2026"}]},{"@type":"WebSite","@id":"https:\/\/calviadeportes.com\/ca\/#website","url":"https:\/\/calviadeportes.com\/ca\/","name":"Calvi\u00e0 esports","description":"ICE Calvi\u00e0 | Ayuntamiento de Calvi\u00e0","potentialAction":[{"@type":"SearchAction","target":{"@type":"EntryPoint","urlTemplate":"https:\/\/calviadeportes.com\/ca\/?s={search_term_string}"},"query-input":{"@type":"PropertyValueSpecification","valueRequired":true,"valueName":"search_term_string"}}],"inLanguage":"ca"}]}},"jetpack_likes_enabled":true,"jetpack_sharing_enabled":true,"_links":{"self":[{"href":"https:\/\/calviadeportes.com\/ca\/wp-json\/wp\/v2\/tribe_events\/32577","targetHints":{"allow":["GET"]}}],"collection":[{"href":"https:\/\/calviadeportes.com\/ca\/wp-json\/wp\/v2\/tribe_events"}],"about":[{"href":"https:\/\/calviadeportes.com\/ca\/wp-json\/wp\/v2\/types\/tribe_events"}],"author":[{"embeddable":true,"href":"https:\/\/calviadeportes.com\/ca\/wp-json\/wp\/v2\/users\/75162113"}],"version-history":[{"count":3,"href":"https:\/\/calviadeportes.com\/ca\/wp-json\/wp\/v2\/tribe_events\/32577\/revisions"}],"predecessor-version":[{"id":32950,"href":"https:\/\/calviadeportes.com\/ca\/wp-json\/wp\/v2\/tribe_events\/32577\/revisions\/32950"}],"wp:featuredmedia":[{"embeddable":true,"href":"https:\/\/calviadeportes.com\/ca\/wp-json\/wp\/v2\/media\/32568"}],"wp:attachment":[{"href":"https:\/\/calviadeportes.com\/ca\/wp-json\/wp\/v2\/media?parent=32577"}],"wp:term":[{"taxonomy":"post_tag","embeddable":true,"href":"https:\/\/calviadeportes.com\/ca\/wp-json\/wp\/v2\/tags?post=32577"},{"taxonomy":"tribe_events_cat","embeddable":true,"href":"https:\/\/calviadeportes.com\/ca\/wp-json\/wp\/v2\/tribe_events_cat?post=32577"}],"curies":[{"name":"wp","href":"https:\/\/api.w.org\/{rel}","templated":true}]}}