{"id":29620,"date":"2025-02-14T11:05:22","date_gmt":"2025-02-14T10:05:22","guid":{"rendered":"https:\/\/calviadeportes.com\/alimentacio-2\/"},"modified":"2025-11-12T07:52:05","modified_gmt":"2025-11-12T06:52:05","slug":"alimentacio","status":"publish","type":"page","link":"https:\/\/calviadeportes.com\/ca\/alimentacio\/","title":{"rendered":"ALIMENTACI\u00d3"},"content":{"rendered":"<div class=\"row \"><div class=\"wpv-grid grid-1-1  wpv-first-level first has-background extended\" style=\"\n\t\t\t\tbackground: url( 'https:\/\/calviadeportes.com\/wp-content\/uploads\/2024\/08\/ALIMENTACION.png' )  ;\n\t\t\t\tbackground-size: cover;\n\t\t\tpadding-top:10px;padding-bottom:10px\" id=\"wpv-column-0d17786c62ae367618a9c71ef61de3f0\" ><div class=\"extended-column-inner\"><div class=\"row \"><div class=\"wpv-grid grid-1-1  first unextended animation-from-left animated-active\" style=\"padding-top:0px;padding-bottom:0px\" id=\"wpv-column-efd6fb2f66f133a428d6463d4a8a5ca6\" ><div class=\"slogan clearfix \">\n\t<div class=\"slogan-content\">\n\t\t\n<h2><b>Alimentaci\u00f3<\/b><\/h2>\n<p><span style=\"font-weight: 400;\">L&#8217;alimentaci\u00f3 \u00e9s un pilar fonamental per a mantenir i millorar la salut. Una nutrici\u00f3 adequada permet a les nostres c\u00e8l\u00b7lules complir les seves funcions vitals, assegurant el bon funcionament de l&#8217;organisme i prevenint malalties. Portar una dieta equilibrada no sols enforteix el cos, sin\u00f3 que tamb\u00e9 impacta positivament en la salut mental, millorant l&#8217;estat d&#8217;\u00e0nim, reduint el risc d&#8217;ansietat i depressi\u00f3, i proporcionant l&#8217;energia necess\u00e0ria per a enfrontar les exig\u00e8ncies di\u00e0ries.<\/span><\/p>\n<p><span style=\"font-weight: 400;\">Adoptar h\u00e0bits alimentosos saludables \u00e9s una inversi\u00f3 en la nostra qualitat de vida. Aquests h\u00e0bits no sols afavoreixen la salut f\u00edsica i emocional a curt termini, sin\u00f3 que tamb\u00e9 contribueixen a un envelliment m\u00e9s saludable i a una vida plena i activa. En resum, una bona alimentaci\u00f3 \u00e9s clau per a un benestar integral.<\/span><\/p>\n<p><b><i>\u201cQue la comida sea tu alimento y el alimento sea tu medicina\u201d<\/i><\/b><i><span style=\"font-weight: 400;\"> (Hip\u00f3crates).<\/span><\/i>\t<\/div>\n\t<\/div>\n<\/div><\/div><\/div><\/div><\/div>\n<div class=\"row \"><div class=\"wpv-grid grid-1-2  wpv-first-level first unextended\" style=\"padding-top:0px;padding-bottom:0px\" id=\"wpv-column-393e39819cb61cbd6ab57d8478af533f\" ><div class=\"wpv-accordion-wrapper wpv-accordion-1\"><ul class=\"wpv-accordion\" data-collapsible=\"true\"><li class=\"pane-wrapper\" style=\"\">\n\t\t\t\t\t<h4 class=\"tab\"><div class=\"inner\">Programa Teal &#8211; Tallers de Educaci\u00f3 Alimentaria<\/div><\/h4>\n\t\t\t\t\t<div class=\"pane\"><div class=\"inner\"><p><strong>Descripci\u00f3: \u00a0<\/strong><span style=\"font-weight: 400;\">\u00c9s un programa orientat a la millora de la salut i el benestar de la poblaci\u00f3 adulta del municipi amb l&#8217;objectiu d&#8217;aprendre a portar un estil de vida saludable a trav\u00e9s de l&#8217;alimentaci\u00f3 i obtenint les eines necess\u00e0ries mitjan\u00e7ant tallers d&#8217;educaci\u00f3 aliment\u00e0ria te\u00f2rics\/pr\u00e0ctics. Tot aix\u00f2, mitjan\u00e7ant la coordinaci\u00f3 entre professionals sanitaris i dietistes-nutricionistes.<\/span><\/p>\n<p><strong>Objectius:<\/strong><\/p>\n<ul>\n<li style=\"font-weight: 400;\" aria-level=\"1\"><span style=\"font-weight: 400;\">Adquirir l&#8217;adher\u00e8ncia a la dieta mediterr\u00e0nia.<\/span><\/li>\n<li style=\"font-weight: 400;\" aria-level=\"1\"><span style=\"font-weight: 400;\">Millorar els h\u00e0bits d&#8217;alimentaci\u00f3<\/span><\/li>\n<li style=\"font-weight: 400;\" aria-level=\"1\"><span style=\"font-weight: 400;\">Con\u00e8ixer com menjar saludable<\/span><\/li>\n<li style=\"font-weight: 400;\" aria-level=\"1\"><span style=\"font-weight: 400;\">Millorar la salut de les persones<\/span><\/li>\n<\/ul>\n<p><span style=\"font-weight: 400;\"><strong>Perfil de la persona usu\u00e0ria:<\/strong> Persones adultes majors de 18 anys amb alt risc cardiovascular, baixa adher\u00e8ncia a la dieta mediterr\u00e0nia i amb predisposici\u00f3 al canvi de conducta aliment\u00e0ria.<\/span><\/p>\n<p><strong>Modalitat d&#8217;impartici\u00f3: Presencial<\/strong><\/p>\n<ul>\n<li style=\"font-weight: 400;\" aria-level=\"1\"><span style=\"font-weight: 400;\">Durada: 3 mesos \/ una vegada a la setmana<\/span><\/li>\n<li style=\"font-weight: 400;\" aria-level=\"1\">Lloc de l&#8217;activitat: Pista d&#8217;atletisme &#8211; Magaluf<\/li>\n<li style=\"font-weight: 400;\" aria-level=\"1\">Organitza: Ajuntament de Calvi\u00e0 &#8211; Escola Municipal d&#8217;h\u00e0bits saludables<\/li>\n<li style=\"font-weight: 400;\" aria-level=\"1\"><span style=\"font-weight: 400;\">Acc\u00e9s al programa: A trav\u00e9s del metge\/m\u00e8dica de fam\u00edlia o infermer\/a <\/span>del centre de salut els qui determinen la conveni\u00e8ncia d&#8217;entrar en el programa.<\/li>\n<\/ul>\n<ul>\n<li style=\"font-weight: 400;\" aria-level=\"1\"><span style=\"font-weight: 400;\">por Institut Calvianer d\u2019Esports \u2013 Escuela Municipal de H\u00e1bitos Saludables <\/span><\/li>\n<\/ul><\/div><\/div>\n\t\t\t\t\t<\/li><\/ul><style>.wpv-accordion-1 .tab .inner { background-color: #f2f0d9; color: #483d37; }<\/style><\/div><\/div>\n<div class=\"wpv-grid grid-1-2  wpv-first-level unextended\" style=\"padding-top:0px;padding-bottom:0px\" id=\"wpv-column-fb790dbac6bcf70ad28a60beb6858fb8\" ><div class=\"wpv-accordion-wrapper wpv-accordion-2\"><ul class=\"wpv-accordion\" data-collapsible=\"true\"><li class=\"pane-wrapper\" style=\"\">\n\t\t\t\t\t<h4 class=\"tab\"><div class=\"inner\">Confer\u00e8ncies de Salut i Benestar<\/div><\/h4>\n\t\t\t\t\t<div class=\"pane\"><div class=\"inner\"><div class=\"btns-llengues row\">\n<div class=\"col-xs-12\">\n<div class=\"btn-right\"><strong>Descripci\u00f3:<\/strong> Les confer\u00e8ncies de salut se centren en proporcionar pautes per a adoptar un estil de vida saludable, oferint eines pr\u00e0ctiques per a gestionar efica\u00e7ment la salut. Aquests esdeveniments aborden diversos temes, com la import\u00e0ncia de l&#8217;exercici f\u00edsic, l&#8217;alimentaci\u00f3 equilibrada, el somni reparador i el benestar emocional. Dissenyades per a arribar a un p\u00fablic ampli, aquestes confer\u00e8ncies busquen conscienciar a la poblaci\u00f3 sobre la rellev\u00e0ncia de conrear h\u00e0bits saludables per a millorar la qualitat de vida i promoure una salut \u00f2ptima.<\/div>\n<\/div>\n<\/div>\n<form class=\"formulari form-horizontal\">\n<div class=\"traductor-textarea form-group\">\n<div class=\"textarea-desti col-xs-12 col-sm-6\">\n<div class=\"form-control second-textarea\"><strong>Objectius:<\/strong><\/div>\n<ul>\n<li class=\"form-control second-textarea\">Conscienciar al major nombre de persones a tenir uns bons h\u00e0bits saludables<\/li>\n<li class=\"form-control second-textarea\">Obtenir eines per a incorporar en el dia a dia de les persones<\/li>\n<li class=\"form-control second-textarea\">Modificar h\u00e0bits per a millorar la salut<\/li>\n<li class=\"form-control second-textarea\">Crear una xarxa comunit\u00e0ria saludable<\/li>\n<\/ul>\n<p><strong>Perfil de la persona usu\u00e0ria:<\/strong> dirigit a tota la poblaci\u00f3 major de 18 anys.<\/p>\n<p><strong>Modalitat d&#8217;impartici\u00f3:<\/strong> Presencial<\/p>\n<p><strong>Durada:<\/strong> 1 confer\u00e8ncia cada 2 mesos (6 a l&#8217;any)<\/p>\n<\/div>\n<\/div>\n<\/form>\n<p><strong>Acc\u00e9s a les confer\u00e8ncies:<\/strong><\/p>\n<p><a href=\"https:\/\/calviadeportes.com\/ca\/conferencies-de-salut\/\">https:\/\/calviadeportes.com\/ca\/conferencies-de-salut\/<\/a><\/p>\n<a href=\"https:\/\/calviadeportes.com\/ca\/conferencies-de-salut\/\" target=\"_blank\" style='font-size: 14px;' class=\"button vamtam-button accent1  button-filled hover-accent2 \"><span class=\"btext\">INSCRIPCIONS<\/span><\/a><\/div><\/div>\n\t\t\t\t\t<\/li><\/ul><style>.wpv-accordion-2 .tab .inner { background-color: #f2f0d9; color: #483d37; }<\/style><\/div><\/div><\/div>\n<div class=\"row \"><div class=\"wpv-grid grid-1-2  wpv-first-level first unextended\" style=\"padding-top:0px;padding-bottom:0px\" id=\"wpv-column-820233da201d4ec10065256c708748b3\" ><div class=\"wpv-accordion-wrapper wpv-accordion-3\"><ul class=\"wpv-accordion\" data-collapsible=\"true\"><li class=\"pane-wrapper\" style=\"\">\n\t\t\t\t\t<h4 class=\"tab\"><div class=\"inner\">Programa NINTAI: preparaci\u00f3 integral prepart per mares gestants<\/div><\/h4>\n\t\t\t\t\t<div class=\"pane\"><div class=\"inner\"><p><b>PREPARACI\u00d3 INTEGRAL PREPART PER A MARES GESTANTS<\/b><\/p>\n<p><span style=\"font-weight: 400;\">Organitzat pel <\/span><b>Centre de Salut de Santa Pon\u00e7a \/ Llevadora<\/b><span style=\"font-weight: 400;\"> i l\u2019<\/span><b>Ajuntament de Calvi\u00e0 \/ EMHAS<\/b><\/p>\n<p><span style=\"font-weight: 400;\">\u00c9s un programa impulsat per la llevadora del Centre de Salut de Santa Pon\u00e7a en col\u00b7laboraci\u00f3 amb l\u2019<\/span><b>Escola Municipal d\u2019H\u00e0bits Saludables de Calvi\u00e0 \u2013 EMHAS<\/b><\/p>\n<p><b>En qu\u00e8 consisteix?<\/b><b><br \/>\n<\/b><span style=\"font-weight: 400;\"> \u00c9s un programa destinat a mares gestants a partir de la setmana 28, on podran realitzar les seg\u00fcents activitats amb l\u2019objectiu de preparar el cos per al part i disposar d\u2019eines per portar un estil de vida saludable.<\/span><\/p>\n<p><span style=\"font-weight: 400;\">Aquest programa consta de:<\/span><\/p>\n<ul>\n<li style=\"font-weight: 400;\" aria-level=\"1\"><b>10 classes de matronataci\u00f3 en piscina coberta. M\u00e8tode Aipap aigua.<\/b><b> <\/b><\/li>\n<li style=\"font-weight: 400;\" aria-level=\"1\"><b>1 classe pr\u00e0ctica amb Fitball sobre posicions facilitadores per al part<\/b><b> <\/b><\/li>\n<li style=\"font-weight: 400;\" aria-level=\"1\"><b>6 classes te\u00f2riques d\u2019educaci\u00f3 prepart<\/b><b> <\/b><\/li>\n<li style=\"font-weight: 400;\" aria-level=\"1\"><b>1 classe pr\u00e0ctica de t\u00e8cniques de relaxaci\u00f3 i respiraci\u00f3 enfocades al part. Meditaci\u00f3 conscient<\/b><b> <\/b><\/li>\n<\/ul>\n<p><span style=\"font-weight: 400;\">Totes elles dirigides per la llevadora de Santa Pon\u00e7a i impulsora del projecte, <\/span><b>Roc\u00edo Dom\u00ednguez Gonz\u00e1lez<\/b><\/p>\n<ul>\n<li style=\"font-weight: 400;\" aria-level=\"1\"><b>2 classes de ioga per a embarassades<\/b><span style=\"font-weight: 400;\"> amb un especialista en ioga i embar\u00e0s<\/span><\/li>\n<li style=\"font-weight: 400;\" aria-level=\"1\"><b>1 classe de nutrici\u00f3 en la gestaci\u00f3<\/b><b> <\/b><\/li>\n<li style=\"font-weight: 400;\" aria-level=\"1\"><b>1 classe sobre els beneficis de l\u2019exercici f\u00edsic en gestants<\/b><b> <\/b><\/li>\n<\/ul>\n<p><span style=\"font-weight: 400;\">Totes elles dirigides per especialistes de l\u2019<\/span><b>Escola Municipal d\u2019H\u00e0bits Saludables de Calvi\u00e0 \u2013 EMHAS<\/b><\/p>\n<p><b>Objectius generals:<\/b><\/p>\n<p><span style=\"font-weight: 400;\">Promoure el benestar f\u00edsic, emocional i educatiu de les dones gestants mitjan\u00e7ant un programa integral d\u2019activitat f\u00edsica aqu\u00e0tica, ioga i tallers educatius, que afavoreixi un embar\u00e0s saludable i un part conscient.<\/span><\/p>\n<p><b>Objectius espec\u00edfics:<\/b><\/p>\n<ul>\n<li style=\"font-weight: 400;\" aria-level=\"1\"><span style=\"font-weight: 400;\">Fomentar l\u2019activitat f\u00edsica segura durant l\u2019embar\u00e0s a trav\u00e9s de classes d\u2019exercicis a l\u2019aigua dirigides per la llevadora, amb la finalitat de millorar la condici\u00f3 f\u00edsica, la circulaci\u00f3 i el benestar general de les gestants.<\/span><\/li>\n<li style=\"font-weight: 400;\" aria-level=\"1\"><span style=\"font-weight: 400;\">Promoure la connexi\u00f3 cos-ment i la gesti\u00f3 de l\u2019estr\u00e8s mitjan\u00e7ant classes de ioga adaptades a l\u2019embar\u00e0s, que incloguin t\u00e8cniques de respiraci\u00f3, relaxaci\u00f3 i postures adequades per a cada etapa gestacional.<\/span><\/li>\n<li style=\"font-weight: 400;\" aria-level=\"1\"><span style=\"font-weight: 400;\">Proporcionar eines educatives i informatives a trav\u00e9s de tallers interactius sobre h\u00e0bits saludables (alimentaci\u00f3, descans, autocura, senyals d\u2019alerta, lact\u00e0ncia, etc.) que afavoreixin la presa de decisions informades durant l\u2019embar\u00e0s.<\/span><\/li>\n<li style=\"font-weight: 400;\" aria-level=\"1\"><span style=\"font-weight: 400;\">Fomentar espais de trobada i suport entre gestants, enfortint xarxes de contenci\u00f3 emocional i social en un ambient respectu\u00f3s, guiat per professionals capacitats.<\/span><\/li>\n<li style=\"font-weight: 400;\" aria-level=\"1\"><span style=\"font-weight: 400;\">Contribuir a la preparaci\u00f3 integral per al part i la maternitat, promovent l\u2019autonomia i la confian\u00e7a de les dones a trav\u00e9s de coneixements i pr\u00e0ctiques saludables durant l\u2019embar\u00e0s.<\/span><\/li>\n<\/ul>\n<p><b>Lloc, dies, hores i durada:<\/b><\/p>\n<table>\n<tbody>\n<tr>\n<td><b>LLOC<\/b><\/td>\n<td><b>DIES<\/b><\/td>\n<td><b>HORA<\/b><\/td>\n<td><b>DURADA<\/b><\/td>\n<\/tr>\n<tr>\n<td><span style=\"font-weight: 400;\">TALLERS<\/span><\/td>\n<td><span style=\"font-weight: 400;\">PAC Santa Pon\u00e7a<\/span><\/td>\n<td><span style=\"font-weight: 400;\">Dimecres<\/span><\/td>\n<td><span style=\"font-weight: 400;\">18:00h<\/span><\/td>\n<\/tr>\n<tr>\n<td><span style=\"font-weight: 400;\">AIGUA<\/span><\/td>\n<td><span style=\"font-weight: 400;\">Piscina Santa Pon\u00e7a<\/span><\/td>\n<td><span style=\"font-weight: 400;\">Dilluns<\/span><\/td>\n<td><span style=\"font-weight: 400;\">12:00h<\/span><\/td>\n<\/tr>\n<tr>\n<td><span style=\"font-weight: 400;\">IOGA<\/span><\/td>\n<td><span style=\"font-weight: 400;\">Poliesportiu Santa Pon\u00e7a<\/span><\/td>\n<td><span style=\"font-weight: 400;\">Dijous<\/span><\/td>\n<td><span style=\"font-weight: 400;\">11:00h<\/span><\/td>\n<\/tr>\n<\/tbody>\n<\/table>\n<p><b>Destinataries:<\/b><span style=\"font-weight: 400;\"> Mares gestants<\/span><\/p>\n<p><b>Derivaci\u00f3 des de:<\/b><span style=\"font-weight: 400;\"> PAC Santa Pon\u00e7a i UBS de Costa de la Calma, Peguera, Galatz\u00f3, El Toro, Calvi\u00e0 i Es Capdell\u00e0<\/span><\/p>\n<p><b>Durada:<\/b><span style=\"font-weight: 400;\"> 10 setmanes<\/span><span style=\"font-weight: 400;\"><br \/>\n<\/span> <b>Inici:<\/b><span style=\"font-weight: 400;\"> a partir de la setmana 28<\/span><\/p>\n<p><b>Organitza:<\/b><b><br \/>\n<\/b><span style=\"font-weight: 400;\"> Centre de Salut de Santa Pon\u00e7a \/ Llevadora i Ajuntament de Calvi\u00e0 \/ e m h a s<\/span><\/p>\n<p><img data-recalc-dims=\"1\" loading=\"lazy\" decoding=\"async\" class=\"alignnone wp-image-31319\" src=\"https:\/\/i0.wp.com\/calviadeportes.com\/wp-content\/uploads\/2025\/09\/servei-salud.png?resize=238%2C66&#038;ssl=1\" alt=\"\" width=\"238\" height=\"66\" srcset=\"https:\/\/i0.wp.com\/calviadeportes.com\/wp-content\/uploads\/2025\/09\/servei-salud.png?w=570&amp;ssl=1 570w, https:\/\/i0.wp.com\/calviadeportes.com\/wp-content\/uploads\/2025\/09\/servei-salud.png?resize=300%2C83&amp;ssl=1 300w, https:\/\/i0.wp.com\/calviadeportes.com\/wp-content\/uploads\/2025\/09\/servei-salud.png?resize=400%2C111&amp;ssl=1 400w, https:\/\/i0.wp.com\/calviadeportes.com\/wp-content\/uploads\/2025\/09\/servei-salud.png?resize=292%2C81&amp;ssl=1 292w\" sizes=\"auto, (max-width: 238px) 100vw, 238px\" \/><\/div><\/div>\n\t\t\t\t\t<\/li><\/ul><style>.wpv-accordion-3 .tab .inner { background-color: #f2f0d9; color: #483d37; }<\/style><\/div><\/div>\n<div class=\"wpv-grid grid-1-2  wpv-first-level unextended\" style=\"padding-top:0px;padding-bottom:0px\" id=\"wpv-column-db7e335d0fb282af1285fb4eae933653\" ><div class=\"wpv-accordion-wrapper wpv-accordion-4\"><ul class=\"wpv-accordion\" data-collapsible=\"true\"><li class=\"pane-wrapper\" style=\"\">\n\t\t\t\t\t<h4 class=\"tab\"><div class=\"inner\">Programes de tallers de promoci\u00f3 d\u2019H\u00e0bits Saludables<\/div><\/h4>\n\t\t\t\t\t<div class=\"pane\"><div class=\"inner\"><p>TALLERS PER A DONES EMBARASSADES, FAM\u00cdLIES AMB NENS\/ES DE 0 A 8 MESOS I DE 8 A 36 MESOS:<br \/>\nEl programa FAM\u00cdLIES FEIM TRIBU (<a href=\"https:\/\/www.calvia.com\/ca\/arees-municipals\/serveis-socials\" rel=\"nofollow\">https:\/\/www.calvia.com\/ca\/arees-municipals\/serveis-socials<\/a>), que es desenvolupa als Serveis Socials de l\u2019Ajuntament de Calvi\u00e0, consisteix en un programa que engloba una s\u00e8rie d\u2019iniciatives comunit\u00e0ries per al desenvolupament integral dels grups familiars, des de dones embarassades fins a fam\u00edlies amb nadons de fins a 36 mesos de vida. Aquestes activitats, gestionades a trav\u00e9s del Servei Comunitari de Prevenci\u00f3 Socioeducativa, juntament amb els centres de salut i serveis municipals com les Biblioteques de Calvi\u00e0, proporcionen a les fam\u00edlies un espai de suport on compartir experi\u00e8ncies, aprendre sobre crian\u00e7a i enfortir xarxes socials.<br \/>\nL\u2019e m h a s, a trav\u00e9s del seu programa de tallers de promoci\u00f3 d\u2019h\u00e0bits saludables, col\u00b7labora en aquest projecte d\u2019acompanyament a dones embarassades i fam\u00edlies de Calvi\u00e0 per millorar els seus h\u00e0bits.<br \/>\nTallers de:<br \/>\nAlimentaci\u00f3<\/p>\n<ul>\n<li>Activitat f\u00edsica<\/li>\n<li>Benestar emocional<\/li>\n<li>Higiene del son<\/li>\n<\/ul>\n<p>Per unir-se a aquest programa d\u2019acompanyament a les fam\u00edlies, es pot contactar amb: CENTRES DE SALUT, PROGRAMA PREVENCI\u00d3 COMUNIT\u00c0RIA: 681 34 75 12, CENTRES MUNICIPALS DE SERVEIS SOCIALS, BIBLIOTECA DE SON CALIU O LA DE STA. PON\u00c7A GALATZ\u00d3<\/p>\n<p><img data-recalc-dims=\"1\" loading=\"lazy\" decoding=\"async\" class=\"alignnone wp-image-31250 size-medium\" src=\"https:\/\/i0.wp.com\/calviadeportes.com\/wp-content\/uploads\/2025\/09\/famileas.png?resize=300%2C300&#038;ssl=1\" alt=\"\" width=\"300\" height=\"300\" srcset=\"https:\/\/i0.wp.com\/calviadeportes.com\/wp-content\/uploads\/2025\/09\/famileas.png?resize=300%2C300&amp;ssl=1 300w, https:\/\/i0.wp.com\/calviadeportes.com\/wp-content\/uploads\/2025\/09\/famileas.png?resize=1024%2C1024&amp;ssl=1 1024w, https:\/\/i0.wp.com\/calviadeportes.com\/wp-content\/uploads\/2025\/09\/famileas.png?resize=150%2C150&amp;ssl=1 150w, https:\/\/i0.wp.com\/calviadeportes.com\/wp-content\/uploads\/2025\/09\/famileas.png?resize=768%2C768&amp;ssl=1 768w, https:\/\/i0.wp.com\/calviadeportes.com\/wp-content\/uploads\/2025\/09\/famileas.png?resize=60%2C60&amp;ssl=1 60w, https:\/\/i0.wp.com\/calviadeportes.com\/wp-content\/uploads\/2025\/09\/famileas.png?resize=43%2C43&amp;ssl=1 43w, https:\/\/i0.wp.com\/calviadeportes.com\/wp-content\/uploads\/2025\/09\/famileas.png?resize=615%2C615&amp;ssl=1 615w, https:\/\/i0.wp.com\/calviadeportes.com\/wp-content\/uploads\/2025\/09\/famileas.png?resize=400%2C400&amp;ssl=1 400w, https:\/\/i0.wp.com\/calviadeportes.com\/wp-content\/uploads\/2025\/09\/famileas.png?resize=292%2C292&amp;ssl=1 292w, https:\/\/i0.wp.com\/calviadeportes.com\/wp-content\/uploads\/2025\/09\/famileas.png?resize=50%2C50&amp;ssl=1 50w, https:\/\/i0.wp.com\/calviadeportes.com\/wp-content\/uploads\/2025\/09\/famileas.png?w=1080&amp;ssl=1 1080w\" sizes=\"auto, (max-width: 300px) 100vw, 300px\" \/><\/p>\n<div class=\"sep\"><\/div>\n<p>TALLERS PER A UNIVERSITARIS: TRANSFORMA LA TEVA SALUT<br \/>\nPR\u00d2XIMAMENT.<\/div><\/div>\n\t\t\t\t\t<\/li><\/ul><style>.wpv-accordion-4 .tab .inner { background-color: #f2f0d9; color: #483d37; }<\/style><\/div><\/div><\/div>\n\t\t\t\t\t\n<h2 style=\"text-align: center;\"><b>RECURSOS DESCARREGABLES<\/b><\/h2>\n\t\t\t\t<div class=\"sep\"><\/div>\t\n<div class=\"row \"><div class=\"wpv-grid grid-1-3  wpv-first-level first unextended\" style=\"padding-top:0px;padding-bottom:0px\" id=\"wpv-column-321c6d1d2a58c9045fe6c87ee057a2ae\" ><p><a href=\"https:\/\/drive.google.com\/file\/d\/19JUnMGHFvd4fs2Lo8TBTs-ZdfY1Yi__L\/view?usp=drive_link\"><img data-recalc-dims=\"1\" loading=\"lazy\" decoding=\"async\" class=\"alignnone wp-image-28526 size-large\" src=\"https:\/\/i0.wp.com\/calviadeportes.com\/wp-content\/uploads\/2024\/08\/Alimentacion-emhas-03.png?resize=1024%2C724&#038;ssl=1\" alt=\"\" width=\"1024\" height=\"724\" srcset=\"https:\/\/i0.wp.com\/calviadeportes.com\/wp-content\/uploads\/2024\/08\/Alimentacion-emhas-03.png?resize=1024%2C724&amp;ssl=1 1024w, https:\/\/i0.wp.com\/calviadeportes.com\/wp-content\/uploads\/2024\/08\/Alimentacion-emhas-03.png?resize=300%2C212&amp;ssl=1 300w, https:\/\/i0.wp.com\/calviadeportes.com\/wp-content\/uploads\/2024\/08\/Alimentacion-emhas-03.png?resize=768%2C543&amp;ssl=1 768w, https:\/\/i0.wp.com\/calviadeportes.com\/wp-content\/uploads\/2024\/08\/Alimentacion-emhas-03.png?resize=1536%2C1086&amp;ssl=1 1536w, https:\/\/i0.wp.com\/calviadeportes.com\/wp-content\/uploads\/2024\/08\/Alimentacion-emhas-03.png?resize=2048%2C1448&amp;ssl=1 2048w, https:\/\/i0.wp.com\/calviadeportes.com\/wp-content\/uploads\/2024\/08\/Alimentacion-emhas-03.png?resize=1260%2C891&amp;ssl=1 1260w, https:\/\/i0.wp.com\/calviadeportes.com\/wp-content\/uploads\/2024\/08\/Alimentacion-emhas-03.png?resize=615%2C435&amp;ssl=1 615w, https:\/\/i0.wp.com\/calviadeportes.com\/wp-content\/uploads\/2024\/08\/Alimentacion-emhas-03.png?resize=400%2C283&amp;ssl=1 400w, https:\/\/i0.wp.com\/calviadeportes.com\/wp-content\/uploads\/2024\/08\/Alimentacion-emhas-03.png?resize=292%2C206&amp;ssl=1 292w\" sizes=\"auto, (max-width: 1024px) 100vw, 1024px\" \/><\/a><\/div>\n<div class=\"wpv-grid grid-1-3  wpv-first-level unextended\" style=\"padding-top:0px;padding-bottom:0px\" id=\"wpv-column-43d38b783c3461ded6db834a2ae2d33b\" ><p><a href=\"https:\/\/drive.google.com\/file\/d\/1nFbAcBiTf4OorDo2Jk_qArC7D2dTR3Of\/view?usp=drive_link\"><img data-recalc-dims=\"1\" loading=\"lazy\" decoding=\"async\" class=\"alignnone wp-image-28523 size-large\" src=\"https:\/\/i0.wp.com\/calviadeportes.com\/wp-content\/uploads\/2024\/08\/Alimentacion-emhas-02.png?resize=1024%2C625&#038;ssl=1\" alt=\"\" width=\"1024\" height=\"625\" srcset=\"https:\/\/i0.wp.com\/calviadeportes.com\/wp-content\/uploads\/2024\/08\/Alimentacion-emhas-02.png?resize=1024%2C625&amp;ssl=1 1024w, https:\/\/i0.wp.com\/calviadeportes.com\/wp-content\/uploads\/2024\/08\/Alimentacion-emhas-02.png?resize=300%2C183&amp;ssl=1 300w, https:\/\/i0.wp.com\/calviadeportes.com\/wp-content\/uploads\/2024\/08\/Alimentacion-emhas-02.png?resize=768%2C469&amp;ssl=1 768w, https:\/\/i0.wp.com\/calviadeportes.com\/wp-content\/uploads\/2024\/08\/Alimentacion-emhas-02.png?resize=1536%2C937&amp;ssl=1 1536w, https:\/\/i0.wp.com\/calviadeportes.com\/wp-content\/uploads\/2024\/08\/Alimentacion-emhas-02.png?resize=2048%2C1249&amp;ssl=1 2048w, https:\/\/i0.wp.com\/calviadeportes.com\/wp-content\/uploads\/2024\/08\/Alimentacion-emhas-02.png?resize=1260%2C769&amp;ssl=1 1260w, https:\/\/i0.wp.com\/calviadeportes.com\/wp-content\/uploads\/2024\/08\/Alimentacion-emhas-02.png?resize=615%2C375&amp;ssl=1 615w, https:\/\/i0.wp.com\/calviadeportes.com\/wp-content\/uploads\/2024\/08\/Alimentacion-emhas-02.png?resize=400%2C244&amp;ssl=1 400w, https:\/\/i0.wp.com\/calviadeportes.com\/wp-content\/uploads\/2024\/08\/Alimentacion-emhas-02.png?resize=292%2C178&amp;ssl=1 292w, https:\/\/i0.wp.com\/calviadeportes.com\/wp-content\/uploads\/2024\/08\/Alimentacion-emhas-02.png?w=2760&amp;ssl=1 2760w\" sizes=\"auto, (max-width: 1024px) 100vw, 1024px\" \/><\/a><\/div>\n<div class=\"wpv-grid grid-1-3  wpv-first-level unextended\" style=\"padding-top:0px;padding-bottom:0px\" id=\"wpv-column-11772ef5a9c79c46df4b3795e16ae288\" ><p><a href=\"https:\/\/drive.google.com\/file\/d\/1z21sXR8ShfVQ8VI486vKWKz-R7CHEvbD\/view?usp=drive_link\"><img data-recalc-dims=\"1\" loading=\"lazy\" decoding=\"async\" class=\"alignnone wp-image-28520 size-large\" src=\"https:\/\/i0.wp.com\/calviadeportes.com\/wp-content\/uploads\/2024\/08\/Alimentacion-emhas-01.png?resize=1024%2C888&#038;ssl=1\" alt=\"\" width=\"1024\" height=\"888\" srcset=\"https:\/\/i0.wp.com\/calviadeportes.com\/wp-content\/uploads\/2024\/08\/Alimentacion-emhas-01.png?resize=1024%2C888&amp;ssl=1 1024w, https:\/\/i0.wp.com\/calviadeportes.com\/wp-content\/uploads\/2024\/08\/Alimentacion-emhas-01.png?resize=300%2C260&amp;ssl=1 300w, https:\/\/i0.wp.com\/calviadeportes.com\/wp-content\/uploads\/2024\/08\/Alimentacion-emhas-01.png?resize=768%2C666&amp;ssl=1 768w, https:\/\/i0.wp.com\/calviadeportes.com\/wp-content\/uploads\/2024\/08\/Alimentacion-emhas-01.png?resize=1536%2C1333&amp;ssl=1 1536w, https:\/\/i0.wp.com\/calviadeportes.com\/wp-content\/uploads\/2024\/08\/Alimentacion-emhas-01.png?resize=1260%2C1093&amp;ssl=1 1260w, https:\/\/i0.wp.com\/calviadeportes.com\/wp-content\/uploads\/2024\/08\/Alimentacion-emhas-01.png?resize=615%2C534&amp;ssl=1 615w, https:\/\/i0.wp.com\/calviadeportes.com\/wp-content\/uploads\/2024\/08\/Alimentacion-emhas-01.png?resize=400%2C347&amp;ssl=1 400w, https:\/\/i0.wp.com\/calviadeportes.com\/wp-content\/uploads\/2024\/08\/Alimentacion-emhas-01.png?resize=292%2C253&amp;ssl=1 292w, https:\/\/i0.wp.com\/calviadeportes.com\/wp-content\/uploads\/2024\/08\/Alimentacion-emhas-01.png?w=2010&amp;ssl=1 2010w\" sizes=\"auto, (max-width: 1024px) 100vw, 1024px\" \/><\/a><\/div><\/div>\n<div class=\"push\" style='height:30px'><\/div>\n\t\t\t\t\t\n<h2 style=\"text-align: center;\"><b>CONFER\u00c8NCIES DE SALUT<\/b><\/h2>\n\t\t\t\t<div class=\"sep\"><\/div>\t\n<div class=\"row \"><div class=\"wpv-grid grid-3-4  wpv-first-level first unextended\" style=\"padding-top:0px;padding-bottom:0px\" id=\"wpv-column-5a2b7ed2516b43cdfd69a7e62f97fd06\" ><div class=\"row wpv-tribe-multiple-events style-dark\">\n\t\t\t\t\t<div class=\"wpv-grid grid-1-3\">\n\t\t\t<div class=\"event-wrapper\">\n\t\t\t\t\t\t\t\t<a href=\"https:\/\/calviadeportes.com\/ca\/evento\/oscar-cucarella-conferencies\/\" title=\"Veure m\u00e9s\">\n\t\t\t\t\t<div class=\"thumbnail\">\n\t\t\t\t\t\t<img loading=\"lazy\" decoding=\"async\" width=\"400\" height=\"566\" src=\"https:\/\/i0.wp.com\/calviadeportes.com\/wp-content\/uploads\/2026\/01\/conf-oscar-cat.png?fit=400%2C566&amp;ssl=1\" class=\"attachment-portfolio-masonry-3 size-portfolio-masonry-3 wp-post-image\" alt=\"conf oscar cat\" srcset=\"https:\/\/i0.wp.com\/calviadeportes.com\/wp-content\/uploads\/2026\/01\/conf-oscar-cat.png?w=1414&amp;ssl=1 1414w, https:\/\/i0.wp.com\/calviadeportes.com\/wp-content\/uploads\/2026\/01\/conf-oscar-cat.png?resize=212%2C300&amp;ssl=1 212w, https:\/\/i0.wp.com\/calviadeportes.com\/wp-content\/uploads\/2026\/01\/conf-oscar-cat.png?resize=724%2C1024&amp;ssl=1 724w, https:\/\/i0.wp.com\/calviadeportes.com\/wp-content\/uploads\/2026\/01\/conf-oscar-cat.png?resize=768%2C1086&amp;ssl=1 768w, https:\/\/i0.wp.com\/calviadeportes.com\/wp-content\/uploads\/2026\/01\/conf-oscar-cat.png?resize=1086%2C1536&amp;ssl=1 1086w, https:\/\/i0.wp.com\/calviadeportes.com\/wp-content\/uploads\/2026\/01\/conf-oscar-cat.png?resize=1260%2C1782&amp;ssl=1 1260w, https:\/\/i0.wp.com\/calviadeportes.com\/wp-content\/uploads\/2026\/01\/conf-oscar-cat.png?resize=615%2C870&amp;ssl=1 615w, https:\/\/i0.wp.com\/calviadeportes.com\/wp-content\/uploads\/2026\/01\/conf-oscar-cat.png?resize=400%2C566&amp;ssl=1 400w, https:\/\/i0.wp.com\/calviadeportes.com\/wp-content\/uploads\/2026\/01\/conf-oscar-cat.png?resize=292%2C413&amp;ssl=1 292w\" sizes=\"auto, (min-width: 900px) 50vw, 100vw\" data-attachment-id=\"33668\" data-permalink=\"https:\/\/calviadeportes.com\/ca\/evento\/oscar-cucarella-conferencies\/conf-oscar-cat-2\/\" data-orig-file=\"https:\/\/i0.wp.com\/calviadeportes.com\/wp-content\/uploads\/2026\/01\/conf-oscar-cat.png?fit=1414%2C2000&amp;ssl=1\" data-orig-size=\"1414,2000\" data-comments-opened=\"1\" data-image-meta=\"{&quot;aperture&quot;:&quot;0&quot;,&quot;credit&quot;:&quot;&quot;,&quot;camera&quot;:&quot;&quot;,&quot;caption&quot;:&quot;&quot;,&quot;created_timestamp&quot;:&quot;0&quot;,&quot;copyright&quot;:&quot;&quot;,&quot;focal_length&quot;:&quot;0&quot;,&quot;iso&quot;:&quot;0&quot;,&quot;shutter_speed&quot;:&quot;0&quot;,&quot;title&quot;:&quot;&quot;,&quot;orientation&quot;:&quot;0&quot;}\" data-image-title=\"conf oscar cat\" data-image-description=\"&lt;p&gt;conf oscar cat&lt;\/p&gt;\n\" data-image-caption=\"\" data-large-file=\"https:\/\/i0.wp.com\/calviadeportes.com\/wp-content\/uploads\/2026\/01\/conf-oscar-cat.png?fit=724%2C1024&amp;ssl=1\" \/>\t\t\t\t\t\t<div class=\"date\">\n\t\t\t\t\t\t\t<div class=\"date-inner\">\n\t\t\t\t\t\t\t\t<div class=\"day\">26<\/div>\n\t\t\t\t\t\t\t\t<div class=\"month\">setembre<\/div>\n\t\t\t\t\t\t\t<\/div>\n\t\t\t\t\t\t<\/div>\n\n\t\t\t\t\t<\/div>\n\t\t\t\t\t<h4 class=\"title entry-title\">\u00d3scar Cucarella - Confer\u00e8ncia de Salut<\/h4>\n\t\t\t\t<\/a>\n\t\t\t\t<div class=\"when-where\">\n\t\t\t\t\t<div>\n\t\t\t\t\t\t<span class='icon shortcode theme ' style=''>&#57530;<\/span>\t\t\t\t\t\t\t\t\t\t\t\t\t9:30 am &mdash; 1:30 pm\t\t\t\t\t\t\t\t\t\t\t<\/div>\n\t\t\t\t\t<div><span class='icon shortcode theme ' style=''>&#57547;<\/span> Refugio Galatz\u00f3\t\t\t\t\t<\/div>\n\t\t\t\t<\/div>\n\t\t\t\t<div class=\"description\">\n\t\t\t\t\t<p>\u00d3scar Cucarella &#8211; Xerrada:  Exercici F\u00edsic, Estrat\u00e8gia contra l\u2019osteoporosis\ud83d\udccd Lloc: Es Refugi Galatz\u00f3 \ud83d\udcc6 Data: Dissabte 26 de setembre  \ud83d\udd52 Horari: 09:30 &#8211; 13:30 h<\/p>\n\t\t\t\t<\/div>\n\t\t\t<\/div>\n\t\t<\/div>\n\t\t\t\t\t\t\t<div class=\"wpv-grid grid-1-3\">\n\t\t\t<div class=\"event-wrapper\">\n\t\t\t\t\t\t\t\t<a href=\"https:\/\/calviadeportes.com\/ca\/evento\/estades-saludables-calvia-2026\/\" title=\"Veure m\u00e9s\">\n\t\t\t\t\t<div class=\"thumbnail\">\n\t\t\t\t\t\t<img loading=\"lazy\" decoding=\"async\" width=\"400\" height=\"94\" src=\"https:\/\/i0.wp.com\/calviadeportes.com\/wp-content\/uploads\/2026\/08\/SOLD-OUT-estades.png?fit=400%2C94&amp;ssl=1\" class=\"attachment-portfolio-masonry-3 size-portfolio-masonry-3 wp-post-image\" alt=\"\" srcset=\"https:\/\/i0.wp.com\/calviadeportes.com\/wp-content\/uploads\/2026\/08\/SOLD-OUT-estades.png?w=2526&amp;ssl=1 2526w, https:\/\/i0.wp.com\/calviadeportes.com\/wp-content\/uploads\/2026\/08\/SOLD-OUT-estades.png?resize=300%2C71&amp;ssl=1 300w, https:\/\/i0.wp.com\/calviadeportes.com\/wp-content\/uploads\/2026\/08\/SOLD-OUT-estades.png?resize=1024%2C241&amp;ssl=1 1024w, https:\/\/i0.wp.com\/calviadeportes.com\/wp-content\/uploads\/2026\/08\/SOLD-OUT-estades.png?resize=768%2C181&amp;ssl=1 768w, https:\/\/i0.wp.com\/calviadeportes.com\/wp-content\/uploads\/2026\/08\/SOLD-OUT-estades.png?resize=1536%2C361&amp;ssl=1 1536w, https:\/\/i0.wp.com\/calviadeportes.com\/wp-content\/uploads\/2026\/08\/SOLD-OUT-estades.png?resize=2048%2C482&amp;ssl=1 2048w, https:\/\/i0.wp.com\/calviadeportes.com\/wp-content\/uploads\/2026\/08\/SOLD-OUT-estades.png?resize=1260%2C296&amp;ssl=1 1260w, https:\/\/i0.wp.com\/calviadeportes.com\/wp-content\/uploads\/2026\/08\/SOLD-OUT-estades.png?resize=615%2C145&amp;ssl=1 615w, https:\/\/i0.wp.com\/calviadeportes.com\/wp-content\/uploads\/2026\/08\/SOLD-OUT-estades.png?resize=400%2C94&amp;ssl=1 400w, https:\/\/i0.wp.com\/calviadeportes.com\/wp-content\/uploads\/2026\/08\/SOLD-OUT-estades.png?resize=292%2C69&amp;ssl=1 292w\" sizes=\"auto, (min-width: 900px) 50vw, 100vw\" data-attachment-id=\"34900\" data-permalink=\"https:\/\/calviadeportes.com\/ca\/habits-saludables\/sold-out-estades-2\/\" data-orig-file=\"https:\/\/i0.wp.com\/calviadeportes.com\/wp-content\/uploads\/2026\/08\/SOLD-OUT-estades.png?fit=2526%2C594&amp;ssl=1\" data-orig-size=\"2526,594\" data-comments-opened=\"1\" data-image-meta=\"{&quot;aperture&quot;:&quot;0&quot;,&quot;credit&quot;:&quot;&quot;,&quot;camera&quot;:&quot;&quot;,&quot;caption&quot;:&quot;&quot;,&quot;created_timestamp&quot;:&quot;0&quot;,&quot;copyright&quot;:&quot;&quot;,&quot;focal_length&quot;:&quot;0&quot;,&quot;iso&quot;:&quot;0&quot;,&quot;shutter_speed&quot;:&quot;0&quot;,&quot;title&quot;:&quot;&quot;,&quot;orientation&quot;:&quot;0&quot;,&quot;alt&quot;:&quot;&quot;}\" data-image-title=\"SOLD OUT estades\" data-image-description=\"\" data-image-caption=\"\" data-large-file=\"https:\/\/i0.wp.com\/calviadeportes.com\/wp-content\/uploads\/2026\/08\/SOLD-OUT-estades.png?fit=1024%2C241&amp;ssl=1\" \/>\t\t\t\t\t\t<div class=\"date\">\n\t\t\t\t\t\t\t<div class=\"date-inner\">\n\t\t\t\t\t\t\t\t<div class=\"day\">24<\/div>\n\t\t\t\t\t\t\t\t<div class=\"month\">octubre<\/div>\n\t\t\t\t\t\t\t<\/div>\n\t\t\t\t\t\t<\/div>\n\n\t\t\t\t\t<\/div>\n\t\t\t\t\t<h4 class=\"title entry-title\">Estades Saludables Calvi\u00e0 2026<\/h4>\n\t\t\t\t<\/a>\n\t\t\t\t<div class=\"when-where\">\n\t\t\t\t\t<div>\n\t\t\t\t\t\t<span class='icon shortcode theme ' style=''>&#57530;<\/span>\t\t\t\t\t\t\t\t\t\t\t\t\tTot el dia\t\t\t\t\t\t\t\t\t\t\t<\/div>\n\t\t\t\t\t<div><span class='icon shortcode theme ' style=''>&#57547;<\/span> Valent\u00edn Grand Park Suite Hotel\t\t\t\t\t<\/div>\n\t\t\t\t<\/div>\n\t\t\t\t<div class=\"description\">\n\t\t\t\t\t<p>Les Estades Saludables 2026 els propers 24 i 25 d&#8217;octubre al Valent\u00edn Grand Park Suite Hotel de Peguera!<\/p>\n\t\t\t\t<\/div>\n\t\t\t<\/div>\n\t\t<\/div>\n\t\t\t\t\t\t\t<div class=\"wpv-grid grid-1-3\">\n\t\t\t<div class=\"event-wrapper\">\n\t\t\t\t\t\t\t\t<a href=\"https:\/\/calviadeportes.com\/ca\/evento\/toni-jaume-conferencies\/\" title=\"Veure m\u00e9s\">\n\t\t\t\t\t<div class=\"thumbnail\">\n\t\t\t\t\t\t<img loading=\"lazy\" decoding=\"async\" width=\"400\" height=\"566\" src=\"https:\/\/i0.wp.com\/calviadeportes.com\/wp-content\/uploads\/2026\/01\/conf-toni-cat.png?fit=400%2C566&amp;ssl=1\" class=\"attachment-portfolio-masonry-3 size-portfolio-masonry-3 wp-post-image\" alt=\"conf Toni Jaume Calvi\u00e0 cat\" srcset=\"https:\/\/i0.wp.com\/calviadeportes.com\/wp-content\/uploads\/2026\/01\/conf-toni-cat.png?w=1414&amp;ssl=1 1414w, https:\/\/i0.wp.com\/calviadeportes.com\/wp-content\/uploads\/2026\/01\/conf-toni-cat.png?resize=212%2C300&amp;ssl=1 212w, https:\/\/i0.wp.com\/calviadeportes.com\/wp-content\/uploads\/2026\/01\/conf-toni-cat.png?resize=724%2C1024&amp;ssl=1 724w, https:\/\/i0.wp.com\/calviadeportes.com\/wp-content\/uploads\/2026\/01\/conf-toni-cat.png?resize=768%2C1086&amp;ssl=1 768w, https:\/\/i0.wp.com\/calviadeportes.com\/wp-content\/uploads\/2026\/01\/conf-toni-cat.png?resize=1086%2C1536&amp;ssl=1 1086w, https:\/\/i0.wp.com\/calviadeportes.com\/wp-content\/uploads\/2026\/01\/conf-toni-cat.png?resize=1260%2C1782&amp;ssl=1 1260w, https:\/\/i0.wp.com\/calviadeportes.com\/wp-content\/uploads\/2026\/01\/conf-toni-cat.png?resize=615%2C870&amp;ssl=1 615w, https:\/\/i0.wp.com\/calviadeportes.com\/wp-content\/uploads\/2026\/01\/conf-toni-cat.png?resize=400%2C566&amp;ssl=1 400w, https:\/\/i0.wp.com\/calviadeportes.com\/wp-content\/uploads\/2026\/01\/conf-toni-cat.png?resize=292%2C413&amp;ssl=1 292w\" sizes=\"auto, (min-width: 900px) 50vw, 100vw\" data-attachment-id=\"33665\" data-permalink=\"https:\/\/calviadeportes.com\/ca\/evento\/oscar-cucarella-conferencies\/conf-toni-cat-2\/\" data-orig-file=\"https:\/\/i0.wp.com\/calviadeportes.com\/wp-content\/uploads\/2026\/01\/conf-toni-cat.png?fit=1414%2C2000&amp;ssl=1\" data-orig-size=\"1414,2000\" data-comments-opened=\"1\" data-image-meta=\"{&quot;aperture&quot;:&quot;0&quot;,&quot;credit&quot;:&quot;&quot;,&quot;camera&quot;:&quot;&quot;,&quot;caption&quot;:&quot;&quot;,&quot;created_timestamp&quot;:&quot;0&quot;,&quot;copyright&quot;:&quot;&quot;,&quot;focal_length&quot;:&quot;0&quot;,&quot;iso&quot;:&quot;0&quot;,&quot;shutter_speed&quot;:&quot;0&quot;,&quot;title&quot;:&quot;&quot;,&quot;orientation&quot;:&quot;0&quot;}\" data-image-title=\"conf Toni Jaume Calvi\u00e0 cat\" data-image-description=\"&lt;p&gt;conf Toni Jaume Calvi\u00e0 cat&lt;\/p&gt;\n\" data-image-caption=\"\" data-large-file=\"https:\/\/i0.wp.com\/calviadeportes.com\/wp-content\/uploads\/2026\/01\/conf-toni-cat.png?fit=724%2C1024&amp;ssl=1\" \/>\t\t\t\t\t\t<div class=\"date\">\n\t\t\t\t\t\t\t<div class=\"date-inner\">\n\t\t\t\t\t\t\t\t<div class=\"day\">07<\/div>\n\t\t\t\t\t\t\t\t<div class=\"month\">novembre<\/div>\n\t\t\t\t\t\t\t<\/div>\n\t\t\t\t\t\t<\/div>\n\n\t\t\t\t\t<\/div>\n\t\t\t\t\t<h4 class=\"title entry-title\">Toni Jaume - Confer\u00e8ncia de Salut<\/h4>\n\t\t\t\t<\/a>\n\t\t\t\t<div class=\"when-where\">\n\t\t\t\t\t<div>\n\t\t\t\t\t\t<span class='icon shortcode theme ' style=''>&#57530;<\/span>\t\t\t\t\t\t\t\t\t\t\t\t\t9:30 am &mdash; 1:30 pm\t\t\t\t\t\t\t\t\t\t\t<\/div>\n\t\t\t\t\t<div><span class='icon shortcode theme ' style=''>&#57547;<\/span> Refugio Galatz\u00f3\t\t\t\t\t<\/div>\n\t\t\t\t<\/div>\n\t\t\t\t<div class=\"description\">\n\t\t\t\t\t<p>Toni Jaume &#8211; Xerrada: Relaci\u00f3 entre el dolor cr\u00f2nic i el sistema nervi\u00f3s, emocional i inmunitarisis\ud83d\udccd Lloc: Es Refugi Galatz\u00f3 \ud83d\udcc6 Data: Dissabte 07 de novembre  \ud83d\udd52 Horari: 09:30 &#8211; 13:30 h<\/p>\n\t\t\t\t<\/div>\n\t\t\t<\/div>\n\t\t<\/div>\n\t\t\t\t<\/div>\n\n\n<\/div>\n<div class=\"wpv-grid grid-1-4  wpv-first-level unextended\" style=\"padding-top:0px;padding-bottom:0px\" id=\"wpv-column-16244b1c00dd0b2b91442014bc87bf0b\" ><section class=\"wpv-tribe-vertical-events\">\n\t<header class=\"top-title\">Agenda - Esdeveniments<\/header>\n\t\t\t<div class=\"wpv-event-row style-dark layout-vertical\">\n\t\t\t\t\t\t<a href=\"https:\/\/calviadeportes.com\/ca\/evento\/oscar-cucarella-conferencies\/\" title=\"Veure m\u00e9s\">\n\t\t\t\t<div class=\"date cell\">\n\t\t\t\t\t<div class=\"day\">26<\/div>\n\t\t\t\t\t<div class=\"month\">set.<\/div>\n\t\t\t\t<\/div>\n\t\t\t\t<h5 class=\"title cell\">\u00d3scar Cucarella - Confer\u00e8ncia de Salut<\/h5>\n\t\t\t\t<div class=\"price cell\">\u20ac12<\/div>\n\t\t\t<\/a>\n\t\t<\/div>\n\t\t\t<div class=\"wpv-event-row style-dark layout-vertical\">\n\t\t\t\t\t\t<a href=\"https:\/\/calviadeportes.com\/ca\/evento\/estades-saludables-calvia-2026\/\" title=\"Veure m\u00e9s\">\n\t\t\t\t<div class=\"date cell\">\n\t\t\t\t\t<div class=\"day\">24<\/div>\n\t\t\t\t\t<div class=\"month\">oct.<\/div>\n\t\t\t\t<\/div>\n\t\t\t\t<h5 class=\"title cell\">Estades Saludables Calvi\u00e0 2026<\/h5>\n\t\t\t\t<div class=\"price cell\"><\/div>\n\t\t\t<\/a>\n\t\t<\/div>\n\t\t\t<div class=\"wpv-event-row style-dark layout-vertical\">\n\t\t\t\t\t\t<a href=\"https:\/\/calviadeportes.com\/ca\/evento\/toni-jaume-conferencies\/\" title=\"Veure m\u00e9s\">\n\t\t\t\t<div class=\"date cell\">\n\t\t\t\t\t<div class=\"day\">07<\/div>\n\t\t\t\t\t<div class=\"month\">nov.<\/div>\n\t\t\t\t<\/div>\n\t\t\t\t<h5 class=\"title cell\">Toni Jaume - Confer\u00e8ncia de Salut<\/h5>\n\t\t\t\t<div class=\"price cell\">\u20ac12<\/div>\n\t\t\t<\/a>\n\t\t<\/div>\n\t\t<header class=\"view-all\">\n\t\t<a href=\"https:\/\/calviadeportes.com\/ca\/eventos\/\" title=\"Upcoming Events\">Veure tots els esdeveniments \u2192<\/a>\n\t<\/header>\n<\/section>\n\n\n<\/div><\/div>\n\t\t\t\t\t\n<h2 style=\"text-align: center;\"><b>ELS NOSTRES COL.LABORADORS<\/b><\/h2>\n\t\t\t\t<div class=\"sep\"><\/div>\t\n<div class=\"row \"><div class=\"wpv-grid grid-1-5  wpv-first-level first unextended\" style=\"padding-top:0px;padding-bottom:0px\" id=\"wpv-column-11189245b7c8bace1417e7ae34c89316\" ><p><a href=\"https:\/\/www.codnib.es\/index.php\/es\/\"><img data-recalc-dims=\"1\" loading=\"lazy\" decoding=\"async\" class=\"alignnone wp-image-28418 size-large\" src=\"https:\/\/i0.wp.com\/calviadeportes.com\/wp-content\/uploads\/2024\/08\/CODNIB-1.png?resize=1024%2C540&#038;ssl=1\" alt=\"\" width=\"1024\" height=\"540\" srcset=\"https:\/\/i0.wp.com\/calviadeportes.com\/wp-content\/uploads\/2024\/08\/CODNIB-1.png?resize=1024%2C540&amp;ssl=1 1024w, https:\/\/i0.wp.com\/calviadeportes.com\/wp-content\/uploads\/2024\/08\/CODNIB-1.png?resize=300%2C158&amp;ssl=1 300w, https:\/\/i0.wp.com\/calviadeportes.com\/wp-content\/uploads\/2024\/08\/CODNIB-1.png?resize=768%2C405&amp;ssl=1 768w, https:\/\/i0.wp.com\/calviadeportes.com\/wp-content\/uploads\/2024\/08\/CODNIB-1.png?resize=1536%2C810&amp;ssl=1 1536w, https:\/\/i0.wp.com\/calviadeportes.com\/wp-content\/uploads\/2024\/08\/CODNIB-1.png?resize=1260%2C664&amp;ssl=1 1260w, https:\/\/i0.wp.com\/calviadeportes.com\/wp-content\/uploads\/2024\/08\/CODNIB-1.png?resize=615%2C324&amp;ssl=1 615w, https:\/\/i0.wp.com\/calviadeportes.com\/wp-content\/uploads\/2024\/08\/CODNIB-1.png?resize=400%2C211&amp;ssl=1 400w, https:\/\/i0.wp.com\/calviadeportes.com\/wp-content\/uploads\/2024\/08\/CODNIB-1.png?resize=292%2C154&amp;ssl=1 292w, https:\/\/i0.wp.com\/calviadeportes.com\/wp-content\/uploads\/2024\/08\/CODNIB-1.png?w=1846&amp;ssl=1 1846w\" sizes=\"auto, (max-width: 1024px) 100vw, 1024px\" \/><\/a><\/div>\n<div class=\"wpv-grid grid-1-5  wpv-first-level unextended\" style=\"padding-top:0px;padding-bottom:0px\" id=\"wpv-column-57a9b4ee3a69c1e3b0be2ea002feda89\" ><p><a href=\"https:\/\/www.copib.es\/\"><img data-recalc-dims=\"1\" loading=\"lazy\" decoding=\"async\" class=\"alignnone wp-image-28427 size-large\" src=\"https:\/\/i0.wp.com\/calviadeportes.com\/wp-content\/uploads\/2024\/08\/COPIB.png?resize=1024%2C540&#038;ssl=1\" alt=\"\" width=\"1024\" height=\"540\" srcset=\"https:\/\/i0.wp.com\/calviadeportes.com\/wp-content\/uploads\/2024\/08\/COPIB.png?resize=1024%2C540&amp;ssl=1 1024w, https:\/\/i0.wp.com\/calviadeportes.com\/wp-content\/uploads\/2024\/08\/COPIB.png?resize=300%2C158&amp;ssl=1 300w, https:\/\/i0.wp.com\/calviadeportes.com\/wp-content\/uploads\/2024\/08\/COPIB.png?resize=768%2C405&amp;ssl=1 768w, https:\/\/i0.wp.com\/calviadeportes.com\/wp-content\/uploads\/2024\/08\/COPIB.png?resize=1536%2C810&amp;ssl=1 1536w, https:\/\/i0.wp.com\/calviadeportes.com\/wp-content\/uploads\/2024\/08\/COPIB.png?resize=1260%2C664&amp;ssl=1 1260w, https:\/\/i0.wp.com\/calviadeportes.com\/wp-content\/uploads\/2024\/08\/COPIB.png?resize=615%2C324&amp;ssl=1 615w, https:\/\/i0.wp.com\/calviadeportes.com\/wp-content\/uploads\/2024\/08\/COPIB.png?resize=400%2C211&amp;ssl=1 400w, https:\/\/i0.wp.com\/calviadeportes.com\/wp-content\/uploads\/2024\/08\/COPIB.png?resize=292%2C154&amp;ssl=1 292w, https:\/\/i0.wp.com\/calviadeportes.com\/wp-content\/uploads\/2024\/08\/COPIB.png?w=1846&amp;ssl=1 1846w\" sizes=\"auto, (max-width: 1024px) 100vw, 1024px\" \/><\/a><\/div>\n<div class=\"wpv-grid grid-1-5  wpv-first-level unextended\" style=\"padding-top:0px;padding-bottom:0px\" id=\"wpv-column-5ba5b6dcfcb94c70509ce43c48ff3ac6\" ><p><a href=\"https:\/\/www.colefillesbalears.com\/web\/\"><img data-recalc-dims=\"1\" loading=\"lazy\" decoding=\"async\" class=\"alignnone wp-image-28424 size-large\" src=\"https:\/\/i0.wp.com\/calviadeportes.com\/wp-content\/uploads\/2024\/08\/COLEF.png?resize=1024%2C540&#038;ssl=1\" alt=\"\" width=\"1024\" height=\"540\" srcset=\"https:\/\/i0.wp.com\/calviadeportes.com\/wp-content\/uploads\/2024\/08\/COLEF.png?resize=1024%2C540&amp;ssl=1 1024w, https:\/\/i0.wp.com\/calviadeportes.com\/wp-content\/uploads\/2024\/08\/COLEF.png?resize=300%2C158&amp;ssl=1 300w, https:\/\/i0.wp.com\/calviadeportes.com\/wp-content\/uploads\/2024\/08\/COLEF.png?resize=768%2C405&amp;ssl=1 768w, https:\/\/i0.wp.com\/calviadeportes.com\/wp-content\/uploads\/2024\/08\/COLEF.png?resize=1536%2C810&amp;ssl=1 1536w, https:\/\/i0.wp.com\/calviadeportes.com\/wp-content\/uploads\/2024\/08\/COLEF.png?resize=1260%2C664&amp;ssl=1 1260w, https:\/\/i0.wp.com\/calviadeportes.com\/wp-content\/uploads\/2024\/08\/COLEF.png?resize=615%2C324&amp;ssl=1 615w, https:\/\/i0.wp.com\/calviadeportes.com\/wp-content\/uploads\/2024\/08\/COLEF.png?resize=400%2C211&amp;ssl=1 400w, https:\/\/i0.wp.com\/calviadeportes.com\/wp-content\/uploads\/2024\/08\/COLEF.png?resize=292%2C154&amp;ssl=1 292w, https:\/\/i0.wp.com\/calviadeportes.com\/wp-content\/uploads\/2024\/08\/COLEF.png?w=1846&amp;ssl=1 1846w\" sizes=\"auto, (max-width: 1024px) 100vw, 1024px\" \/><\/a><\/div>\n<div class=\"wpv-grid grid-1-5  wpv-first-level unextended\" style=\"padding-top:0px;padding-bottom:0px\" id=\"wpv-column-7860054f56224110eb5cdf9c9969a01f\" ><p><a href=\"https:\/\/www.eroski.es\/?tk=0\"><img data-recalc-dims=\"1\" loading=\"lazy\" decoding=\"async\" class=\"alignnone wp-image-28433 size-large\" src=\"https:\/\/i0.wp.com\/calviadeportes.com\/wp-content\/uploads\/2024\/08\/EROSKI.png?resize=1024%2C540&#038;ssl=1\" alt=\"\" width=\"1024\" height=\"540\" srcset=\"https:\/\/i0.wp.com\/calviadeportes.com\/wp-content\/uploads\/2024\/08\/EROSKI.png?resize=1024%2C540&amp;ssl=1 1024w, https:\/\/i0.wp.com\/calviadeportes.com\/wp-content\/uploads\/2024\/08\/EROSKI.png?resize=300%2C158&amp;ssl=1 300w, https:\/\/i0.wp.com\/calviadeportes.com\/wp-content\/uploads\/2024\/08\/EROSKI.png?resize=768%2C405&amp;ssl=1 768w, https:\/\/i0.wp.com\/calviadeportes.com\/wp-content\/uploads\/2024\/08\/EROSKI.png?resize=1536%2C810&amp;ssl=1 1536w, https:\/\/i0.wp.com\/calviadeportes.com\/wp-content\/uploads\/2024\/08\/EROSKI.png?resize=1260%2C664&amp;ssl=1 1260w, https:\/\/i0.wp.com\/calviadeportes.com\/wp-content\/uploads\/2024\/08\/EROSKI.png?resize=615%2C324&amp;ssl=1 615w, https:\/\/i0.wp.com\/calviadeportes.com\/wp-content\/uploads\/2024\/08\/EROSKI.png?resize=400%2C211&amp;ssl=1 400w, https:\/\/i0.wp.com\/calviadeportes.com\/wp-content\/uploads\/2024\/08\/EROSKI.png?resize=292%2C154&amp;ssl=1 292w, https:\/\/i0.wp.com\/calviadeportes.com\/wp-content\/uploads\/2024\/08\/EROSKI.png?w=1846&amp;ssl=1 1846w\" sizes=\"auto, (max-width: 1024px) 100vw, 1024px\" \/><\/a><\/div>\n<div class=\"wpv-grid grid-1-5  wpv-first-level unextended\" style=\"padding-top:0px;padding-bottom:0px\" id=\"wpv-column-23e4b4659ad1065155ca0012d37cbd9c\" ><p><a href=\"https:\/\/www.aesan.gob.es\/AECOSAN\/web\/nutricion\/seccion\/estrategia_naos.htm\"><img data-recalc-dims=\"1\" loading=\"lazy\" decoding=\"async\" class=\"alignnone wp-image-28436 size-large\" src=\"https:\/\/i0.wp.com\/calviadeportes.com\/wp-content\/uploads\/2024\/08\/NAOS.png?resize=1024%2C540&#038;ssl=1\" alt=\"\" width=\"1024\" height=\"540\" srcset=\"https:\/\/i0.wp.com\/calviadeportes.com\/wp-content\/uploads\/2024\/08\/NAOS.png?resize=1024%2C540&amp;ssl=1 1024w, https:\/\/i0.wp.com\/calviadeportes.com\/wp-content\/uploads\/2024\/08\/NAOS.png?resize=300%2C158&amp;ssl=1 300w, https:\/\/i0.wp.com\/calviadeportes.com\/wp-content\/uploads\/2024\/08\/NAOS.png?resize=768%2C405&amp;ssl=1 768w, https:\/\/i0.wp.com\/calviadeportes.com\/wp-content\/uploads\/2024\/08\/NAOS.png?resize=1536%2C810&amp;ssl=1 1536w, https:\/\/i0.wp.com\/calviadeportes.com\/wp-content\/uploads\/2024\/08\/NAOS.png?resize=1260%2C664&amp;ssl=1 1260w, https:\/\/i0.wp.com\/calviadeportes.com\/wp-content\/uploads\/2024\/08\/NAOS.png?resize=615%2C324&amp;ssl=1 615w, https:\/\/i0.wp.com\/calviadeportes.com\/wp-content\/uploads\/2024\/08\/NAOS.png?resize=400%2C211&amp;ssl=1 400w, https:\/\/i0.wp.com\/calviadeportes.com\/wp-content\/uploads\/2024\/08\/NAOS.png?resize=292%2C154&amp;ssl=1 292w, https:\/\/i0.wp.com\/calviadeportes.com\/wp-content\/uploads\/2024\/08\/NAOS.png?w=1846&amp;ssl=1 1846w\" sizes=\"auto, (max-width: 1024px) 100vw, 1024px\" \/><\/a><\/div><\/div>\n<div class=\"row \"><div class=\"wpv-grid grid-1-5  wpv-first-level first unextended\" style=\"padding-top:0px;padding-bottom:0px\" id=\"wpv-column-03456e1e284bbe5f065b3cef6ffe62be\" ><p><a href=\"https:\/\/recs.es\/\"><img data-recalc-dims=\"1\" loading=\"lazy\" decoding=\"async\" class=\"alignnone wp-image-28439 size-large\" src=\"https:\/\/i0.wp.com\/calviadeportes.com\/wp-content\/uploads\/2024\/08\/RECS.png?resize=1024%2C540&#038;ssl=1\" alt=\"\" width=\"1024\" height=\"540\" srcset=\"https:\/\/i0.wp.com\/calviadeportes.com\/wp-content\/uploads\/2024\/08\/RECS.png?resize=1024%2C540&amp;ssl=1 1024w, https:\/\/i0.wp.com\/calviadeportes.com\/wp-content\/uploads\/2024\/08\/RECS.png?resize=300%2C158&amp;ssl=1 300w, https:\/\/i0.wp.com\/calviadeportes.com\/wp-content\/uploads\/2024\/08\/RECS.png?resize=768%2C405&amp;ssl=1 768w, https:\/\/i0.wp.com\/calviadeportes.com\/wp-content\/uploads\/2024\/08\/RECS.png?resize=1536%2C810&amp;ssl=1 1536w, https:\/\/i0.wp.com\/calviadeportes.com\/wp-content\/uploads\/2024\/08\/RECS.png?resize=1260%2C664&amp;ssl=1 1260w, https:\/\/i0.wp.com\/calviadeportes.com\/wp-content\/uploads\/2024\/08\/RECS.png?resize=615%2C324&amp;ssl=1 615w, https:\/\/i0.wp.com\/calviadeportes.com\/wp-content\/uploads\/2024\/08\/RECS.png?resize=400%2C211&amp;ssl=1 400w, https:\/\/i0.wp.com\/calviadeportes.com\/wp-content\/uploads\/2024\/08\/RECS.png?resize=292%2C154&amp;ssl=1 292w, https:\/\/i0.wp.com\/calviadeportes.com\/wp-content\/uploads\/2024\/08\/RECS.png?w=1846&amp;ssl=1 1846w\" sizes=\"auto, (max-width: 1024px) 100vw, 1024px\" \/><\/a><\/div>\n<div class=\"wpv-grid grid-1-5  wpv-first-level unextended\" style=\"padding-top:0px;padding-bottom:0px\" id=\"wpv-column-e4e622d5c06089b13f220346ca275200\" ><p><a href=\"https:\/\/www.sanidad.gob.es\/areas\/promocionPrevencion\/estrategiaSNS\/home.htm\"><img data-recalc-dims=\"1\" loading=\"lazy\" decoding=\"async\" class=\"alignnone wp-image-28451 size-large\" src=\"https:\/\/i0.wp.com\/calviadeportes.com\/wp-content\/uploads\/2024\/08\/epsp.png?resize=1024%2C540&#038;ssl=1\" alt=\"\" width=\"1024\" height=\"540\" srcset=\"https:\/\/i0.wp.com\/calviadeportes.com\/wp-content\/uploads\/2024\/08\/epsp.png?resize=1024%2C540&amp;ssl=1 1024w, https:\/\/i0.wp.com\/calviadeportes.com\/wp-content\/uploads\/2024\/08\/epsp.png?resize=300%2C158&amp;ssl=1 300w, https:\/\/i0.wp.com\/calviadeportes.com\/wp-content\/uploads\/2024\/08\/epsp.png?resize=768%2C405&amp;ssl=1 768w, https:\/\/i0.wp.com\/calviadeportes.com\/wp-content\/uploads\/2024\/08\/epsp.png?resize=1536%2C810&amp;ssl=1 1536w, https:\/\/i0.wp.com\/calviadeportes.com\/wp-content\/uploads\/2024\/08\/epsp.png?resize=1260%2C664&amp;ssl=1 1260w, https:\/\/i0.wp.com\/calviadeportes.com\/wp-content\/uploads\/2024\/08\/epsp.png?resize=615%2C324&amp;ssl=1 615w, https:\/\/i0.wp.com\/calviadeportes.com\/wp-content\/uploads\/2024\/08\/epsp.png?resize=400%2C211&amp;ssl=1 400w, https:\/\/i0.wp.com\/calviadeportes.com\/wp-content\/uploads\/2024\/08\/epsp.png?resize=292%2C154&amp;ssl=1 292w, https:\/\/i0.wp.com\/calviadeportes.com\/wp-content\/uploads\/2024\/08\/epsp.png?w=1846&amp;ssl=1 1846w\" sizes=\"auto, (max-width: 1024px) 100vw, 1024px\" \/><\/a><\/div><\/div>\n<div class=\"push\" style='height:30px'><\/div>\n<div class=\"row \"><div class=\"wpv-grid grid-1-1  wpv-first-level first has-background extended\" style=\"background-color:#f2f0d9;padding-top:20px;padding-bottom:20px\" id=\"wpv-column-6090dcb208d51367f2be9128ace309ab\" ><div class=\"extended-column-inner\"><style>#wpv-column-6090dcb208d51367f2be9128ace309ab p,#wpv-column-6090dcb208d51367f2be9128ace309ab em,#wpv-column-6090dcb208d51367f2be9128ace309ab .column-title,#wpv-column-6090dcb208d51367f2be9128ace309ab .sep-text h2.regular-title-wrapper,#wpv-column-6090dcb208d51367f2be9128ace309ab .text-divider-double,#wpv-column-6090dcb208d51367f2be9128ace309ab .sep-text .sep-text-line,#wpv-column-6090dcb208d51367f2be9128ace309ab .sep,#wpv-column-6090dcb208d51367f2be9128ace309ab .sep-2,#wpv-column-6090dcb208d51367f2be9128ace309ab .sep-3,#wpv-column-6090dcb208d51367f2be9128ace309ab td,#wpv-column-6090dcb208d51367f2be9128ace309ab th,#wpv-column-6090dcb208d51367f2be9128ace309ab caption{color:#989034;}#wpv-column-6090dcb208d51367f2be9128ace309ab:before{background-color:transparent;}<\/style><div class=\"row \"><div class=\"wpv-grid grid-3-5  first unextended\" style=\"padding-top:0px;padding-bottom:0px\" id=\"wpv-column-7e458f034d3aa430d1e5f9c3579be72c\" ><p><span style=\"color: #483d37;\"><b>e m h a s &#8211; Escuela Municipal de H\u00e1bitos Saludables de Calvi\u00e0<\/b><\/span><\/p>\n<p><span style=\"font-weight: 400; color: #483d37;\">Carretera d&#8217;es Capdell\u00e0, s\/n\u00a0 07184 Calvi\u00e0. Illes Balears.<\/span><\/p>\n<p><span style=\"color: #483d37;\"><span style=\"font-weight: 400;\">Tel.\u00a0 <\/span><span style=\"font-weight: 400;\">(+34) 971 67 03 10<\/span><span style=\"font-weight: 400;\">\u00a0 e-mail: habitossaludables@calvia.com<\/span><\/span><\/div>\n<div class=\"wpv-grid grid-2-5  unextended\" style=\"padding-top:0px;padding-bottom:0px\" id=\"wpv-column-ef3820bb182c57eeb6be1d8eaa12e109\" ><p><img data-recalc-dims=\"1\" loading=\"lazy\" decoding=\"async\" class=\"alignnone size-full wp-image-28456\" src=\"https:\/\/i0.wp.com\/calviadeportes.com\/wp-content\/uploads\/2024\/08\/ICE-EMHAS-Escuela-Municipal-de-Habitos-Saludables-de-Calvia.png?resize=900%2C165&#038;ssl=1\" alt=\"\" width=\"900\" height=\"165\" srcset=\"https:\/\/i0.wp.com\/calviadeportes.com\/wp-content\/uploads\/2024\/08\/ICE-EMHAS-Escuela-Municipal-de-Habitos-Saludables-de-Calvia.png?w=900&amp;ssl=1 900w, https:\/\/i0.wp.com\/calviadeportes.com\/wp-content\/uploads\/2024\/08\/ICE-EMHAS-Escuela-Municipal-de-Habitos-Saludables-de-Calvia.png?resize=300%2C55&amp;ssl=1 300w, https:\/\/i0.wp.com\/calviadeportes.com\/wp-content\/uploads\/2024\/08\/ICE-EMHAS-Escuela-Municipal-de-Habitos-Saludables-de-Calvia.png?resize=768%2C141&amp;ssl=1 768w, https:\/\/i0.wp.com\/calviadeportes.com\/wp-content\/uploads\/2024\/08\/ICE-EMHAS-Escuela-Municipal-de-Habitos-Saludables-de-Calvia.png?resize=615%2C113&amp;ssl=1 615w, https:\/\/i0.wp.com\/calviadeportes.com\/wp-content\/uploads\/2024\/08\/ICE-EMHAS-Escuela-Municipal-de-Habitos-Saludables-de-Calvia.png?resize=400%2C73&amp;ssl=1 400w, https:\/\/i0.wp.com\/calviadeportes.com\/wp-content\/uploads\/2024\/08\/ICE-EMHAS-Escuela-Municipal-de-Habitos-Saludables-de-Calvia.png?resize=292%2C54&amp;ssl=1 292w\" sizes=\"auto, (max-width: 900px) 100vw, 900px\" \/><\/div><\/div><\/div><\/div><\/div>\n","protected":false},"excerpt":{"rendered":"<p>Inscripcions obertes a partir del 07 de octubre: Conexions invisibles: Relaci\u00f3 entre el dolor cr\u00f2nic i el sistema nervi\u00f3s, emocional i inmunitari Ponent: Toni Jaume: Fisioterapeuta i oste\u00f2pata. Professor asociat&#8230;<\/p>\n","protected":false},"author":75162113,"featured_media":0,"parent":0,"menu_order":0,"comment_status":"closed","ping_status":"closed","template":"","meta":{"_coblocks_attr":"","_coblocks_dimensions":"","_coblocks_responsive_height":"","_coblocks_accordion_ie_support":"","_wpcom_ai_launchpad_about_page":false,"_wpcom_ai_launchpad_gallery_page":false,"_wpcom_ai_launchpad_contact_page":false,"_wpcom_ai_launchpad_events_page":false,"_wpcom_ai_launchpad_video_page":false,"_wpcom_ai_launchpad_portfolio_piece":false,"footnotes":""},"class_list":["post-29620","page","type-page","status-publish","hentry","cat_conferencia-2","cat_conferencia-ca","cat_emhas-ca","cat_salud-ca"],"yoast_head":"<!-- This site is optimized with the Yoast SEO plugin v28.4 - https:\/\/yoast.com\/product\/yoast-seo-wordpress\/ -->\n<title>ALIMENTACI\u00d3 - Calvi\u00e0 esports<\/title>\n<meta name=\"robots\" content=\"index, follow, max-snippet:-1, max-image-preview:large, max-video-preview:-1\" \/>\n<link rel=\"canonical\" href=\"https:\/\/calviadeportes.com\/ca\/alimentacio\/\" \/>\n<meta property=\"og:locale\" content=\"ca_ES\" \/>\n<meta property=\"og:type\" content=\"article\" \/>\n<meta property=\"og:title\" content=\"ALIMENTACI\u00d3 - Calvi\u00e0 esports\" \/>\n<meta property=\"og:description\" content=\"Inscripcions obertes a partir del 07 de octubre: Conexions invisibles: Relaci\u00f3 entre el dolor cr\u00f2nic i el sistema nervi\u00f3s, emocional i inmunitari Ponent: Toni Jaume: Fisioterapeuta i oste\u00f2pata. Professor asociat...\" \/>\n<meta property=\"og:url\" content=\"https:\/\/calviadeportes.com\/ca\/alimentacio\/\" \/>\n<meta property=\"og:site_name\" content=\"Calvi\u00e0 esports\" \/>\n<meta property=\"article:modified_time\" content=\"2025-11-12T06:52:05+00:00\" \/>\n<meta property=\"og:image\" content=\"https:\/\/calviadeportes.com\/wp-content\/uploads\/2025\/09\/servei-salud.png\" \/>\n<meta name=\"twitter:card\" content=\"summary_large_image\" \/>\n<meta name=\"twitter:label1\" content=\"Temps estimat de lectura\" \/>\n\t<meta name=\"twitter:data1\" content=\"10 minuts\" \/>\n<script type=\"application\/ld+json\" class=\"yoast-schema-graph\">{\"@context\":\"https:\\\/\\\/schema.org\",\"@graph\":[{\"@type\":\"WebPage\",\"@id\":\"https:\\\/\\\/calviadeportes.com\\\/ca\\\/alimentacio\\\/\",\"url\":\"https:\\\/\\\/calviadeportes.com\\\/ca\\\/alimentacio\\\/\",\"name\":\"ALIMENTACI\u00d3 - Calvi\u00e0 esports\",\"isPartOf\":{\"@id\":\"https:\\\/\\\/calviadeportes.com\\\/ca\\\/#website\"},\"primaryImageOfPage\":{\"@id\":\"https:\\\/\\\/calviadeportes.com\\\/ca\\\/alimentacio\\\/#primaryimage\"},\"image\":{\"@id\":\"https:\\\/\\\/calviadeportes.com\\\/ca\\\/alimentacio\\\/#primaryimage\"},\"thumbnailUrl\":\"https:\\\/\\\/calviadeportes.com\\\/wp-content\\\/uploads\\\/2025\\\/09\\\/servei-salud.png\",\"datePublished\":\"2025-02-14T10:05:22+00:00\",\"dateModified\":\"2025-11-12T06:52:05+00:00\",\"breadcrumb\":{\"@id\":\"https:\\\/\\\/calviadeportes.com\\\/ca\\\/alimentacio\\\/#breadcrumb\"},\"inLanguage\":\"ca\",\"potentialAction\":[{\"@type\":\"ReadAction\",\"target\":[\"https:\\\/\\\/calviadeportes.com\\\/ca\\\/alimentacio\\\/\"]}]},{\"@type\":\"ImageObject\",\"inLanguage\":\"ca\",\"@id\":\"https:\\\/\\\/calviadeportes.com\\\/ca\\\/alimentacio\\\/#primaryimage\",\"url\":\"https:\\\/\\\/calviadeportes.com\\\/wp-content\\\/uploads\\\/2025\\\/09\\\/servei-salud.png\",\"contentUrl\":\"https:\\\/\\\/calviadeportes.com\\\/wp-content\\\/uploads\\\/2025\\\/09\\\/servei-salud.png\"},{\"@type\":\"BreadcrumbList\",\"@id\":\"https:\\\/\\\/calviadeportes.com\\\/ca\\\/alimentacio\\\/#breadcrumb\",\"itemListElement\":[{\"@type\":\"ListItem\",\"position\":1,\"name\":\"Portada\",\"item\":\"https:\\\/\\\/calviadeportes.com\\\/ca\\\/\"},{\"@type\":\"ListItem\",\"position\":2,\"name\":\"ALIMENTACI\u00d3\"}]},{\"@type\":\"WebSite\",\"@id\":\"https:\\\/\\\/calviadeportes.com\\\/ca\\\/#website\",\"url\":\"https:\\\/\\\/calviadeportes.com\\\/ca\\\/\",\"name\":\"Calvi\u00e0 esports\",\"description\":\"ICE Calvi\u00e0 | Ayuntamiento de Calvi\u00e0\",\"potentialAction\":[{\"@type\":\"SearchAction\",\"target\":{\"@type\":\"EntryPoint\",\"urlTemplate\":\"https:\\\/\\\/calviadeportes.com\\\/ca\\\/?s={search_term_string}\"},\"query-input\":{\"@type\":\"PropertyValueSpecification\",\"valueRequired\":true,\"valueName\":\"search_term_string\"}}],\"inLanguage\":\"ca\"}]}<\/script>\n<!-- \/ Yoast SEO plugin. -->","yoast_head_json":{"title":"ALIMENTACI\u00d3 - Calvi\u00e0 esports","robots":{"index":"index","follow":"follow","max-snippet":"max-snippet:-1","max-image-preview":"max-image-preview:large","max-video-preview":"max-video-preview:-1"},"canonical":"https:\/\/calviadeportes.com\/ca\/alimentacio\/","og_locale":"ca_ES","og_type":"article","og_title":"ALIMENTACI\u00d3 - Calvi\u00e0 esports","og_description":"Inscripcions obertes a partir del 07 de octubre: Conexions invisibles: Relaci\u00f3 entre el dolor cr\u00f2nic i el sistema nervi\u00f3s, emocional i inmunitari Ponent: Toni Jaume: Fisioterapeuta i oste\u00f2pata. Professor asociat...","og_url":"https:\/\/calviadeportes.com\/ca\/alimentacio\/","og_site_name":"Calvi\u00e0 esports","article_modified_time":"2025-11-12T06:52:05+00:00","og_image":[{"url":"https:\/\/calviadeportes.com\/wp-content\/uploads\/2025\/09\/servei-salud.png","type":"","width":"","height":""}],"twitter_card":"summary_large_image","twitter_misc":{"Temps estimat de lectura":"10 minuts"},"schema":{"@context":"https:\/\/schema.org","@graph":[{"@type":"WebPage","@id":"https:\/\/calviadeportes.com\/ca\/alimentacio\/","url":"https:\/\/calviadeportes.com\/ca\/alimentacio\/","name":"ALIMENTACI\u00d3 - Calvi\u00e0 esports","isPartOf":{"@id":"https:\/\/calviadeportes.com\/ca\/#website"},"primaryImageOfPage":{"@id":"https:\/\/calviadeportes.com\/ca\/alimentacio\/#primaryimage"},"image":{"@id":"https:\/\/calviadeportes.com\/ca\/alimentacio\/#primaryimage"},"thumbnailUrl":"https:\/\/calviadeportes.com\/wp-content\/uploads\/2025\/09\/servei-salud.png","datePublished":"2025-02-14T10:05:22+00:00","dateModified":"2025-11-12T06:52:05+00:00","breadcrumb":{"@id":"https:\/\/calviadeportes.com\/ca\/alimentacio\/#breadcrumb"},"inLanguage":"ca","potentialAction":[{"@type":"ReadAction","target":["https:\/\/calviadeportes.com\/ca\/alimentacio\/"]}]},{"@type":"ImageObject","inLanguage":"ca","@id":"https:\/\/calviadeportes.com\/ca\/alimentacio\/#primaryimage","url":"https:\/\/calviadeportes.com\/wp-content\/uploads\/2025\/09\/servei-salud.png","contentUrl":"https:\/\/calviadeportes.com\/wp-content\/uploads\/2025\/09\/servei-salud.png"},{"@type":"BreadcrumbList","@id":"https:\/\/calviadeportes.com\/ca\/alimentacio\/#breadcrumb","itemListElement":[{"@type":"ListItem","position":1,"name":"Portada","item":"https:\/\/calviadeportes.com\/ca\/"},{"@type":"ListItem","position":2,"name":"ALIMENTACI\u00d3"}]},{"@type":"WebSite","@id":"https:\/\/calviadeportes.com\/ca\/#website","url":"https:\/\/calviadeportes.com\/ca\/","name":"Calvi\u00e0 esports","description":"ICE Calvi\u00e0 | Ayuntamiento de Calvi\u00e0","potentialAction":[{"@type":"SearchAction","target":{"@type":"EntryPoint","urlTemplate":"https:\/\/calviadeportes.com\/ca\/?s={search_term_string}"},"query-input":{"@type":"PropertyValueSpecification","valueRequired":true,"valueName":"search_term_string"}}],"inLanguage":"ca"}]}},"jetpack_likes_enabled":false,"jetpack_sharing_enabled":false,"jetpack_shortlink":"https:\/\/wp.me\/PckSre-7HK","_links":{"self":[{"href":"https:\/\/calviadeportes.com\/ca\/wp-json\/wp\/v2\/pages\/29620","targetHints":{"allow":["GET"]}}],"collection":[{"href":"https:\/\/calviadeportes.com\/ca\/wp-json\/wp\/v2\/pages"}],"about":[{"href":"https:\/\/calviadeportes.com\/ca\/wp-json\/wp\/v2\/types\/page"}],"author":[{"embeddable":true,"href":"https:\/\/calviadeportes.com\/ca\/wp-json\/wp\/v2\/users\/75162113"}],"replies":[{"embeddable":true,"href":"https:\/\/calviadeportes.com\/ca\/wp-json\/wp\/v2\/comments?post=29620"}],"version-history":[{"count":19,"href":"https:\/\/calviadeportes.com\/ca\/wp-json\/wp\/v2\/pages\/29620\/revisions"}],"predecessor-version":[{"id":31744,"href":"https:\/\/calviadeportes.com\/ca\/wp-json\/wp\/v2\/pages\/29620\/revisions\/31744"}],"wp:attachment":[{"href":"https:\/\/calviadeportes.com\/ca\/wp-json\/wp\/v2\/media?parent=29620"}],"curies":[{"name":"wp","href":"https:\/\/api.w.org\/{rel}","templated":true}]}}