{"id":13791,"date":"2021-01-20T09:15:16","date_gmt":"2021-01-20T08:15:16","guid":{"rendered":"https:\/\/calviadeportes.com\/pavello-ies-son-ferrer\/"},"modified":"2025-08-21T10:01:51","modified_gmt":"2025-08-21T08:01:51","slug":"pavello-jose-tirado","status":"publish","type":"page","link":"https:\/\/calviadeportes.com\/ca\/pavello-jose-tirado\/","title":{"rendered":"Pavell\u00f3 Municipal d&#8217;esports Jos\u00e9 Tirado"},"content":{"rendered":"\t\t<h2 class=\"text-divider-double\">\t\t\t\nInformaci\u00f3 general\t\t<\/h2>\t\t<div class=\"sep\"><\/div>\t\n<div class=\"row \"><div class=\"wpv-grid grid-1-4  wpv-first-level first unextended\" style=\"padding-top:0px;padding-bottom:0px\" id=\"wpv-column-31d30866421b1ca3404d8fb2690190b6\" ><p style=\"text-align: center;\"><span class='icon shortcode theme ' style='font-size:32px !important;color:#e32e33;'>&#57469;<\/span>\n<p style=\"text-align: center;\"><strong>CONTACTE<\/strong><br \/>\nTel\u00e8fon: <a href=\"tel:971670310\">971 67 03 10<\/a><br \/>\nEmail: <a href=\"mailto:ice@calvia.com\">ice@calvia.com<\/a><\/p>\n<p style=\"text-align: center;\"><span class='icon shortcode theme ' style='font-size:32px !important;color:#e32e33;'>&#57547;<\/span>\n<p style=\"text-align: center;\"><strong>DIRECCI\u00d3<\/strong><br \/>\nSon Ferrer<br \/>\nC\/ Girfalc sn<br \/>\n<a href=\"https:\/\/www.google.com\/maps\/place\/Carrer+Girfalc,+07181+Son+Ferrer,+Illes+Balears\/@39.4981971,2.5022658,17z\/data=!3m1!4b1!4m5!3m4!1s0x129788fe8423de0d:0xe6a1e6319eaec4c2!8m2!3d39.4981971!4d2.5044545\" target=\"_blank\" rel=\"noopener noreferrer\">Mapa \u2192<\/a><\/p>\n<p style=\"text-align: center;\"><div class=\"push\" style='height:10px'><\/div><\/div>\n<div class=\"wpv-grid grid-1-2  wpv-first-level unextended\" style=\"padding-top:0px;padding-bottom:0px\" id=\"wpv-column-8dd60c9353291b400659d8194099c0e3\" ><div class=\"wpv-accordion-wrapper wpv-accordion-1\"><ul class=\"wpv-accordion\" data-collapsible=\"true\"><li class=\"pane-wrapper\" style=\"\">\n\t\t\t\t\t<h4 class=\"tab\"><div class=\"inner\">HORARI D&#8217;HIVERN <\/div><\/h4>\n\t\t\t\t\t<div class=\"pane\"><div class=\"inner\"><h5><span class='icon shortcode theme ' style='font-size:25px !important;color:#e32e33;'>&#57530;<\/span> <strong>De setembre fins al juny (dies a determinar)<\/strong>\u00a0<div class=\"push\" style='height:10px'><\/div> <\/h5>\n<ul class=\"styled-list  icon-accent2\">\n<li class=\" icon-b theme\" data-icon=\"&#57374;\">Dilluns a divendres de 8.30 a 22 h<\/li>\n<li class=\" icon-b theme\" data-icon=\"&#57374;\">Dissabtes de 9 a 14 h &#8211; 16 a 21 h<\/li>\n<li class=\" icon-b theme\" data-icon=\"&#57374;\">Diumenges i festius cerrado\n<div class=\"traductor-checkbox form-group\">\n<div class=\"row\">\n<div class=\"col-sm-offset-2 col-sm-5\"><\/div>\n<\/div>\n<\/div>\n<\/li>\n<\/ul>\n <div class=\"push\" style='height:10px'><\/div><\/div><\/div>\n\t\t\t\t\t<\/li><li class=\"pane-wrapper\" style=\"\">\n\t\t\t\t\t<h4 class=\"tab\"><div class=\"inner\">HORARI D&#8217;ESTIU<\/div><\/h4>\n\t\t\t\t\t<div class=\"pane\"><div class=\"inner\"><h5><span class='icon shortcode theme ' style='font-size:25px !important;color:#e32e33;'>&#57530;<\/span> <strong>De juny fins a setembre (dies a determinar)<\/strong>\u00a0<div class=\"push\" style='height:10px'><\/div> <\/h5>\n<ul class=\"styled-list  icon-accent2\">\n<li class=\" icon-b theme\" data-icon=\"&#57374;\"><strong>Juliol:<\/strong> Dilluns a divendres de 8.30 a 22 h. Dissabte, diumenge i festius tancat.<br \/>\n<strong>Agost:<\/strong> Dilluns a divendres de 8.30 a 22 h. Dissabte, diumenge i festius tancat.<\/li>\n<\/ul>\n <div class=\"push\" style='height:10px'><\/div><\/div><\/div>\n\t\t\t\t\t<\/li><\/ul><style>.wpv-accordion-1 .tab .inner { background-color: #e32e33; color: #ffffff; }<\/style><\/div><\/div>\n<div class=\"wpv-grid grid-1-4  wpv-first-level unextended\" style=\"padding-top:0px;padding-bottom:0px\" id=\"wpv-column-cd335627cee71a6d27a03f99ee35e956\" ><p style=\"text-align: center;\"><span class='icon shortcode  ' style='font-size:32px !important;color:#e32e33;'>&#57739;<\/span>\n<p style=\"text-align: center;\"><strong>EQUIPAMENT<\/strong><\/p>\n<ul>\n<li>Pista poliesportiva coberta<\/li>\n<li>Vestuaris col\u00b7lectius<\/li>\n<li>Vestuari per a \u00e0rbitres<\/li>\n<li>Vestuari per a personas amb discapacitats<\/li>\n<li>Sala de m\u00e0quines<\/li>\n<li>Oficines<\/li>\n<li>Sala fitness<\/li>\n<li>Bar<\/li>\n<\/ul><\/div><\/div>\n\t\t<div class=\"sep-text single centered\">\n\t\t\t\t\t\t\t<span class=\"sep-text-before\"><div class=\"sep-text-line\"><\/div><\/span>\n\t\t\t\t\t\t<div class=\"content\">\n\t\t\t\t\n<h2>Activitats<\/h2>\n\t\t\t<\/div>\n\t\t\t<span class=\"sep-text-after\"><div class=\"sep-text-line\"><\/div><\/span>\n\t\t\t\t\t<\/div>\n\t\n<div class=\"row \"><div class=\"wpv-grid grid-1-2  wpv-first-level first unextended\" style=\"padding-top:0px;padding-bottom:0px\" id=\"wpv-column-399be6f47fff534cba5a2201b4d3586f\" ><div class=\"wpv-accordion-wrapper wpv-accordion-2\"><ul class=\"wpv-accordion\" data-collapsible=\"true\"><li class=\"pane-wrapper\" style=\"\">\n\t\t\t\t\t<h4 class=\"tab\"><div class=\"inner\">Voleibol<\/div><\/h4>\n\t\t\t\t\t<div class=\"pane\"><div class=\"inner\"><p><strong>Club Voleibol Son Ferrer<\/strong><br \/>\nEmail: <a href=\"mailto:voleysonfe@gmail.com\">voleysonfe@gmail.com<\/a><\/div><\/div>\n\t\t\t\t\t<\/li><li class=\"pane-wrapper\" style=\"\">\n\t\t\t\t\t<h4 class=\"tab\"><div class=\"inner\">Futbol Sala<\/div><\/h4>\n\t\t\t\t\t<div class=\"pane\"><div class=\"inner\"><p><strong>Son Ferrer Atle\u0301tic<\/strong><br \/>\nEmail: <a href=\"mailto:sonfeat_fs@hotmail.com\">sonfeat_fs@hotmail.com<\/a><\/div><\/div>\n\t\t\t\t\t<\/li><\/ul><style>.wpv-accordion-2 .tab .inner { background-color: #9b9b9b; color: #ffffff; }<\/style><\/div><\/div>\n<div class=\"wpv-grid grid-1-2  wpv-first-level unextended\" style=\"padding-top:0px;padding-bottom:0px\" id=\"wpv-column-a7abd98fa398989f780111ce8895bfc4\" ><div class=\"wpv-accordion-wrapper wpv-accordion-3\"><ul class=\"wpv-accordion\" data-collapsible=\"true\"><li class=\"pane-wrapper\" style=\"\">\n\t\t\t\t\t<h4 class=\"tab\"><div class=\"inner\">Lluita Ol\u00edmpica<\/div><\/h4>\n\t\t\t\t\t<div class=\"pane\"><div class=\"inner\"><p><strong>Asociacio\u0301n Bushido Calvia\u0300<\/strong><br \/>\nTel\u00e8fon: 649 124 866 (Bernardo Sua\u0301rez)<br \/>\nEmail: <a href=\"mailto:kyokubenny@hotmail.com\">kyokubenny@hotmail.com<\/a><\/div><\/div>\n\t\t\t\t\t<\/li><\/ul><style>.wpv-accordion-3 .tab .inner { background-color: #9b9b9b; color: #ffffff; }<\/style><\/div><\/div><\/div>\n<div class=\"push\" style='height:63px'><\/div>\n\t\t<div class=\"sep-text single centered\">\n\t\t\t\t\t\t\t<span class=\"sep-text-before\"><div class=\"sep-text-line\"><\/div><\/span>\n\t\t\t\t\t\t<div class=\"content\">\n\t\t\t\t\n<h2>Galeria<\/h2>\n\t\t\t<\/div>\n\t\t\t<span class=\"sep-text-after\"><div class=\"sep-text-line\"><\/div><\/span>\n\t\t\t\t\t<\/div>\n\t\n<div class=\"tiled-gallery type-rectangular tiled-gallery-unresized\" data-original-width=\"1380\" data-carousel-extra='{&quot;blog_id&quot;:1,&quot;permalink&quot;:&quot;https:\\\/\\\/calviadeportes.com\\\/ca\\\/pavello-jose-tirado\\\/&quot;,&quot;likes_blog_id&quot;:182291856}' itemscope itemtype=\"http:\/\/schema.org\/ImageGallery\" > <div class=\"gallery-row\" style=\"width: 1380px; height: 615px;\" data-original-width=\"1380\" data-original-height=\"615\" > <div class=\"gallery-group images-1\" style=\"width: 921px; height: 615px;\" data-original-width=\"921\" data-original-height=\"615\" > <div class=\"tiled-gallery-item tiled-gallery-item-large\" itemprop=\"associatedMedia\" itemscope itemtype=\"http:\/\/schema.org\/ImageObject\"> <a href=\"https:\/\/calviadeportes.com\/ca\/pabellon-ies-son-ferrer-2022-1-min-2\/\" border=\"0\" itemprop=\"url\"> <meta itemprop=\"width\" content=\"917\"> <meta itemprop=\"height\" content=\"611\"> <img decoding=\"async\" class=\"\" data-attachment-id=\"20219\" data-orig-file=\"https:\/\/calviadeportes.com\/wp-content\/uploads\/2022\/02\/Pabello\u0301n-IES-Son-Ferrer-2022-1-min.jpg\" data-orig-size=\"5616,3744\" data-comments-opened=\"1\" data-image-meta=\"{&quot;aperture&quot;:&quot;0&quot;,&quot;credit&quot;:&quot;&quot;,&quot;camera&quot;:&quot;&quot;,&quot;caption&quot;:&quot;&quot;,&quot;created_timestamp&quot;:&quot;0&quot;,&quot;copyright&quot;:&quot;&quot;,&quot;focal_length&quot;:&quot;0&quot;,&quot;iso&quot;:&quot;0&quot;,&quot;shutter_speed&quot;:&quot;0&quot;,&quot;title&quot;:&quot;&quot;,&quot;orientation&quot;:&quot;0&quot;}\" data-image-title=\"Pabello\u0301n IES Son Ferrer-2022-1-min\" data-image-description=\"\" data-medium-file=\"https:\/\/i0.wp.com\/calviadeportes.com\/wp-content\/uploads\/2022\/02\/Pabello%CC%81n-IES-Son-Ferrer-2022-1-min.jpg?fit=300%2C200&#038;ssl=1\" data-large-file=\"https:\/\/i0.wp.com\/calviadeportes.com\/wp-content\/uploads\/2022\/02\/Pabello%CC%81n-IES-Son-Ferrer-2022-1-min.jpg?fit=1024%2C683&#038;ssl=1\" src=\"https:\/\/i0.wp.com\/calviadeportes.com\/wp-content\/uploads\/2022\/02\/Pabello%CC%81n-IES-Son-Ferrer-2022-1-min.jpg?w=917&#038;h=611&#038;ssl=1\" width=\"917\" height=\"611\" loading=\"lazy\" data-original-width=\"917\" data-original-height=\"611\" itemprop=\"http:\/\/schema.org\/image\" title=\"Pabello\u0301n IES Son Ferrer-2022-1-min\" alt=\"Pabello\u0301n IES Son Ferrer-2022-1-min\" style=\"width: 917px; height: 611px;\" \/> <\/a> <\/div> <\/div> <!-- close group --> <div class=\"gallery-group images-2\" style=\"width: 459px; height: 615px;\" data-original-width=\"459\" data-original-height=\"615\" > <div class=\"tiled-gallery-item tiled-gallery-item-large\" itemprop=\"associatedMedia\" itemscope itemtype=\"http:\/\/schema.org\/ImageObject\"> <a href=\"https:\/\/calviadeportes.com\/ca\/pabellon-ies-son-ferrer-_0003_pabellon-ies-son-ferrer-2022-2-foto-2\/\" border=\"0\" itemprop=\"url\"> <meta itemprop=\"width\" content=\"455\"> <meta itemprop=\"height\" content=\"304\"> <img decoding=\"async\" class=\"\" data-attachment-id=\"20232\" data-orig-file=\"https:\/\/calviadeportes.com\/wp-content\/uploads\/2022\/02\/Pabello\u0301n-IES-Son-Ferrer-_0003_Pabello\u0301n-IES-Son-Ferrer-2022-2-foto.jpg\" data-orig-size=\"992,661\" data-comments-opened=\"1\" data-image-meta=\"{&quot;aperture&quot;:&quot;0&quot;,&quot;credit&quot;:&quot;&quot;,&quot;camera&quot;:&quot;&quot;,&quot;caption&quot;:&quot;&quot;,&quot;created_timestamp&quot;:&quot;0&quot;,&quot;copyright&quot;:&quot;&quot;,&quot;focal_length&quot;:&quot;0&quot;,&quot;iso&quot;:&quot;0&quot;,&quot;shutter_speed&quot;:&quot;0&quot;,&quot;title&quot;:&quot;&quot;,&quot;orientation&quot;:&quot;0&quot;}\" data-image-title=\"Pabello\u0301n IES Son Ferrer-_0003_Pabello\u0301n IES Son Ferrer-2022-2-foto\" data-image-description=\"\" data-medium-file=\"https:\/\/i0.wp.com\/calviadeportes.com\/wp-content\/uploads\/2022\/02\/Pabello%CC%81n-IES-Son-Ferrer-_0003_Pabello%CC%81n-IES-Son-Ferrer-2022-2-foto.jpg?fit=300%2C200&#038;ssl=1\" data-large-file=\"https:\/\/i0.wp.com\/calviadeportes.com\/wp-content\/uploads\/2022\/02\/Pabello%CC%81n-IES-Son-Ferrer-_0003_Pabello%CC%81n-IES-Son-Ferrer-2022-2-foto.jpg?fit=992%2C661&#038;ssl=1\" src=\"https:\/\/i0.wp.com\/calviadeportes.com\/wp-content\/uploads\/2022\/02\/Pabello%CC%81n-IES-Son-Ferrer-_0003_Pabello%CC%81n-IES-Son-Ferrer-2022-2-foto.jpg?w=455&#038;h=304&#038;ssl=1\" width=\"455\" height=\"304\" loading=\"lazy\" data-original-width=\"455\" data-original-height=\"304\" itemprop=\"http:\/\/schema.org\/image\" title=\"Pabello\u0301n IES Son Ferrer-_0003_Pabello\u0301n IES Son Ferrer-2022-2-foto\" alt=\"Pabello\u0301n IES Son Ferrer\" style=\"width: 455px; height: 304px;\" \/> <\/a> <\/div> <div class=\"tiled-gallery-item tiled-gallery-item-large\" itemprop=\"associatedMedia\" itemscope itemtype=\"http:\/\/schema.org\/ImageObject\"> <a href=\"https:\/\/calviadeportes.com\/ca\/pabellon-ies-son-ferrer-_0004_foto-2\/\" border=\"0\" itemprop=\"url\"> <meta itemprop=\"width\" content=\"455\"> <meta itemprop=\"height\" content=\"303\"> <img decoding=\"async\" class=\"\" data-attachment-id=\"20235\" data-orig-file=\"https:\/\/calviadeportes.com\/wp-content\/uploads\/2022\/02\/Pabello\u0301n-IES-Son-Ferrer-_0004_foto.jpg\" data-orig-size=\"992,661\" data-comments-opened=\"1\" data-image-meta=\"{&quot;aperture&quot;:&quot;0&quot;,&quot;credit&quot;:&quot;&quot;,&quot;camera&quot;:&quot;&quot;,&quot;caption&quot;:&quot;&quot;,&quot;created_timestamp&quot;:&quot;0&quot;,&quot;copyright&quot;:&quot;&quot;,&quot;focal_length&quot;:&quot;0&quot;,&quot;iso&quot;:&quot;0&quot;,&quot;shutter_speed&quot;:&quot;0&quot;,&quot;title&quot;:&quot;&quot;,&quot;orientation&quot;:&quot;0&quot;}\" data-image-title=\"Pabello\u0301n IES Son Ferrer-_0004_foto\" data-image-description=\"\" data-medium-file=\"https:\/\/i0.wp.com\/calviadeportes.com\/wp-content\/uploads\/2022\/02\/Pabello%CC%81n-IES-Son-Ferrer-_0004_foto.jpg?fit=300%2C200&#038;ssl=1\" data-large-file=\"https:\/\/i0.wp.com\/calviadeportes.com\/wp-content\/uploads\/2022\/02\/Pabello%CC%81n-IES-Son-Ferrer-_0004_foto.jpg?fit=992%2C661&#038;ssl=1\" src=\"https:\/\/i0.wp.com\/calviadeportes.com\/wp-content\/uploads\/2022\/02\/Pabello%CC%81n-IES-Son-Ferrer-_0004_foto.jpg?w=455&#038;h=303&#038;ssl=1\" width=\"455\" height=\"303\" loading=\"lazy\" data-original-width=\"455\" data-original-height=\"303\" itemprop=\"http:\/\/schema.org\/image\" title=\"Pabello\u0301n IES Son Ferrer-_0004_foto\" alt=\"Pabello\u0301n IES Son Ferrer\" style=\"width: 455px; height: 303px;\" \/> <\/a> <\/div> <\/div> <!-- close group --> <\/div> <!-- close row --> <div class=\"gallery-row\" style=\"width: 1380px; height: 461px;\" data-original-width=\"1380\" data-original-height=\"461\" > <div class=\"gallery-group images-1\" style=\"width: 690px; height: 461px;\" data-original-width=\"690\" data-original-height=\"461\" > <div class=\"tiled-gallery-item tiled-gallery-item-large\" itemprop=\"associatedMedia\" itemscope itemtype=\"http:\/\/schema.org\/ImageObject\"> <a href=\"https:\/\/calviadeportes.com\/ca\/pabellon-ies-son-ferrer-_0001_pabellon-ies-son-ferrer-2022-4-foto-2\/\" border=\"0\" itemprop=\"url\"> <meta itemprop=\"width\" content=\"686\"> <meta itemprop=\"height\" content=\"457\"> <img decoding=\"async\" class=\"\" data-attachment-id=\"20229\" data-orig-file=\"https:\/\/calviadeportes.com\/wp-content\/uploads\/2022\/02\/Pabello\u0301n-IES-Son-Ferrer-_0001_Pabello\u0301n-IES-Son-Ferrer-2022-4-foto.jpg\" data-orig-size=\"992,661\" data-comments-opened=\"1\" data-image-meta=\"{&quot;aperture&quot;:&quot;0&quot;,&quot;credit&quot;:&quot;&quot;,&quot;camera&quot;:&quot;&quot;,&quot;caption&quot;:&quot;&quot;,&quot;created_timestamp&quot;:&quot;0&quot;,&quot;copyright&quot;:&quot;&quot;,&quot;focal_length&quot;:&quot;0&quot;,&quot;iso&quot;:&quot;0&quot;,&quot;shutter_speed&quot;:&quot;0&quot;,&quot;title&quot;:&quot;&quot;,&quot;orientation&quot;:&quot;0&quot;}\" data-image-title=\"Pabello\u0301n IES Son Ferrer-_0001_Pabello\u0301n IES Son Ferrer-2022-4-foto\" data-image-description=\"\" data-medium-file=\"https:\/\/i0.wp.com\/calviadeportes.com\/wp-content\/uploads\/2022\/02\/Pabello%CC%81n-IES-Son-Ferrer-_0001_Pabello%CC%81n-IES-Son-Ferrer-2022-4-foto.jpg?fit=300%2C200&#038;ssl=1\" data-large-file=\"https:\/\/i0.wp.com\/calviadeportes.com\/wp-content\/uploads\/2022\/02\/Pabello%CC%81n-IES-Son-Ferrer-_0001_Pabello%CC%81n-IES-Son-Ferrer-2022-4-foto.jpg?fit=992%2C661&#038;ssl=1\" src=\"https:\/\/i0.wp.com\/calviadeportes.com\/wp-content\/uploads\/2022\/02\/Pabello%CC%81n-IES-Son-Ferrer-_0001_Pabello%CC%81n-IES-Son-Ferrer-2022-4-foto.jpg?w=686&#038;h=457&#038;ssl=1\" width=\"686\" height=\"457\" loading=\"lazy\" data-original-width=\"686\" data-original-height=\"457\" itemprop=\"http:\/\/schema.org\/image\" title=\"Pabello\u0301n IES Son Ferrer-_0001_Pabello\u0301n IES Son Ferrer-2022-4-foto\" alt=\"Pabello\u0301n IES Son Ferrer\" style=\"width: 686px; height: 457px;\" \/> <\/a> <\/div> <\/div> <!-- close group --> <div class=\"gallery-group images-1\" style=\"width: 690px; height: 461px;\" data-original-width=\"690\" data-original-height=\"461\" > <div class=\"tiled-gallery-item tiled-gallery-item-large\" itemprop=\"associatedMedia\" itemscope itemtype=\"http:\/\/schema.org\/ImageObject\"> <a href=\"https:\/\/calviadeportes.com\/ca\/pabellon-ies-son-ferrer-_0000_pabellon-ies-son-ferrer-2022-5-foto-2\/\" border=\"0\" itemprop=\"url\"> <meta itemprop=\"width\" content=\"686\"> <meta itemprop=\"height\" content=\"457\"> <img decoding=\"async\" class=\"\" data-attachment-id=\"20226\" data-orig-file=\"https:\/\/calviadeportes.com\/wp-content\/uploads\/2022\/02\/Pabello\u0301n-IES-Son-Ferrer-_0000_Pabello\u0301n-IES-Son-Ferrer-2022-5-foto.jpg\" data-orig-size=\"992,661\" data-comments-opened=\"1\" data-image-meta=\"{&quot;aperture&quot;:&quot;0&quot;,&quot;credit&quot;:&quot;&quot;,&quot;camera&quot;:&quot;&quot;,&quot;caption&quot;:&quot;&quot;,&quot;created_timestamp&quot;:&quot;0&quot;,&quot;copyright&quot;:&quot;&quot;,&quot;focal_length&quot;:&quot;0&quot;,&quot;iso&quot;:&quot;0&quot;,&quot;shutter_speed&quot;:&quot;0&quot;,&quot;title&quot;:&quot;&quot;,&quot;orientation&quot;:&quot;0&quot;}\" data-image-title=\"Pabello\u0301n IES Son Ferrer-_0000_Pabello\u0301n IES Son Ferrer-2022-5-foto\" data-image-description=\"\" data-medium-file=\"https:\/\/i0.wp.com\/calviadeportes.com\/wp-content\/uploads\/2022\/02\/Pabello%CC%81n-IES-Son-Ferrer-_0000_Pabello%CC%81n-IES-Son-Ferrer-2022-5-foto.jpg?fit=300%2C200&#038;ssl=1\" data-large-file=\"https:\/\/i0.wp.com\/calviadeportes.com\/wp-content\/uploads\/2022\/02\/Pabello%CC%81n-IES-Son-Ferrer-_0000_Pabello%CC%81n-IES-Son-Ferrer-2022-5-foto.jpg?fit=992%2C661&#038;ssl=1\" src=\"https:\/\/i0.wp.com\/calviadeportes.com\/wp-content\/uploads\/2022\/02\/Pabello%CC%81n-IES-Son-Ferrer-_0000_Pabello%CC%81n-IES-Son-Ferrer-2022-5-foto.jpg?w=686&#038;h=457&#038;ssl=1\" width=\"686\" height=\"457\" loading=\"lazy\" data-original-width=\"686\" data-original-height=\"457\" itemprop=\"http:\/\/schema.org\/image\" title=\"Pabello\u0301n IES Son Ferrer-_0000_Pabello\u0301n IES Son Ferrer-2022-5-foto\" alt=\"Pabello\u0301n IES Son Ferrer\" style=\"width: 686px; height: 457px;\" \/> <\/a> <\/div> <\/div> <!-- close group --> <\/div> <!-- close row --> <\/div>\n<div class=\"push\" style='height:30px'><\/div>\n","protected":false},"excerpt":{"rendered":"<p>CONTACTE Tel\u00e8fon: 971 67 03 10 Email: ice@calvia.com DIRECCI\u00d3 Son Ferrer C\/ Girfalc sn Mapa \u2192 EQUIPAMENT Pista poliesportiva coberta Vestuaris col\u00b7lectius Vestuari per a \u00e0rbitres Vestuari per a personas&#8230;<\/p>\n","protected":false},"author":75162113,"featured_media":20229,"parent":0,"menu_order":0,"comment_status":"closed","ping_status":"closed","template":"","meta":{"_coblocks_attr":"","_coblocks_dimensions":"","_coblocks_responsive_height":"","_coblocks_accordion_ie_support":"","_crdt_document":"","footnotes":""},"class_list":["post-13791","page","type-page","status-publish","has-post-thumbnail","hentry"],"yoast_head":"<!-- This site is optimized with the Yoast SEO plugin v27.4 - https:\/\/yoast.com\/product\/yoast-seo-wordpress\/ -->\n<title>Pavell\u00f3 Municipal d&#039;esports Jos\u00e9 Tirado - Son Ferrer - Calvi\u00e0<\/title>\n<meta name=\"description\" content=\"Pavell\u00f3 Municipal d&#039;esports Jos\u00e9 Tirado - Son Ferrer - Calvi\u00e0 \u00e9s una instal\u00b7laci\u00f3 esportiva amb pista coberta i gimn\u00e0s.\" \/>\n<meta name=\"robots\" content=\"index, follow, max-snippet:-1, max-image-preview:large, max-video-preview:-1\" \/>\n<link rel=\"canonical\" href=\"https:\/\/calviadeportes.com\/ca\/pavello-jose-tirado\/\" \/>\n<meta property=\"og:locale\" content=\"ca_ES\" \/>\n<meta property=\"og:type\" content=\"article\" \/>\n<meta property=\"og:title\" content=\"Pavell\u00f3 Municipal d&#039;esports Jos\u00e9 Tirado - Son Ferrer - Calvi\u00e0\" \/>\n<meta property=\"og:description\" content=\"Pavell\u00f3 Municipal d&#039;esports Jos\u00e9 Tirado - Son Ferrer - Calvi\u00e0 \u00e9s una instal\u00b7laci\u00f3 esportiva amb pista coberta i gimn\u00e0s.\" \/>\n<meta property=\"og:url\" content=\"https:\/\/calviadeportes.com\/ca\/pavello-jose-tirado\/\" \/>\n<meta property=\"og:site_name\" content=\"Calvi\u00e0 esports\" \/>\n<meta property=\"article:modified_time\" content=\"2025-08-21T08:01:51+00:00\" \/>\n<meta property=\"og:image\" content=\"https:\/\/calviadeportes.com\/wp-content\/uploads\/2022\/02\/Pabello\u0301n-IES-Son-Ferrer-_0001_Pabello\u0301n-IES-Son-Ferrer-2022-4-foto.jpg\" \/>\n\t<meta property=\"og:image:width\" content=\"992\" \/>\n\t<meta property=\"og:image:height\" content=\"661\" \/>\n\t<meta property=\"og:image:type\" content=\"image\/jpeg\" \/>\n<meta name=\"twitter:card\" content=\"summary_large_image\" \/>\n<meta name=\"twitter:label1\" content=\"Temps estimat de lectura\" \/>\n\t<meta name=\"twitter:data1\" content=\"2 minuts\" \/>\n<script type=\"application\/ld+json\" class=\"yoast-schema-graph\">{\"@context\":\"https:\\\/\\\/schema.org\",\"@graph\":[{\"@type\":\"WebPage\",\"@id\":\"https:\\\/\\\/calviadeportes.com\\\/ca\\\/pavello-jose-tirado\\\/\",\"url\":\"https:\\\/\\\/calviadeportes.com\\\/ca\\\/pavello-jose-tirado\\\/\",\"name\":\"Pavell\u00f3 Municipal d'esports Jos\u00e9 Tirado - Son Ferrer - Calvi\u00e0\",\"isPartOf\":{\"@id\":\"https:\\\/\\\/calviadeportes.com\\\/ca\\\/#website\"},\"primaryImageOfPage\":{\"@id\":\"https:\\\/\\\/calviadeportes.com\\\/ca\\\/pavello-jose-tirado\\\/#primaryimage\"},\"image\":{\"@id\":\"https:\\\/\\\/calviadeportes.com\\\/ca\\\/pavello-jose-tirado\\\/#primaryimage\"},\"thumbnailUrl\":\"https:\\\/\\\/i0.wp.com\\\/calviadeportes.com\\\/wp-content\\\/uploads\\\/2022\\\/02\\\/Pabello%CC%81n-IES-Son-Ferrer-_0001_Pabello%CC%81n-IES-Son-Ferrer-2022-4-foto.jpg?fit=992%2C661&ssl=1\",\"datePublished\":\"2021-01-20T08:15:16+00:00\",\"dateModified\":\"2025-08-21T08:01:51+00:00\",\"description\":\"Pavell\u00f3 Municipal d'esports Jos\u00e9 Tirado - Son Ferrer - Calvi\u00e0 \u00e9s una instal\u00b7laci\u00f3 esportiva amb pista coberta i gimn\u00e0s.\",\"breadcrumb\":{\"@id\":\"https:\\\/\\\/calviadeportes.com\\\/ca\\\/pavello-jose-tirado\\\/#breadcrumb\"},\"inLanguage\":\"ca\",\"potentialAction\":[{\"@type\":\"ReadAction\",\"target\":[\"https:\\\/\\\/calviadeportes.com\\\/ca\\\/pavello-jose-tirado\\\/\"]}]},{\"@type\":\"ImageObject\",\"inLanguage\":\"ca\",\"@id\":\"https:\\\/\\\/calviadeportes.com\\\/ca\\\/pavello-jose-tirado\\\/#primaryimage\",\"url\":\"https:\\\/\\\/i0.wp.com\\\/calviadeportes.com\\\/wp-content\\\/uploads\\\/2022\\\/02\\\/Pabello%CC%81n-IES-Son-Ferrer-_0001_Pabello%CC%81n-IES-Son-Ferrer-2022-4-foto.jpg?fit=992%2C661&ssl=1\",\"contentUrl\":\"https:\\\/\\\/i0.wp.com\\\/calviadeportes.com\\\/wp-content\\\/uploads\\\/2022\\\/02\\\/Pabello%CC%81n-IES-Son-Ferrer-_0001_Pabello%CC%81n-IES-Son-Ferrer-2022-4-foto.jpg?fit=992%2C661&ssl=1\",\"width\":992,\"height\":661,\"caption\":\"Pabello\u0301n IES Son Ferrer\"},{\"@type\":\"BreadcrumbList\",\"@id\":\"https:\\\/\\\/calviadeportes.com\\\/ca\\\/pavello-jose-tirado\\\/#breadcrumb\",\"itemListElement\":[{\"@type\":\"ListItem\",\"position\":1,\"name\":\"Portada\",\"item\":\"https:\\\/\\\/calviadeportes.com\\\/ca\\\/\"},{\"@type\":\"ListItem\",\"position\":2,\"name\":\"Pavell\u00f3 Municipal d&#8217;esports Jos\u00e9 Tirado\"}]},{\"@type\":\"WebSite\",\"@id\":\"https:\\\/\\\/calviadeportes.com\\\/ca\\\/#website\",\"url\":\"https:\\\/\\\/calviadeportes.com\\\/ca\\\/\",\"name\":\"Calvi\u00e0 esports\",\"description\":\"ICE Calvi\u00e0 | Ayuntamiento de Calvi\u00e0\",\"potentialAction\":[{\"@type\":\"SearchAction\",\"target\":{\"@type\":\"EntryPoint\",\"urlTemplate\":\"https:\\\/\\\/calviadeportes.com\\\/ca\\\/?s={search_term_string}\"},\"query-input\":{\"@type\":\"PropertyValueSpecification\",\"valueRequired\":true,\"valueName\":\"search_term_string\"}}],\"inLanguage\":\"ca\"}]}<\/script>\n<!-- \/ Yoast SEO plugin. -->","yoast_head_json":{"title":"Pavell\u00f3 Municipal d'esports Jos\u00e9 Tirado - Son Ferrer - Calvi\u00e0","description":"Pavell\u00f3 Municipal d'esports Jos\u00e9 Tirado - Son Ferrer - Calvi\u00e0 \u00e9s una instal\u00b7laci\u00f3 esportiva amb pista coberta i gimn\u00e0s.","robots":{"index":"index","follow":"follow","max-snippet":"max-snippet:-1","max-image-preview":"max-image-preview:large","max-video-preview":"max-video-preview:-1"},"canonical":"https:\/\/calviadeportes.com\/ca\/pavello-jose-tirado\/","og_locale":"ca_ES","og_type":"article","og_title":"Pavell\u00f3 Municipal d'esports Jos\u00e9 Tirado - Son Ferrer - Calvi\u00e0","og_description":"Pavell\u00f3 Municipal d'esports Jos\u00e9 Tirado - Son Ferrer - Calvi\u00e0 \u00e9s una instal\u00b7laci\u00f3 esportiva amb pista coberta i gimn\u00e0s.","og_url":"https:\/\/calviadeportes.com\/ca\/pavello-jose-tirado\/","og_site_name":"Calvi\u00e0 esports","article_modified_time":"2025-08-21T08:01:51+00:00","og_image":[{"width":992,"height":661,"url":"https:\/\/calviadeportes.com\/wp-content\/uploads\/2022\/02\/Pabello\u0301n-IES-Son-Ferrer-_0001_Pabello\u0301n-IES-Son-Ferrer-2022-4-foto.jpg","type":"image\/jpeg"}],"twitter_card":"summary_large_image","twitter_misc":{"Temps estimat de lectura":"2 minuts"},"schema":{"@context":"https:\/\/schema.org","@graph":[{"@type":"WebPage","@id":"https:\/\/calviadeportes.com\/ca\/pavello-jose-tirado\/","url":"https:\/\/calviadeportes.com\/ca\/pavello-jose-tirado\/","name":"Pavell\u00f3 Municipal d'esports Jos\u00e9 Tirado - Son Ferrer - Calvi\u00e0","isPartOf":{"@id":"https:\/\/calviadeportes.com\/ca\/#website"},"primaryImageOfPage":{"@id":"https:\/\/calviadeportes.com\/ca\/pavello-jose-tirado\/#primaryimage"},"image":{"@id":"https:\/\/calviadeportes.com\/ca\/pavello-jose-tirado\/#primaryimage"},"thumbnailUrl":"https:\/\/i0.wp.com\/calviadeportes.com\/wp-content\/uploads\/2022\/02\/Pabello%CC%81n-IES-Son-Ferrer-_0001_Pabello%CC%81n-IES-Son-Ferrer-2022-4-foto.jpg?fit=992%2C661&ssl=1","datePublished":"2021-01-20T08:15:16+00:00","dateModified":"2025-08-21T08:01:51+00:00","description":"Pavell\u00f3 Municipal d'esports Jos\u00e9 Tirado - Son Ferrer - Calvi\u00e0 \u00e9s una instal\u00b7laci\u00f3 esportiva amb pista coberta i gimn\u00e0s.","breadcrumb":{"@id":"https:\/\/calviadeportes.com\/ca\/pavello-jose-tirado\/#breadcrumb"},"inLanguage":"ca","potentialAction":[{"@type":"ReadAction","target":["https:\/\/calviadeportes.com\/ca\/pavello-jose-tirado\/"]}]},{"@type":"ImageObject","inLanguage":"ca","@id":"https:\/\/calviadeportes.com\/ca\/pavello-jose-tirado\/#primaryimage","url":"https:\/\/i0.wp.com\/calviadeportes.com\/wp-content\/uploads\/2022\/02\/Pabello%CC%81n-IES-Son-Ferrer-_0001_Pabello%CC%81n-IES-Son-Ferrer-2022-4-foto.jpg?fit=992%2C661&ssl=1","contentUrl":"https:\/\/i0.wp.com\/calviadeportes.com\/wp-content\/uploads\/2022\/02\/Pabello%CC%81n-IES-Son-Ferrer-_0001_Pabello%CC%81n-IES-Son-Ferrer-2022-4-foto.jpg?fit=992%2C661&ssl=1","width":992,"height":661,"caption":"Pabello\u0301n IES Son Ferrer"},{"@type":"BreadcrumbList","@id":"https:\/\/calviadeportes.com\/ca\/pavello-jose-tirado\/#breadcrumb","itemListElement":[{"@type":"ListItem","position":1,"name":"Portada","item":"https:\/\/calviadeportes.com\/ca\/"},{"@type":"ListItem","position":2,"name":"Pavell\u00f3 Municipal d&#8217;esports Jos\u00e9 Tirado"}]},{"@type":"WebSite","@id":"https:\/\/calviadeportes.com\/ca\/#website","url":"https:\/\/calviadeportes.com\/ca\/","name":"Calvi\u00e0 esports","description":"ICE Calvi\u00e0 | Ayuntamiento de Calvi\u00e0","potentialAction":[{"@type":"SearchAction","target":{"@type":"EntryPoint","urlTemplate":"https:\/\/calviadeportes.com\/ca\/?s={search_term_string}"},"query-input":{"@type":"PropertyValueSpecification","valueRequired":true,"valueName":"search_term_string"}}],"inLanguage":"ca"}]}},"jetpack_likes_enabled":false,"jetpack_sharing_enabled":false,"jetpack_shortlink":"https:\/\/wp.me\/PckSre-3Ar","_links":{"self":[{"href":"https:\/\/calviadeportes.com\/ca\/wp-json\/wp\/v2\/pages\/13791","targetHints":{"allow":["GET"]}}],"collection":[{"href":"https:\/\/calviadeportes.com\/ca\/wp-json\/wp\/v2\/pages"}],"about":[{"href":"https:\/\/calviadeportes.com\/ca\/wp-json\/wp\/v2\/types\/page"}],"author":[{"embeddable":true,"href":"https:\/\/calviadeportes.com\/ca\/wp-json\/wp\/v2\/users\/75162113"}],"replies":[{"embeddable":true,"href":"https:\/\/calviadeportes.com\/ca\/wp-json\/wp\/v2\/comments?post=13791"}],"version-history":[{"count":27,"href":"https:\/\/calviadeportes.com\/ca\/wp-json\/wp\/v2\/pages\/13791\/revisions"}],"predecessor-version":[{"id":31084,"href":"https:\/\/calviadeportes.com\/ca\/wp-json\/wp\/v2\/pages\/13791\/revisions\/31084"}],"wp:featuredmedia":[{"embeddable":true,"href":"https:\/\/calviadeportes.com\/ca\/wp-json\/wp\/v2\/media\/20229"}],"wp:attachment":[{"href":"https:\/\/calviadeportes.com\/ca\/wp-json\/wp\/v2\/media?parent=13791"}],"curies":[{"name":"wp","href":"https:\/\/api.w.org\/{rel}","templated":true}]}}