{"id":13448,"date":"2021-01-19T13:50:52","date_gmt":"2021-01-19T12:50:52","guid":{"rendered":"https:\/\/calviadeportes.com\/documents\/"},"modified":"2026-06-09T10:42:41","modified_gmt":"2026-06-09T08:42:41","slug":"documents","status":"publish","type":"page","link":"https:\/\/calviadeportes.com\/ca\/documents\/","title":{"rendered":"Documents"},"content":{"rendered":"<div class=\"row \"><div class=\"wpv-grid grid-1-1  wpv-first-level first unextended\" style=\"padding-top:0px;padding-bottom:0px\" id=\"wpv-column-34c079aee22c1c3b98eebee618a78c04\" ><div class=\"wpv-tabs vertical\" id=\"tabs-1\"><ul class=\"ui-tabs-nav\"><li class=\"inactive-block-title\"><h2>Documents per anys<\/h2><\/li><li><a href=\"#tab-1-0-2026\"> <span class=\"title-text\">2026<\/span><\/a><\/li><li><a href=\"#tab-1-1-2025\"> <span class=\"title-text\">2025<\/span><\/a><\/li><li><a href=\"#tab-1-2-2024\"> <span class=\"title-text\">2024<\/span><\/a><\/li><li><a href=\"#tab-1-3-2023\"> <span class=\"title-text\">2023<\/span><\/a><\/li><li><a href=\"#tab-1-4-2022\"> <span class=\"title-text\">2022<\/span><\/a><\/li><li><a href=\"#tab-1-5-2021\"> <span class=\"title-text\">2021<\/span><\/a><\/li><li><a href=\"#tab-1-6-2020\"> <span class=\"title-text\">2020<\/span><\/a><\/li><li><a href=\"#tab-1-7-2019\"> <span class=\"title-text\">2019<\/span><\/a><\/li><\/ul><div class=\"pane\" id=\"tab-1-0-2026\"><div class=\"row \"><div class=\"wpv-grid grid-1-2  first unextended\" style=\"padding-top:0px;padding-bottom:0px\" id=\"wpv-column-5487985893008bfa298ce09804ac401d\" >\n<div  data-href=\"https:\/\/calviadeportes.com\/ca\/convocatoria-subvencions-entitats-esportives-calvia-2026\/\" tabindex=\"1\" data-target=\"_blank\" class=\"linkarea clearfix accent7  background-transparent\">\n\t\t\t<div class=\"first\"><span class='icon shortcode theme ' style='font-size:62px !important;color:#e32e33;'>&#57463;<\/span><\/div>\n\t\t\t\t<div class=\"last\"><div class=\"push\" style='height:20px'><\/div>\n<h2 style=\"text-align: center;\"><b>Convocat\u00f2ria de subvencions per a entitats esportives del municipi de Calvi\u00e0 2026<\/b><\/h2>\n<p style=\"text-align: center;\"><\/div>\n\t<\/div><\/div>\n<div class=\"wpv-grid grid-1-2  unextended\" style=\"padding-top:0px;padding-bottom:0px\" id=\"wpv-column-59dcac7691a027a0dc9981f64d18b695\" >\n<div  data-href=\"https:\/\/calviadeportes.com\/ca\/ajudes-esportistes-individuals-pista-datletisme-magaluf-2026\/\" tabindex=\"1\" data-target=\"_blank\" class=\"linkarea clearfix accent7  background-transparent\">\n\t\t\t<div class=\"first\"><span class='icon shortcode theme ' style='font-size:62px !important;color:#e32e33;'>&#57463;<\/span><\/div>\n\t\t\t\t<div class=\"last\"><div class=\"push\" style='height:20px'><\/div>\n<h2 style=\"text-align: center;\"><b>Convocat\u00f2ria d\u2019ajudes esportistes individuals que hagin tramitat abonament pista d\u2019atletisme de Magaluf (persones federades inscrites a clubs esportius de Calvi\u00e0)<\/b><\/h2>\n<p style=\"text-align: center;\"><\/div>\n\t<\/div><\/div><\/div>\n<div class=\"row \"><div class=\"wpv-grid grid-1-2  first unextended\" style=\"padding-top:0px;padding-bottom:0px\" id=\"wpv-column-83d6b94e9c44ef06360467d7fec444e4\" >\n<div  data-href=\"https:\/\/calviadeportes.com\/ca\/informacio-per-gestionar-campus-jornades-de-tecnificacio-estiu-2026\/\" tabindex=\"1\" data-target=\"_blank\" class=\"linkarea clearfix accent7  background-transparent\">\n\t\t\t<div class=\"first\"><span class='icon shortcode theme ' style='font-size:62px !important;color:#e32e33;'>&#57463;<\/span><\/div>\n\t\t\t\t<div class=\"last\"><div class=\"push\" style='height:20px'><\/div>\n<h2 style=\"text-align: center;\"><b>Informaci\u00f3 per gestionar campus \/ jornades de tecnificaci\u00f3 \u2013 Estiu 2026<\/b><\/h2>\n<p style=\"text-align: center;\"><\/div>\n\t<\/div><\/div>\n<div class=\"wpv-grid grid-1-2  unextended\" style=\"padding-top:0px;padding-bottom:0px\" id=\"wpv-column-fb689f43413285e8e37b8afe4068a95f\" >\n<div  data-href=\"https:\/\/drive.google.com\/file\/d\/1I3Qt1Sf5dd67-N8zpsblgNl0t1-R_Veu\/view?usp=sharing\" tabindex=\"1\" data-target=\"_blank\" class=\"linkarea clearfix accent7  background-transparent\">\n\t\t\t<div class=\"first\"><span class='icon shortcode theme ' style='font-size:62px !important;color:#e32e33;'>&#57463;<\/span><\/div>\n\t\t\t\t<div class=\"last\"><div class=\"push\" style='height:20px'><\/div>\n<h2 style=\"text-align: center;\"><b>Normes d&#8217;\u00fas de les instal\u00b7lacions esportives del municipi de Calvi\u00e0<\/b><\/h2>\n<p style=\"text-align: center;\"><\/div>\n\t<\/div><\/div><\/div><\/div><div class=\"pane\" id=\"tab-1-1-2025\"><div class=\"row \"><div class=\"wpv-grid grid-1-2  first unextended\" style=\"padding-top:0px;padding-bottom:0px\" id=\"wpv-column-ff87390cf8e95129508beece91c4e3aa\" >\n<div  data-href=\"https:\/\/drive.google.com\/file\/d\/1RZf6slGYrWukb9Uwlqe6Y9f0o5p3sufy\/view\" tabindex=\"1\" data-target=\"_blank\" class=\"linkarea clearfix accent7  background-transparent\">\n\t\t\t<div class=\"first\"><span class='icon shortcode  ' style='font-size:62px !important;color:#e32e33;'>&#57557;<\/span><\/div>\n\t\t\t\t<div class=\"last\"><div class=\"push\" style='height:20px'><\/div>\n<h3 style=\"text-align: center;\">Aprobaci\u00f3n de la concesi\u00f3n de subvenciones a deportistas individuales y t\u00e9cnicos del municipio de Calvi\u00e0 correspondientes al a\u00f1o 2025<\/h3>\n<p style=\"text-align: center;\"><\/div>\n\t<\/div><\/div>\n<div class=\"wpv-grid grid-1-2  unextended\" style=\"padding-top:0px;padding-bottom:0px\" id=\"wpv-column-1399b5c69b3bd5aeef88e53eff370d39\" >\n<div  data-href=\"https:\/\/drive.google.com\/file\/d\/1a2aLbqJ3BXoKXIwakAz4u9YCIepWAwOF\/view\" tabindex=\"1\" data-target=\"_blank\" class=\"linkarea clearfix accent7  background-transparent\">\n\t\t\t<div class=\"first\"><span class='icon shortcode  ' style='font-size:62px !important;color:#e32e33;'>&#57557;<\/span><\/div>\n\t\t\t\t<div class=\"last\"><div class=\"push\" style='height:20px'><\/div>\n<h3 style=\"text-align: center;\">ORDENAN\u00c7A REGULADORA DEL PREU P\u00daBLIC<\/h3>\n<p style=\"text-align: center;\"><\/div>\n\t<\/div><\/div><\/div>\n<div class=\"row \"><div class=\"wpv-grid grid-1-2  first unextended\" style=\"padding-top:0px;padding-bottom:0px\" id=\"wpv-column-3b1941390d16dce587f4d06f9a430626\" >\n<div  data-href=\"https:\/\/calviadeportes.com\/ca\/convocatoria-subvencions-esportistes-individuals-2025\/\" tabindex=\"1\" data-target=\"_blank\" class=\"linkarea clearfix accent7  background-transparent\">\n\t\t\t<div class=\"first\"><span class='icon shortcode theme ' style='font-size:62px !important;color:#e32e33;'>&#57463;<\/span><\/div>\n\t\t\t\t<div class=\"last\"><div class=\"push\" style='height:20px'><\/div>\n<h3 style=\"text-align: center;\">CONVOCAT\u00d2RIA SUBVENCIONS ESPORTISTES INDIVIDUALS 2025<\/h3>\n<p style=\"text-align: center;\"><\/div>\n\t<\/div><\/div>\n<div class=\"wpv-grid grid-1-2  unextended\" style=\"padding-top:0px;padding-bottom:0px\" id=\"wpv-column-cd479a2fc072d26e6b0bf46b1e029e25\" >\n<div  data-href=\"https:\/\/calviadeportes.com\/ca\/ajudes-esportistes-individuals-pista-datletisme-magaluf-2025\/\" tabindex=\"1\" data-target=\"_blank\" class=\"linkarea clearfix accent7  background-transparent\">\n\t\t\t<div class=\"first\"><span class='icon shortcode theme ' style='font-size:62px !important;color:#e32e33;'>&#57463;<\/span><\/div>\n\t\t\t\t<div class=\"last\"><div class=\"push\" style='height:20px'><\/div>\n<h3 style=\"text-align: center;\">Convocat\u00f2ria d\u2019ajudes esportistes individuals que hagin tramitat abonament pista d\u2019atletisme de Magaluf (persones federades inscrites a clubs esportius de Calvi\u00e0)<\/h3>\n<p style=\"text-align: center;\"><\/div>\n\t<\/div><\/div><\/div>\n<div class=\"row \"><div class=\"wpv-grid grid-1-2  first unextended\" style=\"padding-top:0px;padding-bottom:0px\" id=\"wpv-column-86f310bbda2b15283d8ab635d06c0f75\" >\n<div  data-href=\"https:\/\/calviadeportes.com\/ca\/gestio-campus-jornades-estiu-2025\/\" tabindex=\"1\" data-target=\"_blank\" class=\"linkarea clearfix accent7  background-transparent\">\n\t\t\t<div class=\"first\"><span class='icon shortcode theme ' style='font-size:62px !important;color:#e32e33;'>&#57463;<\/span><\/div>\n\t\t\t\t<div class=\"last\"><div class=\"push\" style='height:20px'><\/div>\n<h3 style=\"text-align: center;\">Informacio per gestionar campus \/ jornades de tecnificaci\u00f3 estiu 2025<\/h3>\n<p style=\"text-align: center;\"><\/div>\n\t<\/div><\/div>\n<div class=\"wpv-grid grid-1-2  unextended\" style=\"padding-top:0px;padding-bottom:0px\" id=\"wpv-column-92b8acb256162e34ca1bc225cdd13d68\" >\n<div  data-href=\"convocatoria-subvencions-entitats-esportives-2025\" tabindex=\"1\" data-target=\"_blank\" class=\"linkarea clearfix accent7  background-transparent\">\n\t\t\t<div class=\"first\"><span class='icon shortcode theme ' style='font-size:62px !important;color:#e32e33;'>&#57463;<\/span><\/div>\n\t\t\t\t<div class=\"last\"><div class=\"push\" style='height:20px'><\/div>\n<h2 style=\"text-align: center;\"><b>Convocat\u00f2ria de subvencions per a entitats esportives del municipi de Calvi\u00e0 2025<\/b><\/h2>\n<p style=\"text-align: center;\"><\/div>\n\t<\/div><\/div><\/div>\n<div class=\"row \"><div class=\"wpv-grid grid-1-2  first unextended\" style=\"padding-top:0px;padding-bottom:0px\" id=\"wpv-column-7736b97669e05c52bce769bba1c27bdb\" >\n<div  data-href=\"https:\/\/drive.google.com\/file\/d\/1RZf6slGYrWukb9Uwlqe6Y9f0o5p3sufy\/view\" tabindex=\"1\" data-target=\"_blank\" class=\"linkarea clearfix accent7  background-transparent\">\n\t\t\t<div class=\"first\"><span class='icon shortcode  ' style='font-size:62px !important;color:#e32e33;'>&#57557;<\/span><\/div>\n\t\t\t\t<div class=\"last\"><div class=\"push\" style='height:20px'><\/div>\n<h3 style=\"text-align: center;\">Aprobaci\u00f3n de la concesi\u00f3n de subvenciones a deportistas individuales y t\u00e9cnicos del municipio de Calvi\u00e0 correspondientes al a\u00f1o 2025<\/h3>\n<p style=\"text-align: center;\"><\/div>\n\t<\/div><\/div>\n<div class=\"wpv-grid grid-1-2  unextended\" style=\"padding-top:0px;padding-bottom:0px\" id=\"wpv-column-9801821a8f054f1368953c78d8355c3c\" >\n<div  data-href=\"https:\/\/drive.google.com\/file\/d\/1UHNfoTka243q4hCkFkzJ8TiW8u3ctAdB\/view\" tabindex=\"1\" data-target=\"_blank\" class=\"linkarea clearfix accent7  background-transparent\">\n\t\t\t<div class=\"first\"><span class='icon shortcode theme ' style='font-size:62px !important;color:#e32e33;'>&#57463;<\/span><\/div>\n\t\t\t\t<div class=\"last\"><div class=\"push\" style='height:20px'><\/div>\n<h3 style=\"text-align: center;\">Programa d\u2019activitats i instal\u00b7lacions esportives de Calvi\u00e0 2025 (Catal\u00e0)<\/h3>\n<p style=\"text-align: center;\"><\/div>\n\t<\/div><\/div><\/div><\/div><div class=\"pane\" id=\"tab-1-2-2024\"><div class=\"row \"><div class=\"wpv-grid grid-1-2  first unextended\" style=\"padding-top:0px;padding-bottom:0px\" id=\"wpv-column-d7ffeac45e77575811bb1acbc7ac6675\" >\n<div  data-href=\"https:\/\/drive.google.com\/file\/d\/1RZf6slGYrWukb9Uwlqe6Y9f0o5p3sufy\/view?usp=sharing\" tabindex=\"1\" data-target=\"_blank\" class=\"linkarea clearfix accent7  background-transparent\">\n\t\t\t<div class=\"first\"><span class='icon shortcode  ' style='font-size:62px !important;color:#e32e33;'>&#57557;<\/span><\/div>\n\t\t\t\t<div class=\"last\"><div class=\"push\" style='height:20px'><\/div>\n<h3 style=\"text-align: center;\">Aprovaci\u00f3 de la concessi\u00f3 de subvencions a esportistes individuals i t\u00e8cnics del municipi de Calvi\u00e0 corresponents a l&#8217;any 2024<\/h3>\n<p style=\"text-align: center;\"><\/div>\n\t<\/div><\/div>\n<div class=\"wpv-grid grid-1-2  unextended\" style=\"padding-top:0px;padding-bottom:0px\" id=\"wpv-column-29cdddca2bfbb84e4be11125a8675da4\" >\n<div  data-href=\"https:\/\/drive.google.com\/file\/d\/1a2aLbqJ3BXoKXIwakAz4u9YCIepWAwOF\/view\" tabindex=\"1\" data-target=\"_blank\" class=\"linkarea clearfix accent7  background-transparent\">\n\t\t\t<div class=\"first\"><span class='icon shortcode  ' style='font-size:62px !important;color:#e32e33;'>&#57557;<\/span><\/div>\n\t\t\t\t<div class=\"last\"><div class=\"push\" style='height:20px'><\/div>\n<h3 style=\"text-align: center;\">ORDENAN\u00c7A REGULADORA DEL PREU P\u00daBLIC<\/h3>\n<p style=\"text-align: center;\"><\/div>\n\t<\/div><\/div><\/div>\n<div class=\"row \"><div class=\"wpv-grid grid-1-2  first unextended\" style=\"padding-top:0px;padding-bottom:0px\" id=\"wpv-column-df6d783b859e583d6dd9ef1e3c566f27\" >\n<div  data-href=\"https:\/\/drive.google.com\/drive\/folders\/1t2o9nbQ6br6wzrUqGQ93Tntkfo4_T_OV?usp=sharing\" tabindex=\"1\" data-target=\"_blank\" class=\"linkarea clearfix accent7  background-transparent\">\n\t\t\t<div class=\"first\"><span class='icon shortcode theme ' style='font-size:62px !important;color:#e32e33;'>&#57474;<\/span><\/div>\n\t\t\t\t<div class=\"last\"><div class=\"push\" style='height:20px'><\/div>\n<h3 style=\"text-align: center;\">Convocat\u00f2ria de subvencions per a esportistes individuals de Calvi\u00e0 2024<\/h3>\n<p style=\"text-align: center;\"><\/div>\n\t<\/div><\/div>\n<div class=\"wpv-grid grid-1-2  unextended\" style=\"padding-top:0px;padding-bottom:0px\" id=\"wpv-column-a7e245db3ed9ba2930b0ccf7e674f30c\" >\n<div  data-href=\"https:\/\/drive.google.com\/file\/d\/1tATL5ZuJSgvSkHR5fc99aWQ065MPeIKJ\/view\" tabindex=\"1\" data-target=\"_blank\" class=\"linkarea clearfix accent7  background-transparent\">\n\t\t\t<div class=\"first\"><span class='icon shortcode theme ' style='font-size:62px !important;color:#e32e33;'>&#57474;<\/span><\/div>\n\t\t\t\t<div class=\"last\"><div class=\"push\" style='height:20px'><\/div>\n<h3 style=\"text-align: center;\">Aprovaci\u00f3 de la concessi\u00f3 de subvencions a entitats esportives de Calvi\u00e0 corresponents a l&#8217;any 2024<\/h3>\n<p style=\"text-align: center;\"><\/div>\n\t<\/div><\/div><\/div>\n<div class=\"row \"><div class=\"wpv-grid grid-1-2  first unextended\" style=\"padding-top:0px;padding-bottom:0px\" id=\"wpv-column-f2347a4903bc25ad66847e3f17d15936\" >\n<div  data-href=\"https:\/\/drive.google.com\/file\/d\/1tATL5ZuJSgvSkHR5fc99aWQ065MPeIKJ\/view\" tabindex=\"1\" data-target=\"_blank\" class=\"linkarea clearfix accent7  background-transparent\">\n\t\t\t<div class=\"first\"><span class='icon shortcode theme ' style='font-size:62px !important;color:#e32e33;'>&#57474;<\/span><\/div>\n\t\t\t\t<div class=\"last\"><div class=\"push\" style='height:20px'><\/div>\n<h3 style=\"text-align: center;\">Aprovaci\u00f3 de la concessi\u00f3 de subvencions a entitats esportives de Calvi\u00e0 corresponents a l&#8217;any 2024<\/h3>\n<p style=\"text-align: center;\"><\/div>\n\t<\/div><\/div>\n<div class=\"wpv-grid grid-1-2  unextended\" style=\"padding-top:0px;padding-bottom:0px\" id=\"wpv-column-e14d814d5bb06b81cd022cb4d0c2ea12\" >\n<div  data-href=\"https:\/\/calviadeportes.com\/ca\/gestio-campus-jornades-estiu-2024\/\" tabindex=\"1\" data-target=\"_blank\" class=\"linkarea clearfix accent7  background-transparent\">\n\t\t\t<div class=\"first\"><span class='icon shortcode theme ' style='font-size:62px !important;color:#e32e33;'>&#57474;<\/span><\/div>\n\t\t\t\t<div class=\"last\"><div class=\"push\" style='height:20px'><\/div>\n<h3 style=\"text-align: center;\">Informacio per gestionar campus \/ jornades de tecnificaci\u00f3 estiu 2024<\/h3>\n<p style=\"text-align: center;\"><\/div>\n\t<\/div><\/div><\/div>\n<div class=\"row \"><div class=\"wpv-grid grid-1-2  first unextended\" style=\"padding-top:0px;padding-bottom:0px\" id=\"wpv-column-b67d0001d85153328ca9fa87c3704e51\" >\n<div  data-href=\"https:\/\/drive.google.com\/file\/d\/1SRlKRJrhpv1DUI1AFO53RDgeYmeVG279\/view\" tabindex=\"1\" data-target=\"_blank\" class=\"linkarea clearfix accent7  background-transparent\">\n\t\t\t<div class=\"first\"><span class='icon shortcode theme ' style='font-size:62px !important;color:#e32e33;'>&#57474;<\/span><\/div>\n\t\t\t\t<div class=\"last\"><div class=\"push\" style='height:20px'><\/div>\n<h3 style=\"text-align: center;\">Informacio per gestionar campus \/ jornades de tecnificaci\u00f3 estiu 2024<\/h3><\/div>\n\t<\/div><\/div>\n<div class=\"wpv-grid grid-1-2  unextended\" style=\"padding-top:0px;padding-bottom:0px\" id=\"wpv-column-c9c1f3f99084c3501eb68fa03758a2b6\" >\n<div  data-href=\"https:\/\/calviadeportes.com\/ca\/convocatoria-subvencions-per-a-entitats-esportives-calvia-2024\/\" tabindex=\"1\" data-target=\"_blank\" class=\"linkarea clearfix accent7  background-transparent\">\n\t\t\t<div class=\"first\"><span class='icon shortcode theme ' style='font-size:62px !important;color:#e32e33;'>&#57474;<\/span><\/div>\n\t\t\t\t<div class=\"last\"><div class=\"push\" style='height:20px'><\/div>\n<h3 style=\"text-align: center;\">CONVOCAT\u00d2RIA SUBVENCIONS ESPORTISTES INDIVIDUALS DE CALVI\u00c0 2024<\/h3>\n<p style=\"text-align: center;\">\n<p style=\"text-align: center;\"><\/div>\n\t<\/div><\/div><\/div>\n<div class=\"row \"><div class=\"wpv-grid grid-1-2  first unextended\" style=\"padding-top:0px;padding-bottom:0px\" id=\"wpv-column-c7a0bfcec48876848d0ff9059e8915e3\" >\n<div  data-href=\"https:\/\/drive.google.com\/file\/d\/1Q214JdUxLK693d44e2psf_TgCQ4B9XXl\/view?usp=sharing\" tabindex=\"1\" data-target=\"_blank\" class=\"linkarea clearfix accent7  background-transparent\">\n\t\t\t<div class=\"first\"><span class='icon shortcode theme ' style='font-size:62px !important;color:#e32e33;'>&#57474;<\/span><\/div>\n\t\t\t\t<div class=\"last\"><div class=\"push\" style='height:20px'><\/div>\n<h3 style=\"text-align: center;\">Programa d\u2019activitats i instal\u00b7lacions esportives de Calvi\u00e0 2024 (Catal\u00e0)<\/h3>\n<p style=\"text-align: center;\">Instal\u00b7lacions esportives, abonaments, preus i activitats<\/p>\n<p style=\"text-align: center;\"><div class=\"push\" style='height:10px'><\/div><\/div>\n\t<\/div><\/div>\n<div class=\"wpv-grid grid-1-2  unextended\" style=\"padding-top:0px;padding-bottom:0px\" id=\"wpv-column-9c489a17613d2a599a4baba38f937568\" >\n<div  data-href=\"https:\/\/drive.google.com\/file\/d\/1W9RF6ni1YpSXasC3ovldc3FjFxDdQEUZ\/view?usp=drive_link\" tabindex=\"1\" data-target=\"_blank\" class=\"linkarea clearfix accent7  background-transparent\">\n\t\t\t<div class=\"first\"><span class='icon shortcode theme ' style='font-size:62px !important;color:#e32e33;'>&#57474;<\/span><\/div>\n\t\t\t\t<div class=\"last\"><div class=\"push\" style='height:20px'><\/div>\n<h3 style=\"text-align: center;\">Convocat\u00f2ria d\u2019ajudes esportistes individuals que hagin tramitat abonament pista d\u2019atletisme de Magaluf (persones federades inscrites a clubs esportius de Calvi\u00e0)<\/h3>\n<p style=\"text-align: center;\"><\/div>\n\t<\/div><\/div><\/div>\n<div class=\"row \"><div class=\"wpv-grid grid-1-2  first unextended\" style=\"padding-top:0px;padding-bottom:0px\" id=\"wpv-column-84a4fb0d6a89cda5b4f06523a8d3c73a\" >\n<div  data-href=\"https:\/\/drive.google.com\/file\/d\/1mWYbBChEB4V9fOp72FD1dTDP7mpHQAa8\/view\" tabindex=\"1\" data-target=\"_blank\" class=\"linkarea clearfix accent7  background-transparent\">\n\t\t\t<div class=\"first\"><span class='icon shortcode theme ' style='font-size:62px !important;color:#e32e33;'>&#57474;<\/span><\/div>\n\t\t\t\t<div class=\"last\"><div class=\"push\" style='height:20px'><\/div>\n<h3 style=\"text-align: center;\">Ordenan\u00e7a reguladora preus p\u00fablics<\/h3>\n<p style=\"text-align: center;\">Document que recull els preus de les distintes modalitats d&#8217;\u00fas dels centres esportius municipals de Calvi\u00e0 i altres activitats esportives dependents de l&#8217;Ajuntament de Calvi\u00e0<\/p>\n<p style=\"text-align: center;\"><div class=\"push\" style='height:10px'><\/div><\/div>\n\t<\/div><\/div>\n<div class=\"wpv-grid grid-1-2  unextended\" style=\"padding-top:0px;padding-bottom:0px\" id=\"wpv-column-63ba891182c525fa03497dc81361d2bd\" >\n<div  data-href=\"https:\/\/drive.google.com\/file\/d\/0B6vIei_ryIwmTjVMYldCNjZNLWM\/view?resourcekey=0-NiCOtoPd9e6HU6YK3ioK6g\" tabindex=\"1\" data-target=\"_blank\" class=\"linkarea clearfix accent7  background-transparent\">\n\t\t\t<div class=\"first\"><span class='icon shortcode theme ' style='font-size:62px !important;color:#e32e33;'>&#57474;<\/span><\/div>\n\t\t\t\t<div class=\"last\"><div class=\"push\" style='height:20px'><\/div>\n<h3 style=\"text-align: center;\">Normativa d&#8217;\u00fas de les instal\u00b7lacions esportives de Calvi\u00e0<\/h3>\n<p style=\"text-align: center;\"><div class=\"push\" style='height:10px'><\/div><\/div>\n\t<\/div><\/div><\/div>\n<div class=\"row \"><div class=\"wpv-grid grid-1-2  first unextended\" style=\"padding-top:0px;padding-bottom:0px\" id=\"wpv-column-538fee1e48e592453ac703ab58a7912d\" >\n<div  data-href=\"https:\/\/drive.google.com\/file\/d\/1sn1oxmydXCMe1m_taVUDMFmjb5CmpRwA\/view?usp=drive_link\" tabindex=\"1\" data-target=\"_blank\" class=\"linkarea clearfix accent7  background-transparent\">\n\t\t\t<div class=\"first\"><span class='icon shortcode theme ' style='font-size:62px !important;color:#e32e33;'>&#57474;<\/span><\/div>\n\t\t\t\t<div class=\"last\"><div class=\"push\" style='height:20px'><\/div>\n<h3 style=\"text-align: center;\">Calendari d&#8217;activitats no permanents de recorregut al terme municipal de Calvi\u00e0 a l&#8217;any 2024<\/h3>\n<p style=\"text-align: center;\"><div class=\"push\" style='height:10px'><\/div><\/div>\n\t<\/div><\/div><\/div><\/div><div class=\"pane\" id=\"tab-1-3-2023\"><div class=\"row \"><div class=\"wpv-grid grid-1-2  first unextended\" style=\"padding-top:0px;padding-bottom:0px\" id=\"wpv-column-926e11ce3eb52b68c491c63198be22e2\" >\n<div  data-href=\"https:\/\/drive.google.com\/file\/d\/1Pd1zsQGrbsDXr8QsQbGDCj_hwaZDGapa\/view?usp=sharing\" tabindex=\"1\" data-target=\"_blank\" class=\"linkarea clearfix accent7  background-transparent\">\n\t\t\t<div class=\"first\"><span class='icon shortcode theme ' style='font-size:62px !important;color:#e32e33;'>&#57474;<\/span><\/div>\n\t\t\t\t<div class=\"last\"><div class=\"push\" style='height:20px'><\/div>\n<h3 style=\"text-align: center;\">Aprovaci\u00f3 de la concessi\u00f3 de subvencions a esportistes individuals i t\u00e8cnics del municipi de Calvi\u00e0 corresponents a l&#8217;any 2023<\/h3>\n<p style=\"text-align: center;\"><div class=\"push\" style='height:10px'><\/div><\/div>\n\t<\/div><\/div>\n<div class=\"wpv-grid grid-1-2  unextended\" style=\"padding-top:0px;padding-bottom:0px\" id=\"wpv-column-8074a0ba8c5539d76f258acf42c1f1b3\" >\n<div  data-href=\"https:\/\/drive.google.com\/file\/d\/1CvfxuIMaTCPSl6J5hXRLiX1D8CLziU66\/view?usp=sharing\" tabindex=\"1\" data-target=\"_blank\" class=\"linkarea clearfix accent7  background-transparent\">\n\t\t\t<div class=\"first\"><span class='icon shortcode theme ' style='font-size:62px !important;color:#e32e33;'>&#57474;<\/span><\/div>\n\t\t\t\t<div class=\"last\"><div class=\"push\" style='height:20px'><\/div>\n<h3 style=\"text-align: center;\">Aprovaci\u00f3 de la concessi\u00f3 de subvencions a entitats esportives de Calvi\u00e0 corresponents a l&#8217;any 2023<\/h3>\n<p style=\"text-align: center;\"><div class=\"push\" style='height:10px'><\/div><\/div>\n\t<\/div><\/div><\/div>\n<div class=\"row \"><div class=\"wpv-grid grid-1-2  first unextended\" style=\"padding-top:0px;padding-bottom:0px\" id=\"wpv-column-df4a98062ad35a5d73863baea90d8a02\" >\n<div  data-href=\"https:\/\/drive.google.com\/file\/d\/1CvfxuIMaTCPSl6J5hXRLiX1D8CLziU66\/view?usp=sharing\" tabindex=\"1\" data-target=\"_blank\" class=\"linkarea clearfix accent7  background-transparent\">\n\t\t\t<div class=\"first\"><span class='icon shortcode theme ' style='font-size:62px !important;color:#e32e33;'>&#57474;<\/span><\/div>\n\t\t\t\t<div class=\"last\"><div class=\"push\" style='height:20px'><\/div>\n<h3 style=\"text-align: center;\">Aprovaci\u00f3 de la concessi\u00f3 de subvencions a entitats esportives de Calvi\u00e0 corresponents a l&#8217;any 2023<\/h3>\n<p style=\"text-align: center;\"><div class=\"push\" style='height:10px'><\/div><\/div>\n\t<\/div><\/div>\n<div class=\"wpv-grid grid-1-2  unextended\" style=\"padding-top:0px;padding-bottom:0px\" id=\"wpv-column-9eaf32ffeec1115bae693097f4eb6064\" >\n<div  data-href=\"https:\/\/calviadeportes.com\/ca\/convocatoria-subvencions-esportistes-individuals-2023\/\" tabindex=\"1\" data-target=\"_blank\" class=\"linkarea clearfix accent7  background-transparent\">\n\t\t\t<div class=\"first\"><span class='icon shortcode theme ' style='font-size:62px !important;color:#e32e33;'>&#57474;<\/span><\/div>\n\t\t\t\t<div class=\"last\"><div class=\"push\" style='height:20px'><\/div>\n<h3 style=\"text-align: center;\">CONVOCAT\u00d2RIA SUBVENCIONS ESPORTISTES INDIVIDUALS DE CALVI\u00c0 2023<\/h3>\n<p style=\"text-align: center;\"><div class=\"push\" style='height:10px'><\/div><\/div>\n\t<\/div><\/div><\/div>\n<div class=\"row \"><div class=\"wpv-grid grid-1-2  first unextended\" style=\"padding-top:0px;padding-bottom:0px\" id=\"wpv-column-e8d8c7892dc2c553120ef6cd58e79f83\" >\n<div  data-href=\"https:\/\/calviadeportes.com\/ca\/convocatoria-subvencions-esportistes-individuals-2023\/\" tabindex=\"1\" data-target=\"_blank\" class=\"linkarea clearfix accent7  background-transparent\">\n\t\t\t<div class=\"first\"><span class='icon shortcode  ' style='font-size:62px !important;color:#e32e33;'>&#57355;<\/span><\/div>\n\t\t\t\t<div class=\"last\"><div class=\"push\" style='height:20px'><\/div>\n<h3 style=\"text-align: center;\"><\/h3>\n<h3 style=\"text-align: center;\">Informaci\u00f3 per poder gestionar Campus esportius i jornades de tecnificaci\u00f3 durant l&#8217;estiu 2023<\/h3>\n<p style=\"text-align: center;\"><div class=\"push\" style='height:10px'><\/div><\/div>\n\t<\/div><\/div>\n<div class=\"wpv-grid grid-1-2  unextended\" style=\"padding-top:0px;padding-bottom:0px\" id=\"wpv-column-a6e72c6760ab096c4801391d756ffce4\" >\n<div  data-href=\"https:\/\/wp.me\/PckSre-6gP\" tabindex=\"1\" data-target=\"_blank\" class=\"linkarea clearfix accent7  background-transparent\">\n\t\t\t<div class=\"first\"><span class='icon shortcode theme ' style='font-size:62px !important;color:#e32e33;'>&#57474;<\/span><\/div>\n\t\t\t\t<div class=\"last\"><div class=\"push\" style='height:20px'><\/div>\n<h3 style=\"text-align: center;\">Convocat\u00f2ria d&#8217;ajudes esportistes individuals que hagin tramitat abonament pista d&#8217;atletisme de Magaluf (persones federades inscrites a clubs esportius de Calvi\u00e0)<\/h3>\n<p style=\"text-align: center;\"><div class=\"push\" style='height:10px'><\/div><\/div>\n\t<\/div><\/div><\/div>\n<div class=\"row \"><div class=\"wpv-grid grid-1-2  first unextended\" style=\"padding-top:0px;padding-bottom:0px\" id=\"wpv-column-de65b00b00940a44aa1020a6b2004b3b\" >\n<div  data-href=\"https:\/\/calviadeportes.com\/ca\/convocatoria-subvencions-entitats-esportives-calvia-2023\/\" tabindex=\"1\" data-target=\"_blank\" class=\"linkarea clearfix accent7  background-transparent\">\n\t\t\t<div class=\"first\"><span class='icon shortcode theme ' style='font-size:62px !important;color:#e32e33;'>&#57474;<\/span><\/div>\n\t\t\t\t<div class=\"last\"><div class=\"push\" style='height:20px'><\/div>\n<h3 style=\"text-align: center;\">Convocat\u00f2ria de subvencions per a entitats esportives del municipi de Calvi\u00e0 2023<\/h3>\n<p style=\"text-align: center;\"><div class=\"push\" style='height:10px'><\/div><\/div>\n\t<\/div><\/div>\n<div class=\"wpv-grid grid-1-2  unextended\" style=\"padding-top:0px;padding-bottom:0px\" id=\"wpv-column-114bbeaa43b2ab9316fb57bbcb92021c\" >\n<div  data-href=\"https:\/\/drive.google.com\/file\/d\/1vwoOrrFfgPLhYPmg3N05FUS02lHxkdot\/view?usp=sharing\" tabindex=\"1\" data-target=\"_blank\" class=\"linkarea clearfix accent7  background-transparent\">\n\t\t\t<div class=\"first\"><span class='icon shortcode theme ' style='font-size:62px !important;color:#e32e33;'>&#57474;<\/span><\/div>\n\t\t\t\t<div class=\"last\"><div class=\"push\" style='height:20px'><\/div>\n<h3 style=\"text-align: center;\">Programa d\u2019activitats i instal\u00b7lacions esportives de Calvi\u00e0 2023 (Catal\u00e0)<\/h3>\n<p style=\"text-align: center;\">Instal\u00b7lacions esportives, abonaments, preus i activitats<\/p>\n<p style=\"text-align: center;\"><div class=\"push\" style='height:10px'><\/div><\/div>\n\t<\/div><\/div><\/div>\n<div class=\"row \"><div class=\"wpv-grid grid-1-2  first unextended\" style=\"padding-top:0px;padding-bottom:0px\" id=\"wpv-column-25460e069c78e8c106b1653723a65040\" >\n<div  data-href=\"https:\/\/drive.google.com\/file\/d\/1mWYbBChEB4V9fOp72FD1dTDP7mpHQAa8\/view\" tabindex=\"1\" data-target=\"_blank\" class=\"linkarea clearfix accent7  background-transparent\">\n\t\t\t<div class=\"first\"><span class='icon shortcode theme ' style='font-size:62px !important;color:#e32e33;'>&#57474;<\/span><\/div>\n\t\t\t\t<div class=\"last\"><div class=\"push\" style='height:20px'><\/div>\n<h3 style=\"text-align: center;\">Ordenan\u00e7a reguladora preus p\u00fablics<\/h3>\n<p style=\"text-align: center;\">Document que recull els preus de les distintes modalitats d&#8217;\u00fas dels centres esportius municipals de Calvi\u00e0 i altres activitats esportives dependents de l&#8217;Ajuntament de Calvi\u00e0<\/p>\n<p style=\"text-align: center;\"><div class=\"push\" style='height:10px'><\/div><\/div>\n\t<\/div><\/div><\/div><\/div><div class=\"pane\" id=\"tab-1-4-2022\"><div class=\"row \"><div class=\"wpv-grid grid-1-2  first unextended\" style=\"padding-top:0px;padding-bottom:0px\" id=\"wpv-column-209d06c71d87caa01d487cfc2c5bb924\" >\n<div  data-href=\"https:\/\/calviadeportes.com\/ca\/convocatoria-subvencions-esportistes-individuals-2022\/\" tabindex=\"1\" data-target=\"_blank\" class=\"linkarea clearfix accent7  background-transparent\">\n\t\t\t<div class=\"first\"><span class='icon shortcode  ' style='font-size:62px !important;color:#e32e33;'>&#57355;<\/span><\/div>\n\t\t\t\t<div class=\"last\"><div class=\"push\" style='height:20px'><\/div>\n<h3 style=\"text-align: center;\">CONVOCAT\u00d2RIA SUBVENCIONS ESPORTISTES INDIVIDUALS DE CALVI\u00c0 2022<\/h3>\n<p style=\"text-align: center;\"><div class=\"push\" style='height:10px'><\/div><\/div>\n\t<\/div><\/div>\n<div class=\"wpv-grid grid-1-2  unextended\" style=\"padding-top:0px;padding-bottom:0px\" id=\"wpv-column-91db4a47e9240605ad25c5ed64e63fff\" >\n<div  data-href=\"https:\/\/drive.google.com\/file\/d\/1jhk_n9062PU3TUm8_pobR8-EB71MZ9WX\/view?usp=sharing\" tabindex=\"1\" data-target=\"_blank\" class=\"linkarea clearfix accent7  background-transparent\">\n\t\t\t<div class=\"first\"><span class='icon shortcode  ' style='font-size:62px !important;color:#e32e33;'>&#57355;<\/span><\/div>\n\t\t\t\t<div class=\"last\"><div class=\"push\" style='height:20px'><\/div>\n<h3 style=\"text-align: center;\">SUBVENCIONS ESPORTISTES INDIVIDUALS DE CALVI\u00c0 2021<\/h3>\n<p style=\"text-align: center;\"><div class=\"push\" style='height:10px'><\/div><\/div>\n\t<\/div><\/div><\/div>\n<div class=\"row \"><div class=\"wpv-grid grid-1-2  first unextended\" style=\"padding-top:0px;padding-bottom:0px\" id=\"wpv-column-a42a08fceba62aadffb1e16c48ed58a6\" >\n<div  data-href=\"https:\/\/drive.google.com\/file\/d\/1mWYbBChEB4V9fOp72FD1dTDP7mpHQAa8\/view\" tabindex=\"1\" data-target=\"_blank\" class=\"linkarea clearfix accent7  background-transparent\">\n\t\t\t<div class=\"first\"><span class='icon shortcode  ' style='font-size:62px !important;color:#e32e33;'>&#57557;<\/span><\/div>\n\t\t\t\t<div class=\"last\"><div class=\"push\" style='height:20px'><\/div>\n<h3 style=\"text-align: center;\">Ordenan\u00e7a reguladora preus p\u00fablics<\/h3>\n<p style=\"text-align: center;\">Document que recull els preus de les distintes modalitats d&#8217;\u00fas dels centres esportius municipals de Calvi\u00e0 i altres activitats esportives dependents de l&#8217;Ajuntament de Calvi\u00e0<\/p>\n<p style=\"text-align: center;\"><div class=\"push\" style='height:10px'><\/div><\/div>\n\t<\/div><\/div>\n<div class=\"wpv-grid grid-1-2  unextended\" style=\"padding-top:0px;padding-bottom:0px\" id=\"wpv-column-5c4e40713c1256560be331513a964255\" >\n<div  data-href=\"https:\/\/drive.google.com\/file\/d\/1mWYbBChEB4V9fOp72FD1dTDP7mpHQAa8\/view\" tabindex=\"1\" data-target=\"_blank\" class=\"linkarea clearfix accent7  background-transparent\">\n\t\t\t<div class=\"first\"><span class='icon shortcode  ' style='font-size:62px !important;color:#e32e33;'>&#57557;<\/span><\/div>\n\t\t\t\t<div class=\"last\"><div class=\"push\" style='height:20px'><\/div>\n<h3 style=\"text-align: center;\">Ordenan\u00e7a reguladora preus p\u00fablics<\/h3>\n<p style=\"text-align: center;\">Document que recull els preus de les distintes modalitats d&#8217;\u00fas dels centres esportius municipals de Calvi\u00e0 i altres activitats esportives dependents de l&#8217;Ajuntament de Calvi\u00e0<\/p>\n<p style=\"text-align: center;\"><div class=\"push\" style='height:10px'><\/div><\/div>\n\t<\/div><\/div><\/div>\n<div class=\"row \"><div class=\"wpv-grid grid-1-2  first unextended\" style=\"padding-top:0px;padding-bottom:0px\" id=\"wpv-column-490e67adbb587a89e55e2f858cb47197\" >\n<div  data-href=\"https:\/\/calviadeportes.com\/ca\/convocatoria-de-subvencions-per-a-entitats-esportives-del-municipi-de-calvia-2022\/\" tabindex=\"1\" data-target=\"_blank\" class=\"linkarea clearfix accent7  background-transparent\">\n\t\t\t<div class=\"first\"><span class='icon shortcode theme ' style='font-size:62px !important;color:#e32e33;'>&#57474;<\/span><\/div>\n\t\t\t\t<div class=\"last\"><div class=\"push\" style='height:20px'><\/div>\n<h3 style=\"text-align: center;\">Convocat\u00f2ria de subvencions per a entitats esportives del municipi de Calvi\u00e0 2022<\/h3>\n<p style=\"text-align: center;\"><div class=\"push\" style='height:10px'><\/div><\/div>\n\t<\/div><\/div>\n<div class=\"wpv-grid grid-1-2  unextended\" style=\"padding-top:0px;padding-bottom:0px\" id=\"wpv-column-bfcb1e26cf9c3a2754d163e71036245e\" >\n<div  data-href=\"https:\/\/drive.google.com\/file\/d\/1om3L0WCSpMVZHjvYi9XGPR3-yIlRNvKA\/view?usp=sharing\" tabindex=\"1\" data-target=\"_blank\" class=\"linkarea clearfix accent7  background-transparent\">\n\t\t\t<div class=\"first\"><span class='icon shortcode theme ' style='font-size:62px !important;color:#e32e33;'>&#57474;<\/span><\/div>\n\t\t\t\t<div class=\"last\"><div class=\"push\" style='height:20px'><\/div>\n<h3 style=\"text-align: center;\">Programa d\u2019activitats i instal\u00b7lacions esportives de Calvi\u00e0 2022 (Catal\u00e0)<\/h3>\n<p style=\"text-align: center;\">Instal\u00b7lacions esportives, abonaments, preus i activitats<\/p>\n<p style=\"text-align: center;\"><div class=\"push\" style='height:10px'><\/div><\/div>\n\t<\/div><\/div><\/div>\n<div class=\"row \"><div class=\"wpv-grid grid-1-2  first unextended\" style=\"padding-top:0px;padding-bottom:0px\" id=\"wpv-column-1f7b7a3fc160b83ae2f40da1380f5565\" >\n<div  data-href=\"https:\/\/drive.google.com\/file\/d\/1RTdqKwlKIvIK88fUm83bR4ppkqNG2TM-\/view?usp=sharing\" tabindex=\"1\" data-target=\"_blank\" class=\"linkarea clearfix accent7  background-transparent\">\n\t\t\t<div class=\"first\"><span class='icon shortcode  ' style='font-size:62px !important;color:#e32e33;'>&#57431;<\/span><\/div>\n\t\t\t\t<div class=\"last\"><div class=\"push\" style='height:20px'><\/div>\n<h3 style=\"text-align: center;\">Autoritzaci\u00f3 sala fitness menors<\/h3>\n<p style=\"text-align: center;\">Autorizaci\u00f3 obligat\u00f2ria per tal que menors entre 14 i 17 anys puguin accedir als gimnasos de Calvi\u00e0<\/p>\n<p style=\"text-align: center;\"><div class=\"push\" style='height:10px'><\/div><\/div>\n\t<\/div><\/div><\/div><\/div><div class=\"pane\" id=\"tab-1-5-2021\"><div class=\"row \"><div class=\"wpv-grid grid-1-2  first unextended\" style=\"padding-top:0px;padding-bottom:0px\" id=\"wpv-column-03bc9732a86ae3c4ef52a1b1bc859021\" >\n<div  data-href=\"https:\/\/drive.google.com\/file\/d\/1qsX9bJN7otqHxZW7HY-XZ3_6Ha7tBrpU\/view\" tabindex=\"1\" data-target=\"_blank\" class=\"linkarea clearfix accent7  background-transparent\">\n\t\t\t<div class=\"first\"><span class='icon shortcode  ' style='font-size:62px !important;color:#e32e33;'>&#57355;<\/span><\/div>\n\t\t\t\t<div class=\"last\"><div class=\"push\" style='height:20px'><\/div>\n<h3 style=\"text-align: center;\">SOL\u00b7LICITUD \u2013 SUBVENCIONS ESPORTISTES INDIVIDUALS DE CALVI\u00c0 2021<\/h3>\n<p style=\"text-align: center;\"><div class=\"push\" style='height:10px'><\/div><\/div>\n\t<\/div><\/div>\n<div class=\"wpv-grid grid-1-2  unextended\" style=\"padding-top:0px;padding-bottom:0px\" id=\"wpv-column-8f72e083a5575561316a6a9f0c2bcd73\" >\n<div  data-href=\"https:\/\/drive.google.com\/file\/d\/1UuH5Ur_kPW__rfiYpa3lIqQgXTpGA6Hq\/view\" tabindex=\"1\" data-target=\"_blank\" class=\"linkarea clearfix accent7  background-transparent\">\n\t\t\t<div class=\"first\"><span class='icon shortcode  ' style='font-size:62px !important;color:#e32e33;'>&#57355;<\/span><\/div>\n\t\t\t\t<div class=\"last\"><div class=\"push\" style='height:20px'><\/div>\n<h3 style=\"text-align: center;\">BASES \u2013 SUBVENCIONS ESPORTISTES INDIVIDUALS DE CALVI\u00c0 2021<\/h3>\n<p style=\"text-align: center;\"><div class=\"push\" style='height:10px'><\/div><\/div>\n\t<\/div><\/div><\/div>\n<div class=\"row \"><div class=\"wpv-grid grid-1-2  first unextended\" style=\"padding-top:0px;padding-bottom:0px\" id=\"wpv-column-3ac4728356f4110fbbd9ef6899823b04\" >\n<div  data-href=\"https:\/\/calviadeportes.com\/ca\/subvencions-entitats-esportives-2021\/\" tabindex=\"1\" data-target=\"_blank\" class=\"linkarea clearfix accent7  background-transparent\">\n\t\t\t<div class=\"first\"><span class='icon shortcode  ' style='font-size:62px !important;color:#e32e33;'>&#57355;<\/span><\/div>\n\t\t\t\t<div class=\"last\"><div class=\"push\" style='height:20px'><\/div>\n<h3 style=\"text-align: center;\">Convocat\u00f2ria de subvencions per a entitats esportives de Calvi\u00e0 2021<\/h3>\n<p style=\"text-align: center;\">Accedeix a tota la informaci\u00f3 i documentaci\u00f3 de la convocat\u00f2ria, oberta del 17 de juny al 2 de juliol de 2021<\/p>\n<p style=\"text-align: center;\"><div class=\"push\" style='height:10px'><\/div><\/div>\n\t<\/div><\/div>\n<div class=\"wpv-grid grid-1-2  unextended\" style=\"padding-top:0px;padding-bottom:0px\" id=\"wpv-column-5d8ca3c94212e6099777b7d52a174f35\" >\n<div  data-href=\"https:\/\/drive.google.com\/file\/d\/1mWYbBChEB4V9fOp72FD1dTDP7mpHQAa8\/view\" tabindex=\"1\" data-target=\"_blank\" class=\"linkarea clearfix accent7  background-transparent\">\n\t\t\t<div class=\"first\"><span class='icon shortcode  ' style='font-size:62px !important;color:#e32e33;'>&#57557;<\/span><\/div>\n\t\t\t\t<div class=\"last\"><div class=\"push\" style='height:20px'><\/div>\n<h3 style=\"text-align: center;\">Ordenan\u00e7a reguladora preus p\u00fablics<\/h3>\n<p style=\"text-align: center;\">Document que recull els preus de les distintes modalitats d&#8217;\u00fas dels centres esportius municipals de Calvi\u00e0 i altres activitats esportives dependents de l&#8217;Ajuntament de Calvi\u00e0<\/p>\n<p style=\"text-align: center;\"><div class=\"push\" style='height:10px'><\/div><\/div>\n\t<\/div><\/div><\/div>\n<div class=\"row \"><div class=\"wpv-grid grid-1-2  first unextended\" style=\"padding-top:0px;padding-bottom:0px\" id=\"wpv-column-b3c80bc6c30a013fc15371f675392c79\" >\n<div  data-href=\"https:\/\/drive.google.com\/file\/d\/1FXJQbjG6-0V8R7jQsUOhUZmj69XukK3j\/view\" tabindex=\"1\" data-target=\"_blank\" class=\"linkarea clearfix accent7  background-transparent\">\n\t\t\t<div class=\"first\"><span class='icon shortcode theme ' style='font-size:62px !important;color:#e32e33;'>&#57474;<\/span><\/div>\n\t\t\t\t<div class=\"last\"><div class=\"push\" style='height:20px'><\/div>\n<h3 style=\"text-align: center;\">Programa d\u2019activitats i instal\u00b7lacions esportives de Calvi\u00e0 2021 (Catal\u00e0)<\/h3>\n<p style=\"text-align: center;\">Instal\u00b7lacions esportives, abonaments, preus i activitats<\/p>\n<p style=\"text-align: center;\"><div class=\"push\" style='height:10px'><\/div><\/div>\n\t<\/div><\/div><\/div><\/div><div class=\"pane\" id=\"tab-1-6-2020\"><div class=\"row \"><div class=\"wpv-grid grid-1-2  first unextended\" style=\"padding-top:0px;padding-bottom:0px\" id=\"wpv-column-b851818e949f3263055358bd4fde4a23\" >\n<div  data-href=\"https:\/\/calviadeportes.com\/convocatoria-subvenciones-deportistas-20\/\" tabindex=\"1\" data-target=\"_blank\" class=\"linkarea clearfix accent7  background-transparent\">\n\t\t\t<div class=\"first\"><span class='icon shortcode theme ' style='font-size:62px !important;color:#e32e33;'>&#57493;<\/span><\/div>\n\t\t\t\t<div class=\"last\"><div class=\"push\" style='height:20px'><\/div>\n<h3 style=\"text-align: center;\">Convocat\u00f2ria de subvencions esportistes individuals 2020<\/h3>\n<p style=\"text-align: center;\">el termini per presentar sol\u00b7licituds: del 16 d\u2019octubre al 30 d\u2019octubre de 2020<\/p>\n<p style=\"text-align: center;\"><div class=\"push\" style='height:10px'><\/div><\/div>\n\t<\/div><\/div>\n<div class=\"wpv-grid grid-1-2  unextended\" style=\"padding-top:0px;padding-bottom:0px\" id=\"wpv-column-767bd6bc3c10e2c74e5c613c1f654ec6\" >\n<div  data-href=\"https:\/\/drive.google.com\/file\/d\/15fZ_2giHIUt7l3nLorsbuc2924Po0I-2\/view\" tabindex=\"1\" data-target=\"_blank\" class=\"linkarea clearfix accent7  background-transparent\">\n\t\t\t<div class=\"first\"><span class='icon shortcode theme ' style='font-size:62px !important;color:#e32e33;'>&#57493;<\/span><\/div>\n\t\t\t\t<div class=\"last\"><div class=\"push\" style='height:20px'><\/div>\n<h3 style=\"text-align: center;\">Proposta d&#8217;adjudicaci\u00f3 de subvenci\u00f3 clubs esportius de Calvi\u00e0 2020<\/h3>\n<p style=\"text-align: center;\">Llistat d&#8217;entitats admeses i quantitats econ\u00f2miques atorgades<\/p>\n<p style=\"text-align: center;\"><div class=\"push\" style='height:10px'><\/div><\/div>\n\t<\/div><\/div><\/div>\n<div class=\"row \"><div class=\"wpv-grid grid-1-2  first unextended\" style=\"padding-top:0px;padding-bottom:0px\" id=\"wpv-column-924c11dc6474003dc9eed17864cc4e41\" >\n<div  data-href=\"https:\/\/drive.google.com\/file\/d\/1_6DqxFe8sgJ0cnuzChJIcThmymIrCdph\/view\" tabindex=\"1\" data-target=\"_blank\" class=\"linkarea clearfix accent7  background-transparent\">\n\t\t\t<div class=\"first\"><span class='icon shortcode theme ' style='font-size:62px !important;color:#e32e33;'>&#57452;<\/span><\/div>\n\t\t\t\t<div class=\"last\"><div class=\"push\" style='height:20px'><\/div>\n<h3 style=\"text-align: center;\">Requeriment d&#8217;esmena de defici\u00e8ncies subvencions a fam\u00edlies<\/h3>\n<p style=\"text-align: center;\">Requeriment d\u2019esmena de defici\u00e8ncies de les sol\u00b7licituds presentades en la convocat\u00f2ria de subvencions destinades a fam\u00edlies consistent en un ajut econ\u00f2mic de les despeses derivades de la inscripci\u00f3 dels nins i nines a activitats esportives i de temps lleure d\u2019estiu en l\u2019any 2020 en l\u2019illa de Mallorca (Consell de Mallorca)<\/p>\n<p style=\"text-align: center;\"><div class=\"push\" style='height:10px'><\/div><\/div>\n\t<\/div><\/div>\n<div class=\"wpv-grid grid-1-2  unextended\" style=\"padding-top:0px;padding-bottom:0px\" id=\"wpv-column-1623b6642857efb7c41141cf1ca0a25d\" >\n<div  data-href=\"https:\/\/drive.google.com\/file\/d\/1AD-r3GUPux3kSzgCJMwLK-Wdu9P3m_V0\/view\" tabindex=\"1\" data-target=\"_blank\" class=\"linkarea clearfix accent7  background-transparent\">\n\t\t\t<div class=\"first\"><span class='icon shortcode theme ' style='font-size:62px !important;color:#e32e33;'>&#57557;<\/span><\/div>\n\t\t\t\t<div class=\"last\"><div class=\"push\" style='height:20px'><\/div>\n<h3 style=\"text-align: center;\">Altes i renovacions d&#8217;abonaments 2020<\/h3>\n<p style=\"text-align: center;\">Informaci\u00f3 de l&#8217;operatiu per dur a terme les altes i renovacions d&#8217;abonaments.<\/p>\n<p style=\"text-align: center;\"><div class=\"push\" style='height:10px'><\/div><\/div>\n\t<\/div><\/div><\/div>\n<div class=\"row \"><div class=\"wpv-grid grid-1-2  first unextended\" style=\"padding-top:0px;padding-bottom:0px\" id=\"wpv-column-c36322e85bcc7a6f9d15faf9498a642c\" >\n<div  data-href=\"https:\/\/drive.google.com\/file\/d\/1QVazenUiKkwzANSx9w8paZL_6mG6wVE0\/view\" tabindex=\"1\" data-target=\"_blank\" class=\"linkarea clearfix accent7  background-transparent\">\n\t\t\t<div class=\"first\"><span class='icon shortcode theme ' style='font-size:62px !important;color:#e32e33;'>&#57474;<\/span><\/div>\n\t\t\t\t<div class=\"last\"><div class=\"push\" style='height:20px'><\/div>\n<h3 style=\"text-align: center;\">Programa d\u2019instal\u00b7lacions esportives 2020 (catal\u00e0)<\/h3>\n<p style=\"text-align: center;\">Informaci\u00f3 d&#8217;instal\u00b7lacions, activitats, clubs i esdeveniments esportius a Calvi\u00e0 de 2020<\/p>\n<p style=\"text-align: center;\"><div class=\"push\" style='height:10px'><\/div><\/div>\n\t<\/div><\/div>\n<div class=\"wpv-grid grid-1-2  unextended\" style=\"padding-top:0px;padding-bottom:0px\" id=\"wpv-column-53df4988d5d82c01551be2b5ad8b4629\" >\n<div  data-href=\"https:\/\/drive.google.com\/file\/d\/1doAIG3Tz7LnWi59mHx6kHFFd2bWc5gol\/view\" tabindex=\"1\" data-target=\"_blank\" class=\"linkarea clearfix accent7  background-transparent\">\n\t\t\t<div class=\"first\"><span class='icon shortcode theme ' style='font-size:62px !important;color:#e32e33;'>&#57500;<\/span><\/div>\n\t\t\t\t<div class=\"last\"><div class=\"push\" style='height:20px'><\/div>\n<h3 style=\"text-align: center;\"><strong>Llistat definitiu subvenci\u00f3 esportistes individuals 2019\u00a0<\/strong><\/h3>\n<p style=\"text-align: center;\">Convocat\u00f2ria de subvenci\u00f3 esportistes individuals de Calvi\u00e0 corresponent a 2019<\/p>\n<p style=\"text-align: center;\"><div class=\"push\" style='height:10px'><\/div><\/div>\n\t<\/div><\/div><\/div>\n<div class=\"row \"><div class=\"wpv-grid grid-1-2  first unextended\" style=\"padding-top:0px;padding-bottom:0px\" id=\"wpv-column-5f744c626d2c6049e8acef4cd5630fc7\" >\n<div  data-href=\"https:\/\/drive.google.com\/file\/d\/1RTdqKwlKIvIK88fUm83bR4ppkqNG2TM-\/view?usp=sharing\" tabindex=\"1\" data-target=\"_blank\" class=\"linkarea clearfix accent7  background-transparent\">\n\t\t\t<div class=\"first\"><span class='icon shortcode  ' style='font-size:62px !important;color:#e32e33;'>&#57431;<\/span><\/div>\n\t\t\t\t<div class=\"last\"><div class=\"push\" style='height:20px'><\/div>\n<h3 style=\"text-align: center;\">Autoritzaci\u00f3 sala fitness menors<\/h3>\n<p style=\"text-align: center;\">Autorizaci\u00f3 obligat\u00f2ria per tal que menors entre 14 i 17 anys puguin accedir als gimnasos de Calvi\u00e0<\/p>\n<p style=\"text-align: center;\"><div class=\"push\" style='height:10px'><\/div><\/div>\n\t<\/div><\/div>\n<div class=\"wpv-grid grid-1-2  unextended\" style=\"padding-top:0px;padding-bottom:0px\" id=\"wpv-column-177b5b21d40739f155a61b212712c6d6\" >\n<div  data-href=\"https:\/\/drive.google.com\/file\/d\/0B6vIei_ryIwmQVFXd3BGRHNWS28\/view\" tabindex=\"1\" data-target=\"_blank\" class=\"linkarea clearfix accent7  background-transparent\">\n\t\t\t<div class=\"first\"><span class='icon shortcode  ' style='font-size:62px !important;color:#e32e33;'>&#57431;<\/span><\/div>\n\t\t\t\t<div class=\"last\"><div class=\"push\" style='height:20px'><\/div>\n<h3 style=\"text-align: center;\">Autorizaci\u00f3 d&#8217;\u00fas del roc\u00f2drom menors<\/h3>\n<p style=\"text-align: center;\">Autorizaci\u00f3 obligat\u00f2ria per tal que menors entre 14 i 17 anys puguin accedir al roc\u00f2drom de Calvi\u00e0<\/p>\n<p style=\"text-align: center;\"><div class=\"push\" style='height:10px'><\/div><\/div>\n\t<\/div><\/div><\/div>\n<div class=\"row \"><div class=\"wpv-grid grid-1-2  first unextended\" style=\"padding-top:0px;padding-bottom:0px\" id=\"wpv-column-4e165f66005676e3b27be646b24f5b84\" >\n<div  data-href=\"https:\/\/drive.google.com\/file\/d\/1w-XSJt4gQbQXz5VvH0khOZk7OmVYzz_S\/view\" tabindex=\"1\" data-target=\"_blank\" class=\"linkarea clearfix accent7  background-transparent\">\n\t\t\t<div class=\"first\"><span class='icon shortcode  ' style='font-size:62px !important;color:#e32e33;'>&#57530;<\/span><\/div>\n\t\t\t\t<div class=\"last\"><div class=\"push\" style='height:20px'><\/div>\n<h3 style=\"text-align: center;\">Esdeveniments esportius de recorregut a Calvi\u00e0 en 2020<\/h3>\n<p style=\"text-align: center;\">L\u2019Ajuntament de Calvi\u00e0 com a membre de la Comissi\u00f3 de Cooperaci\u00f3 en mat\u00e8ria d\u2019activitats no permanents menors&#8230;<\/p>\n<p style=\"text-align: center;\"><div class=\"push\" style='height:10px'><\/div><\/div>\n\t<\/div><\/div>\n<div class=\"wpv-grid grid-1-2  unextended\" style=\"padding-top:0px;padding-bottom:0px\" id=\"wpv-column-7d9885be417fd7e8f56a9806867ca5e3\" >\n<div  data-href=\"https:\/\/drive.google.com\/file\/d\/0B6vIei_ryIwmTjVMYldCNjZNLWM\/view\" tabindex=\"1\" data-target=\"_blank\" class=\"linkarea clearfix accent7  background-transparent\">\n\t\t\t<div class=\"first\"><span class='icon shortcode  ' style='font-size:62px !important;color:#e32e33;'>&#57710;<\/span><\/div>\n\t\t\t\t<div class=\"last\"><div class=\"push\" style='height:20px'><\/div>\n<h3 style=\"text-align: center;\">Normativa d&#8217;\u00fas d&#8217;instal\u00b7lacions esportives Calvi\u00e0 (NUIDECA de 2013)<\/h3>\n<p style=\"text-align: center;\">Normes d&#8217;\u00fas GENERALS de les instal\u00b7lacions esportives municipals<\/p>\n<p style=\"text-align: center;\"><div class=\"push\" style='height:10px'><\/div><\/div>\n\t<\/div><\/div><\/div><\/div><div class=\"pane\" id=\"tab-1-7-2019\"><div class=\"row \"><div class=\"wpv-grid grid-1-2  first unextended\" style=\"padding-top:0px;padding-bottom:0px\" id=\"wpv-column-2e255971fa30786e99c2097ae37de9af\" >\n<div  data-href=\"https:\/\/drive.google.com\/file\/d\/1doAIG3Tz7LnWi59mHx6kHFFd2bWc5gol\/view\" tabindex=\"1\" data-target=\"_blank\" class=\"linkarea clearfix accent7  background-transparent\">\n\t\t\t<div class=\"first\"><span class='icon shortcode theme ' style='font-size:62px !important;color:#e32e33;'>&#57500;<\/span><\/div>\n\t\t\t\t<div class=\"last\"><div class=\"push\" style='height:20px'><\/div>\n<h3 style=\"text-align: center;\"><strong>Llistat definitiu de subvenci\u00f3 a esportistes individuals any 2019\u00a0<\/strong><\/h3>\n<p style=\"text-align: center;\">Llistat definitiu de subvenci\u00f3 a esportistes individuals 2019<\/p>\n<p style=\"text-align: center;\"><div class=\"push\" style='height:10px'><\/div><\/div>\n\t<\/div><\/div>\n<div class=\"wpv-grid grid-1-2  unextended\" style=\"padding-top:0px;padding-bottom:0px\" id=\"wpv-column-6cbf237fcf5f486235b9f55e1fa6f0c3\" >\n<div  data-href=\"https:\/\/drive.google.com\/file\/d\/1tQp_zytuEIgMJXDUOjTZW2BoyBE6iMlZ\/view\" tabindex=\"1\" data-target=\"_blank\" class=\"linkarea clearfix accent7  background-transparent\">\n\t\t\t<div class=\"first\"><span class='icon shortcode theme ' style='font-size:62px !important;color:#e32e33;'>&#57452;<\/span><\/div>\n\t\t\t\t<div class=\"last\"><div class=\"push\" style='height:20px'><\/div>\n<h3 style=\"text-align: center;\">Bases i fitxa de la convocat\u00f2ria de subvenci\u00f3 a esportistes individuals de Calvi\u00e0 2019<\/h3>\n<p style=\"text-align: center;\">Bases que regulen la convocat\u00f2ria i document\u00a0de subvenci\u00f3 a esportistes individuals de Calvi\u00e0 2019<\/p>\n<p style=\"text-align: center;\"><div class=\"push\" style='height:10px'><\/div><\/div>\n\t<\/div><\/div><\/div>\n<div class=\"row \"><div class=\"wpv-grid grid-1-2  first unextended\" style=\"padding-top:0px;padding-bottom:0px\" id=\"wpv-column-a7db5b1a32a893892b01cac6e1f49843\" >\n<div  data-href=\"https:\/\/drive.google.com\/file\/d\/19vjF8ys-qGvwMs1aWmzvJibx6ItYt_c4\/view\" tabindex=\"1\" data-target=\"_blank\" class=\"linkarea clearfix accent7  background-transparent\">\n\t\t\t<div class=\"first\"><span class='icon shortcode theme ' style='font-size:62px !important;color:#e32e33;'>&#57500;<\/span><\/div>\n\t\t\t\t<div class=\"last\"><div class=\"push\" style='height:20px'><\/div>\n<h3 style=\"text-align: center;\">Llistat provisional de la convocat\u00f2ria de subvencions per a esportistes individuals 2019<\/h3>\n<p style=\"text-align: center;\">Llistat provisional de la convocat\u00f2ria de subvencions per a esportistes individuals 2019<\/p>\n<p style=\"text-align: center;\"><div class=\"push\" style='height:10px'><\/div><\/div>\n\t<\/div><\/div>\n<div class=\"wpv-grid grid-1-2  unextended\" style=\"padding-top:0px;padding-bottom:0px\" id=\"wpv-column-6ce425bebd717f701fbba5490bc0f8f4\" >\n<div  data-href=\"https:\/\/drive.google.com\/file\/d\/1qiVsrsgfrRiSHKvNOPaLNA5vo47onCA9\/view\" tabindex=\"1\" data-target=\"_blank\" class=\"linkarea clearfix accent7  background-transparent\">\n\t\t\t<div class=\"first\"><span class='icon shortcode  ' style='font-size:62px !important;color:#e32e33;'>&#57530;<\/span><\/div>\n\t\t\t\t<div class=\"last\"><div class=\"push\" style='height:20px'><\/div>\n<h3 style=\"text-align: center;\">Horaris d&#8217;instal\u00b7lacions esportives de Calvi\u00e0 en dies festius de Nadal 19-20<\/h3>\n<p style=\"text-align: center;\">Horaris durant els dies festius<\/p>\n<p style=\"text-align: center;\"><div class=\"push\" style='height:10px'><\/div><\/div>\n\t<\/div><\/div><\/div>\n<div class=\"row \"><div class=\"wpv-grid grid-1-2  first unextended\" style=\"padding-top:0px;padding-bottom:0px\" id=\"wpv-column-eddd40477b1b5d2306d3964ecc4ac585\" >\n<div  data-href=\"https:\/\/drive.google.com\/file\/d\/1LFeLOKKh2Jy1Aw83n6eSqAAfZ0UvCmnx\/view\" tabindex=\"1\" data-target=\"_blank\" class=\"linkarea clearfix accent7  background-transparent\">\n\t\t\t<div class=\"first\"><span class='icon shortcode theme ' style='font-size:62px !important;color:#e32e33;'>&#57474;<\/span><\/div>\n\t\t\t\t<div class=\"last\"><div class=\"push\" style='height:20px'><\/div>\n<h3 style=\"text-align: center;\">Programa d&#8217;instal\u00b7lacions esportives 2019<\/h3>\n<p style=\"text-align: center;\">Instal\u00b7lacions esportives, abonaments, preus i activitats<\/p>\n<p style=\"text-align: center;\"><div class=\"push\" style='height:10px'><\/div><\/div>\n\t<\/div><\/div><\/div><\/div><\/div><style>#tabs-1.vertical,#tabs-1.vertical:before{background:#fff;}#tabs-1.vertical .ui-tabs-nav:before{background:#e8e8e8;}#tabs-1.vertical .pane:before{background:#e8e8e8;}#tabs-1 .ui-tabs-nav,#tabs-1 .ui-tabs-nav li{background:#e8e8e8;}#tabs-1 .ui-tabs-nav li,#tabs-1 .ui-tabs-nav li a,#tabs-1 .ui-tabs-nav li a .icon{color:#262529;}#tabs-1 .ui-tabs-nav .ui-state-active,#tabs-1 .ui-tabs-nav .ui-state-selected,#tabs-1 .ui-tabs-nav .ui-state-hover{background:#fff;}#tabs-1 .ui-tabs-nav .ui-state-active,#tabs-1 .ui-tabs-nav .ui-state-active a,#tabs-1 .ui-tabs-nav .ui-state-active a .icon,#tabs-1 .ui-tabs-nav .ui-state-selected,#tabs-1 .ui-tabs-nav .ui-state-selected a,#tabs-1 .ui-tabs-nav .ui-state-selected a .icon,#tabs-1 .ui-tabs-nav .ui-state-hover,#tabs-1 .ui-tabs-nav .ui-state-hover a,#tabs-1 .ui-tabs-nav .ui-state-hover a .icon{color:#808080;}#tabs-1 .ui-tabs-nav .inactive-block-title h1,#tabs-1 .ui-tabs-nav .inactive-block-title h2,#tabs-1 .ui-tabs-nav .inactive-block-title h3,#tabs-1 .ui-tabs-nav .inactive-block-title h4,#tabs-1 .ui-tabs-nav .inactive-block-title h5,#tabs-1 .ui-tabs-nav .inactive-block-title h6{color:#262529;}<\/style><\/div><\/div>\n","protected":false},"excerpt":{"rendered":"","protected":false},"author":75162113,"featured_media":13263,"parent":0,"menu_order":0,"comment_status":"closed","ping_status":"closed","template":"","meta":{"_coblocks_attr":"","_coblocks_dimensions":"","_coblocks_responsive_height":"","_coblocks_accordion_ie_support":"","_wpcom_ai_launchpad_about_page":false,"_wpcom_ai_launchpad_gallery_page":false,"_wpcom_ai_launchpad_contact_page":false,"_wpcom_ai_launchpad_events_page":false,"_wpcom_ai_launchpad_video_page":false,"_wpcom_ai_launchpad_portfolio_piece":false,"footnotes":""},"class_list":["post-13448","page","type-page","status-publish","has-post-thumbnail","hentry"],"yoast_head":"<!-- This site is optimized with the Yoast SEO plugin v28.4 - https:\/\/yoast.com\/product\/yoast-seo-wordpress\/ -->\n<title>Documents - Calvi\u00e0 esports<\/title>\n<meta name=\"robots\" content=\"index, follow, max-snippet:-1, max-image-preview:large, max-video-preview:-1\" \/>\n<link rel=\"canonical\" href=\"https:\/\/calviadeportes.com\/ca\/documents\/\" \/>\n<meta property=\"og:locale\" content=\"ca_ES\" \/>\n<meta property=\"og:type\" content=\"article\" \/>\n<meta property=\"og:title\" content=\"Documents - Calvi\u00e0 esports\" \/>\n<meta property=\"og:url\" content=\"https:\/\/calviadeportes.com\/ca\/documents\/\" \/>\n<meta property=\"og:site_name\" content=\"Calvi\u00e0 esports\" \/>\n<meta property=\"article:modified_time\" content=\"2026-06-09T08:42:41+00:00\" \/>\n<meta property=\"og:image\" content=\"https:\/\/calviadeportes.com\/wp-content\/uploads\/2021\/01\/Calvia-deportes-img-destacada.png\" \/>\n\t<meta property=\"og:image:width\" content=\"772\" \/>\n\t<meta property=\"og:image:height\" content=\"784\" \/>\n\t<meta property=\"og:image:type\" content=\"image\/png\" \/>\n<meta name=\"twitter:card\" content=\"summary_large_image\" \/>\n<meta name=\"twitter:label1\" content=\"Temps estimat de lectura\" \/>\n\t<meta name=\"twitter:data1\" content=\"11 minuts\" \/>\n<script type=\"application\/ld+json\" class=\"yoast-schema-graph\">{\"@context\":\"https:\\\/\\\/schema.org\",\"@graph\":[{\"@type\":\"WebPage\",\"@id\":\"https:\\\/\\\/calviadeportes.com\\\/ca\\\/documents\\\/\",\"url\":\"https:\\\/\\\/calviadeportes.com\\\/ca\\\/documents\\\/\",\"name\":\"Documents - Calvi\u00e0 esports\",\"isPartOf\":{\"@id\":\"https:\\\/\\\/calviadeportes.com\\\/ca\\\/#website\"},\"primaryImageOfPage\":{\"@id\":\"https:\\\/\\\/calviadeportes.com\\\/ca\\\/documents\\\/#primaryimage\"},\"image\":{\"@id\":\"https:\\\/\\\/calviadeportes.com\\\/ca\\\/documents\\\/#primaryimage\"},\"thumbnailUrl\":\"https:\\\/\\\/i0.wp.com\\\/calviadeportes.com\\\/wp-content\\\/uploads\\\/2021\\\/01\\\/Calvia-deportes-img-destacada.png?fit=772%2C784&ssl=1\",\"datePublished\":\"2021-01-19T12:50:52+00:00\",\"dateModified\":\"2026-06-09T08:42:41+00:00\",\"breadcrumb\":{\"@id\":\"https:\\\/\\\/calviadeportes.com\\\/ca\\\/documents\\\/#breadcrumb\"},\"inLanguage\":\"ca\",\"potentialAction\":[{\"@type\":\"ReadAction\",\"target\":[\"https:\\\/\\\/calviadeportes.com\\\/ca\\\/documents\\\/\"]}]},{\"@type\":\"ImageObject\",\"inLanguage\":\"ca\",\"@id\":\"https:\\\/\\\/calviadeportes.com\\\/ca\\\/documents\\\/#primaryimage\",\"url\":\"https:\\\/\\\/i0.wp.com\\\/calviadeportes.com\\\/wp-content\\\/uploads\\\/2021\\\/01\\\/Calvia-deportes-img-destacada.png?fit=772%2C784&ssl=1\",\"contentUrl\":\"https:\\\/\\\/i0.wp.com\\\/calviadeportes.com\\\/wp-content\\\/uploads\\\/2021\\\/01\\\/Calvia-deportes-img-destacada.png?fit=772%2C784&ssl=1\",\"width\":772,\"height\":784,\"caption\":\"Cita previa instalaciones deportivas de Calvi\u00e0 - ICE\"},{\"@type\":\"BreadcrumbList\",\"@id\":\"https:\\\/\\\/calviadeportes.com\\\/ca\\\/documents\\\/#breadcrumb\",\"itemListElement\":[{\"@type\":\"ListItem\",\"position\":1,\"name\":\"Portada\",\"item\":\"https:\\\/\\\/calviadeportes.com\\\/ca\\\/\"},{\"@type\":\"ListItem\",\"position\":2,\"name\":\"Documents\"}]},{\"@type\":\"WebSite\",\"@id\":\"https:\\\/\\\/calviadeportes.com\\\/ca\\\/#website\",\"url\":\"https:\\\/\\\/calviadeportes.com\\\/ca\\\/\",\"name\":\"Calvi\u00e0 esports\",\"description\":\"ICE Calvi\u00e0 | Ayuntamiento de Calvi\u00e0\",\"potentialAction\":[{\"@type\":\"SearchAction\",\"target\":{\"@type\":\"EntryPoint\",\"urlTemplate\":\"https:\\\/\\\/calviadeportes.com\\\/ca\\\/?s={search_term_string}\"},\"query-input\":{\"@type\":\"PropertyValueSpecification\",\"valueRequired\":true,\"valueName\":\"search_term_string\"}}],\"inLanguage\":\"ca\"}]}<\/script>\n<!-- \/ Yoast SEO plugin. -->","yoast_head_json":{"title":"Documents - Calvi\u00e0 esports","robots":{"index":"index","follow":"follow","max-snippet":"max-snippet:-1","max-image-preview":"max-image-preview:large","max-video-preview":"max-video-preview:-1"},"canonical":"https:\/\/calviadeportes.com\/ca\/documents\/","og_locale":"ca_ES","og_type":"article","og_title":"Documents - Calvi\u00e0 esports","og_url":"https:\/\/calviadeportes.com\/ca\/documents\/","og_site_name":"Calvi\u00e0 esports","article_modified_time":"2026-06-09T08:42:41+00:00","og_image":[{"width":772,"height":784,"url":"https:\/\/calviadeportes.com\/wp-content\/uploads\/2021\/01\/Calvia-deportes-img-destacada.png","type":"image\/png"}],"twitter_card":"summary_large_image","twitter_misc":{"Temps estimat de lectura":"11 minuts"},"schema":{"@context":"https:\/\/schema.org","@graph":[{"@type":"WebPage","@id":"https:\/\/calviadeportes.com\/ca\/documents\/","url":"https:\/\/calviadeportes.com\/ca\/documents\/","name":"Documents - Calvi\u00e0 esports","isPartOf":{"@id":"https:\/\/calviadeportes.com\/ca\/#website"},"primaryImageOfPage":{"@id":"https:\/\/calviadeportes.com\/ca\/documents\/#primaryimage"},"image":{"@id":"https:\/\/calviadeportes.com\/ca\/documents\/#primaryimage"},"thumbnailUrl":"https:\/\/i0.wp.com\/calviadeportes.com\/wp-content\/uploads\/2021\/01\/Calvia-deportes-img-destacada.png?fit=772%2C784&ssl=1","datePublished":"2021-01-19T12:50:52+00:00","dateModified":"2026-06-09T08:42:41+00:00","breadcrumb":{"@id":"https:\/\/calviadeportes.com\/ca\/documents\/#breadcrumb"},"inLanguage":"ca","potentialAction":[{"@type":"ReadAction","target":["https:\/\/calviadeportes.com\/ca\/documents\/"]}]},{"@type":"ImageObject","inLanguage":"ca","@id":"https:\/\/calviadeportes.com\/ca\/documents\/#primaryimage","url":"https:\/\/i0.wp.com\/calviadeportes.com\/wp-content\/uploads\/2021\/01\/Calvia-deportes-img-destacada.png?fit=772%2C784&ssl=1","contentUrl":"https:\/\/i0.wp.com\/calviadeportes.com\/wp-content\/uploads\/2021\/01\/Calvia-deportes-img-destacada.png?fit=772%2C784&ssl=1","width":772,"height":784,"caption":"Cita previa instalaciones deportivas de Calvi\u00e0 - ICE"},{"@type":"BreadcrumbList","@id":"https:\/\/calviadeportes.com\/ca\/documents\/#breadcrumb","itemListElement":[{"@type":"ListItem","position":1,"name":"Portada","item":"https:\/\/calviadeportes.com\/ca\/"},{"@type":"ListItem","position":2,"name":"Documents"}]},{"@type":"WebSite","@id":"https:\/\/calviadeportes.com\/ca\/#website","url":"https:\/\/calviadeportes.com\/ca\/","name":"Calvi\u00e0 esports","description":"ICE Calvi\u00e0 | Ayuntamiento de Calvi\u00e0","potentialAction":[{"@type":"SearchAction","target":{"@type":"EntryPoint","urlTemplate":"https:\/\/calviadeportes.com\/ca\/?s={search_term_string}"},"query-input":{"@type":"PropertyValueSpecification","valueRequired":true,"valueName":"search_term_string"}}],"inLanguage":"ca"}]}},"jetpack_likes_enabled":false,"jetpack_sharing_enabled":false,"jetpack_shortlink":"https:\/\/wp.me\/PckSre-3uU","_links":{"self":[{"href":"https:\/\/calviadeportes.com\/ca\/wp-json\/wp\/v2\/pages\/13448","targetHints":{"allow":["GET"]}}],"collection":[{"href":"https:\/\/calviadeportes.com\/ca\/wp-json\/wp\/v2\/pages"}],"about":[{"href":"https:\/\/calviadeportes.com\/ca\/wp-json\/wp\/v2\/types\/page"}],"author":[{"embeddable":true,"href":"https:\/\/calviadeportes.com\/ca\/wp-json\/wp\/v2\/users\/75162113"}],"replies":[{"embeddable":true,"href":"https:\/\/calviadeportes.com\/ca\/wp-json\/wp\/v2\/comments?post=13448"}],"version-history":[{"count":98,"href":"https:\/\/calviadeportes.com\/ca\/wp-json\/wp\/v2\/pages\/13448\/revisions"}],"predecessor-version":[{"id":24490,"href":"https:\/\/calviadeportes.com\/ca\/wp-json\/wp\/v2\/pages\/13448\/revisions\/24490"}],"wp:featuredmedia":[{"embeddable":true,"href":"https:\/\/calviadeportes.com\/ca\/wp-json\/wp\/v2\/media\/13263"}],"wp:attachment":[{"href":"https:\/\/calviadeportes.com\/ca\/wp-json\/wp\/v2\/media?parent=13448"}],"curies":[{"name":"wp","href":"https:\/\/api.w.org\/{rel}","templated":true}]}}